{"id":9845,"date":"2020-08-03T13:18:58","date_gmt":"2020-08-03T13:18:58","guid":{"rendered":"https:\/\/rptechnik.neuim.net\/datenschutz\/"},"modified":"2024-12-04T09:52:55","modified_gmt":"2024-12-04T08:52:55","slug":"politique-de-confidentialite","status":"publish","type":"page","link":"https:\/\/www.rp-technik.com\/fr\/politique-de-confidentialite\/","title":{"rendered":"Politique de confidentialit\u00e9"},"content":{"rendered":"    <div data-aos=\"fade-up\" data-aos-duration=\"1000\"  class=\"ce ce-text\n                 \" id=\"\">\n        \n        <div class=\"container-fluid\">            \n                <div class=\"row\">\n                    <div class=\"ce-text__text col-12 col-md-12 col-xl-12 mx-auto text-left\">\n                        <h3>G\u00e9n\u00e9ralit\u00e9s<\/h3>\n<p>Par la pr\u00e9sente d\u00e9claration de protection des donn\u00e9es, nous vous informons sur les donn\u00e9es \u00e0 caract\u00e8re personnel que nous collectons et traitons, les raisons pour lesquelles nous en avons besoin et les droits que vous avez en ce qui concerne vos donn\u00e9es \u00e0 caract\u00e8re personnel.<\/p>\n<p>En cas de contradictions entre la pr\u00e9sente d\u00e9claration et d\u2019\u00e9ventuels autres contrats, les dispositions de la pr\u00e9sente d\u00e9claration pr\u00e9valent. Cette d\u00e9claration s\u2019applique \u00e9galement aux donn\u00e9es \u00e0 caract\u00e8re personnel collect\u00e9es et enregistr\u00e9es par Jansen par le pass\u00e9.<\/p>\n<p>En utilisant des produits et services de Jansen AG, vous consentez au traitement de vos donn\u00e9es \u00e0 caract\u00e8re personnel par Jansen AG dans le respect de la l\u00e9gislation suisse en vigueur en mati\u00e8re de protection des donn\u00e9es ainsi que des dispositions suivantes. Notre d\u00e9claration de protection des donn\u00e9es en ligne s\u2019applique \u00e0 nos services disponibles en ligne.<\/p>\n<p>&nbsp;<\/p>\n<h3>Traitement des donn\u00e9es pour la fourniture de prestations et l\u2019ex\u00e9cution du contrat<\/h3>\n<p>Jansen collecte, enregistre et traite les donn\u00e9es \u00e0 caract\u00e8re personnel de vos clients, fournisseurs et autres personnes de contact dans la mesure o\u00f9 cela est n\u00e9cessaire \u00e0 la gestion de la relation client, \u00e0 la fourniture de prestations, \u00e0 l\u2019ex\u00e9cution de commandes et de contrats, \u00e0 la facturation, \u00e0 la r\u00e9ponse aux questions et pr\u00e9occupations, \u00e0 l\u2019assistance technique ainsi qu\u2019\u00e0 l\u2019\u00e9valuation, \u00e0 l\u2019am\u00e9lioration et au d\u00e9veloppement de nouveaux produits, prestations et fonctions Jansen. Les donn\u00e9es personnelles sont toutes les donn\u00e9es et informations qui se rapportent \u00e0 une personne d\u00e9termin\u00e9e. Dans le cadre de votre utilisation de nos produits et services, Jansen collecte, enregistre et traite des donn\u00e9es. Ces donn\u00e9es d\u2019utilisation personnelles peuvent \u00eatre trait\u00e9es aux fins suivantes:<\/p>\n<ul>\n<li>Dans la mesure o\u00f9 cela est n\u00e9cessaire pour la s\u00e9curisation de notre infrastructure technique, la garantie de la qualit\u00e9 des prestations et le perfectionnement de prestations.<\/li>\n<li>Dans la mesure o\u00f9 cela est mentionn\u00e9 ci-apr\u00e8s dans la pr\u00e9sente d\u00e9claration ou si vous y avez consenti dans le cadre de l\u2019utilisation d\u2019un produit ou d\u2019un service.<\/li>\n<li>Garantir la cybers\u00e9curit\u00e9<\/li>\n<\/ul>\n<p>&nbsp;<\/p>\n<h3>Traitement des donn\u00e9es \u00e0 caract\u00e8re personnel \u00e0 des fins de marketing<\/h3>\n<p>Jansen peut collecter et traiter vos donn\u00e9es \u00e0 caract\u00e8re personnel \u00e0 des fins de marketing:<\/p>\n<p><strong>Traitement des donn\u00e9es \u00e0 des fins de marketing<\/strong><\/p>\n<p>Les donn\u00e9es \u00e0 caract\u00e8re personnel suivantes peuvent \u00eatre collect\u00e9es \u00e0 des fins de marketing, sachant qu\u2019il n\u2019est pas toujours possible de collecter effectivement toutes les cat\u00e9gories de donn\u00e9es:<\/p>\n<ul>\n<li>Donn\u00e9es d\u2019identification et de contact telles que le nom, le pr\u00e9nom, le sexe, l\u2019\u00e2ge, la date de naissance, la nationalit\u00e9, l\u2019adresse, le num\u00e9ro de t\u00e9l\u00e9phone, l\u2019adresse e-mail, le num\u00e9ro de client, la profession, etc.<\/li>\n<li>Donn\u00e9es relatives aux contrats et aux commandes telles que la date, le type, le contenu, le partenaire contractuel, la dur\u00e9e des contrats, etc.<\/li>\n<li>Donn\u00e9es relatives \u00e0 l\u2019activit\u00e9 du client telles que les produits et services que vous utilisez chez Jansen, les pr\u00e9f\u00e9rences clients, etc. &#8211; Donn\u00e9es en ligne telles que l\u2019heure de la consultation de notre site Internet, le nom de notre site Internet consult\u00e9, l\u2019adresse IP de votre terminal, les \u00e9valuations et commentaires fournis, etc.<\/li>\n<\/ul>\n<p><span style=\"text-decoration: underline;\">Constitution de segments de client\u00e8le:<\/span><\/p>\n<p>Afin de pouvoir vous soumettre une publicit\u00e9 sur mesure, Jansen cr\u00e9e des segments de client\u00e8le. \u00c0 cet effet, nous analysons les donn\u00e9es n\u00e9cessaires \u00e0 des fins publicitaires.<\/p>\n<p><strong>Transmission de donn\u00e9es aux soci\u00e9t\u00e9s Jansen<\/strong><\/p>\n<p>Par la pr\u00e9sente, vous acceptez que les soci\u00e9t\u00e9s li\u00e9es \u00e0 Jansen re\u00e7oivent des donn\u00e9es de Jansen \u00e0 des fins publicitaires et qu\u2019elles puissent \u00e9galement les utiliser \u00e0 des fins de marketing. Il s\u2019agit de:<\/p>\n<ul>\n<li>Jansen AG et ses bureaux de repr\u00e9sentation<\/li>\n<li>RP Technik GmbH Profilsysteme<\/li>\n<\/ul>\n<p><strong>Droit d\u2019opposition<\/strong><\/p>\n<p>Vous pouvez vous opposer au traitement de vos donn\u00e9es \u00e0 des fins publicitaires et \u00e0 la r\u00e9ception d\u2019informations non pertinentes pour l\u2019entreprise. En cas d\u2019opposition, aucune autre donn\u00e9e \u00e0 caract\u00e8re personnel ne sera trait\u00e9e et les donn\u00e9es seront imm\u00e9diatement effac\u00e9es du syst\u00e8me, dans la mesure o\u00f9 cela est l\u00e9galement admissible et techniquement possible.<\/p>\n<p>L\u2019opposition ne peut pas se r\u00e9f\u00e9rer \u00e0 l\u2019affichage g\u00e9n\u00e9ral de publicit\u00e9s de Jansen.<\/p>\n<p>&nbsp;<\/p>\n<h3>Obtention et transmission d\u2019informations \u00e0 partir d\u2019analyses de donn\u00e9es<\/h3>\n<p>Jansen utilise des analyses de donn\u00e9es pour collecter des informations analytiques et statistiques. La collecte est effectu\u00e9e sous forme anonymis\u00e9e. Toute autre utilisation des donn\u00e9es n\u2019aura lieu que dans la mesure o\u00f9 la loi l\u2019exige, au moyen d\u2019un autre consentement.<\/p>\n<p>&nbsp;<\/p>\n<h3>Transmission de donn\u00e9es<\/h3>\n<p>Jansen ne transmet aucune donn\u00e9e \u00e0 des tiers, \u00e0 l\u2019exception des clauses suivantes:<\/p>\n<ul>\n<li>Les demandes des autorit\u00e9s recevront une r\u00e9ponse conform\u00e9ment \u00e0 la l\u00e9gislation en vigueur, pour autant qu\u2019elles en soient l\u00e9gitim\u00e9es et qu\u2019elles pr\u00e9sentent les dispositions correspondantes.<\/li>\n<li>Si Jansen met \u00e0 votre disposition des prestations ou des biens conjointement avec des tiers, Jansen peut divulguer \u00e0 ces tiers les donn\u00e9es qui sont n\u00e9cessaires \u00e0 la fourniture de la prestation ou du bien.<\/li>\n<\/ul>\n<p>&nbsp;<\/p>\n<h3>Traitement des donn\u00e9es \u00e0 l\u2019\u00e9tranger par des tiers mandat\u00e9s<\/h3>\n<p>Dans le cadre de ses activit\u00e9s, Jansen est tributaire des prestations et produits de tiers \u00e0 l\u2019\u00e9tranger. Ces tiers peuvent, si cela est n\u00e9cessaire \u00e0 leur activit\u00e9, acc\u00e9der depuis l\u2019\u00e9tranger aux donn\u00e9es personnelles enregistr\u00e9es par Jansen et les traiter.<\/p>\n<p>Les donn\u00e9es enregistr\u00e9es par Jansen peuvent \u00eatre enregistr\u00e9es sur des serveurs situ\u00e9s \u00e0 l\u2019\u00e9tranger dans le cadre d\u2019une relation contractuelle avec des tiers. Ces tiers peuvent traiter ces donn\u00e9es, dans la mesure o\u00f9 la relation le permet.<\/p>\n<p>&nbsp;<\/p>\n<h3>Vos droits concernant vos donn\u00e9es \u00e0 caract\u00e8re personnel<\/h3>\n<p>Vous avez le droit d\u2019obtenir des informations sur vos donn\u00e9es \u00e0 caract\u00e8re personnel enregistr\u00e9es chez nous. Vous avez \u00e9galement le droit de faire corriger, bloquer ou, en dehors de la conservation des donn\u00e9es prescrite par la loi, supprimer vos donn\u00e9es \u00e0 caract\u00e8re personnel. Pour ce faire, veuillez nous faire parvenir un courrier \u00e0 l\u2019adresse indiqu\u00e9e ci-dessous en joignant une copie de votre carte d\u2019identit\u00e9 ou de votre passeport ainsi que le mot-cl\u00e9 \u00abProtection des donn\u00e9es\u00bb.<\/p>\n<p>Pour qu\u2019un blocage de donn\u00e9es puisse \u00eatre pris en compte, ces donn\u00e9es doivent \u00eatre conserv\u00e9es dans un fichier de blocage \u00e0 des fins de contr\u00f4le. Vous pouvez \u00e9galement exiger la suppression des donn\u00e9es, pour autant qu\u2019il n\u2019y ait pas d\u2019obligation d\u2019archivage.<\/p>\n<p>Vous pouvez modifier ou r\u00e9voquer votre consentement \u00e0 la d\u00e9claration de protection des donn\u00e9es en nous adressant un message \u00e9crit correspondant avec effet pour l\u2019avenir.<\/p>\n<p>&nbsp;<\/p>\n<h3>Vous pouvez joindre Jansen AG aux coordonn\u00e9es suivantes:<\/h3>\n<p>Jansen AG<br \/>\nIndustriestrasse 34<br \/>\n9463 Oberriet<br \/>\nSuisse<br \/>\n<a href=\"tel: +41 71 763 91 11\">T\u00e9l.: +41 71 763 91 11<\/a><br \/>\n<a href=\"https:\/\/www.jansen.com\">www.jansen.com<\/a><\/p>\n<p>&nbsp;<\/p>\n<h3>Application, dur\u00e9e et modification<\/h3>\n<p>Conform\u00e9ment au paragraphe 1 G\u00e9n\u00e9ralit\u00e9s, la pr\u00e9sente d\u00e9claration fait partie int\u00e9grante du contrat et s\u2019applique tant que vous entretenez une relation contractuelle avec Jansen. Cette d\u00e9claration de protection des donn\u00e9es ne peut pas \u00eatre r\u00e9sili\u00e9e individuellement.<\/p>\n<p>Nous nous r\u00e9servons le droit de modifier ou de compl\u00e9ter cette d\u00e9claration de protection des donn\u00e9es afin qu\u2019elle soit toujours conforme aux exigences l\u00e9gales en vigueur ou pour y int\u00e9grer des modifications de nos prestations, par exemple lors du lancement de nouveaux produits ou services. S&rsquo;il existe des diff\u00e9rences entre la version allemande et la pr\u00e9sente version de la politique g\u00e9n\u00e9rale de protection des donn\u00e9es, la version allemande pr\u00e9vaut.<\/p>\n<p>S&rsquo;il existe des diff\u00e9rences entre la version allemande et la pr\u00e9sente version de la politique g\u00e9n\u00e9rale de protection des donn\u00e9es, la version allemande pr\u00e9vaut.<\/p>\n<p>&nbsp;<\/p>\n<h3>Formulaire de contact<\/h3>\n<p>Une fois le formulaire de contact envoy\u00e9, les donn\u00e9es \u00e0 caract\u00e8re personnel que vous avez saisies sont trait\u00e9es par le responsable au regard de la protection des donn\u00e9es aux fins de traitement de votre demande et sur la base du consentement que vous avez donn\u00e9 du fait de l\u2019envoi du formulaire.<\/p>\n<p>Il n\u2019existe aucune obligation l\u00e9gale ni contractuelle imposant la mise \u00e0 disposition de donn\u00e9es \u00e0 caract\u00e8re personnel. Si vous ne les mettez pas \u00e0 disposition, cela implique simplement que vous ne pourrez pas transmettre votre requ\u00eate et que nous ne pourrons pas la traiter.<\/p>\n<p>Vous avez le droit de r\u00e9voquer \u00e0 tout moment votre consentement sous forme \u00e9crite, ceci n\u2019enlevant rien au caract\u00e8re licite du traitement ayant eu lieu sur la base de votre consentement jusqu\u2019\u00e0 la r\u00e9vocation.<\/p>\n<p>Jusqu\u2019\u00e0 r\u00e9vocation, un traitement ult\u00e9rieur des donn\u00e9es peut avoir lieu sur la m\u00eame base l\u00e9gale d\u00e8s lors qu\u2019il est compatible avec la finalit\u00e9 initiale du traitement et qu\u2019il est r\u00e9alis\u00e9 \u00e0 des fins de marketing direct sous une forme non assujettie \u00e0 consentement, tel que l\u2019envoi de publicit\u00e9 \u00e0 l\u2019adresse postale. Dans un tel cas, les donn\u00e9es sont transmises au prestataire d\u2019envoi.<\/p>\n<p>Vous avez le droit de vous opposer \u00e0 tout moment sous forme \u00e9crite \u00e0 l\u2019utilisation de vos donn\u00e9es \u00e0 caract\u00e8re personnel \u00e0 des fins de prospection. En cas d\u2019opposition, vos donn\u00e9es \u00e0 caract\u00e8re personnel ne seront plus utilis\u00e9es \u00e0 des fins de prospection.<\/p>\n<p>&nbsp;<\/p>\n<h3>Cookies<\/h3>\n<p>Ce site Web utilise des cookies.<\/p>\n<p>Les cookies rendent la navigation sur les sites Web plus conviviale et plus efficace pour les utilisateurs. Un cookie est un petit fichier texte qui sert \u00e0 sauvegarder des informations. Lors d\u2019une visite d\u2019un site Web, le site peut placer un cookie sur l\u2019ordinateur du visiteur. Lorsque le visiteur revient plus tard sur ce m\u00eame site Web, le site peut collecter les donn\u00e9es du cookie pr\u00e9alablement enregistr\u00e9 et ainsi d\u00e9terminer p. ex. si le visiteur est d\u00e9j\u00e0 venu sur le site et quels domaines du site Web l\u2019ont particuli\u00e8rement int\u00e9ress\u00e9.<\/p>\n<p>Pour plus d\u2019informations sur les cookies, veuillez consulter\u00a0<a href=\"https:\/\/web.archive.org\/web\/20191010033453\/http:\/\/de.wikipedia.org\/wiki\/HTTP-Cookie\" target=\"_self\">WIKIPEDIA<\/a>.<\/p>\n<h4>Modification des param\u00e8tres pour les cookies<\/h4>\n<p>L\u2019utilisateur peut d\u00e9terminer dans les param\u00e8tres de son navigateur Web la fa\u00e7on dont celui-ci traite les cookies, lesquels il autorise ou refuse. L\u2019endroit o\u00f9 se trouvent ces param\u00e8tres d\u00e9pend du navigateur Web utilis\u00e9. Pour obtenir des informations d\u00e9taill\u00e9es \u00e0 ce sujet, consultez la fonction d\u2019aide du navigateur Web concern\u00e9.<\/p>\n<p>Lorsque l\u2019utilisation des cookies est restreinte, il est possible que certaines fonctionnalit\u00e9s de ce site Web ne puissent pas \u00eatre pleinement exploit\u00e9es.<\/p>\n<h4>Les cookies sur notre site Web<\/h4>\n<p>Notre site Web traite les cookies suivants\u00a0:<\/p>\n<p>[borlabs-cookie type=\u00a0\u00bbbtn-cookie-preference\u00a0\u00bb title=\u00a0\u00bbParam\u00e8tres de confidentialit\u00e9\u00a0\u00bb\/]<\/p>\n<p>&nbsp;<\/p>\n<h3>Fichier journal du serveur<\/h3>\n<p>En vue de surveiller la fonctionnalit\u00e9 technique et d\u2019am\u00e9liorer la s\u00e9curit\u00e9 de fonctionnement du serveur Web sur la base l\u00e9gale de l\u2019int\u00e9r\u00eat l\u00e9gitime pr\u00e9pond\u00e9rant du responsable (mesures de s\u00e9curit\u00e9 techniques), ce site Web traite dans le fichier journal d\u2019un serveur les donn\u00e9es \u00e0 caract\u00e8re personnel suivantes\u00a0:<\/p>\n<ul>\n<li>contenu consult\u00e9<\/li>\n<li>heure de la requ\u00eate du serveur<\/li>\n<li>type de navigateur \/ version du navigateur<\/li>\n<li>syst\u00e8me d\u2019exploitation utilis\u00e9<\/li>\n<li>URL du r\u00e9f\u00e9rant<\/li>\n<li>Adresse IP<\/li>\n<\/ul>\n<p>Ces donn\u00e9es sont stock\u00e9es \u00e0 titre temporaire seulement pour une dur\u00e9e de 24\u00a0heures max. Les adresses IP sont ensuite anonymis\u00e9es.<\/p>\n<p>&nbsp;<\/p>\n<h3>Google Analytics<\/h3>\n<p>Ce site Web utilise Google Analytics, un service d&rsquo;analyse de sites Web propos\u00e9 par Google Inc, 1600 Amphitheatre Parkway Mountain View, CA 94043, \u00c9tats-Unis (\u00ab\u00a0Google\u00a0\u00bb) et fond\u00e9 sur la base l\u00e9gale de l\u2019int\u00e9r\u00eat l\u00e9gitime pr\u00e9pond\u00e9rant<\/p>\n<p>(analyse de l\u2019utilisation du site Web). Nous avons \u00e0 cet effet souscrit un contrat avec Google portant sur le traitement de donn\u00e9es. \u00c0 la consultation de notre site Web, un logiciel \u00e9tablit une connexion avec les serveurs de Google et transmet les donn\u00e9es en partie \u00e0 des serveurs de Google aux \u00c9tats-Unis. Google Analytics utilise \u00e9galement des cookies pour enregistrer des informations sur les utilisateurs du site Web et pour analyser l\u2019utilisation du site Web par les utilisateurs.<\/p>\n<p>Ce site Web utilise la fonction d\u2019\u00ab\u00a0anonymisation de l\u2019IP\u00a0\u00bb de Google. Celle-ci tronque pr\u00e9alablement votre adresse IP, et la rend donc anonyme au sein des \u00c9tats membres de l&rsquo;Union europ\u00e9enne ou dans d&rsquo;autres \u00c9tats signataires de l&rsquo;accord sur l&rsquo;Espace \u00e9conomique europ\u00e9en. Ce n&rsquo;est que dans des cas exceptionnels que l&rsquo;adresse IP compl\u00e8te est transmise \u00e0 un serveur Google aux \u00c9tats-Unis o\u00f9 elle sera raccourcie.<\/p>\n<p>Selon les propres informations de Google, Google utilisera les informations ainsi collect\u00e9es pour analyser votre utilisation du site Web, pour compiler des rapports concernant les activit\u00e9s du site et pour fournir d\u2019autres prestations li\u00e9es \u00e0 l\u2019utilisation du site et d\u2019Internet.<\/p>\n<p>Google est \u00e9galement susceptible de transmettre ces informations \u00e0 des tiers dans les limites des prescriptions l\u00e9gales et dans la mesure o\u00f9 ces tiers traitent ces informations pour le compte de Google.<\/p>\n<p>Vous trouverez des informations d\u00e9taill\u00e9es sur la fa\u00e7on de traiter les donn\u00e9es des utilisateurs par Google Analytics dans les r\u00e8gles de confidentialit\u00e9 de Google \u00a0\u00a0<a href=\"https:\/\/web.archive.org\/web\/20191010033453\/https:\/\/www.google.com\/intl\/de\/policies\/privacy\/\" target=\"_self\">Google<\/a>\u00a0ou sur\u00a0<a href=\"https:\/\/web.archive.org\/web\/20191010033453\/https:\/\/www.rp-technik.com\/fr\/%20\/support.google.com\/analytics\/answer\/6004245?hl=de\" target=\"_self\">Google Analytics<\/a>.<\/p>\n<h4>D\u00e9sactivation de Google Analytics<\/h4>\n<p>Vous pouvez emp\u00eacher la saisie g\u00e9n\u00e9rale de vos donn\u00e9es utilisateur\u00a0<b>sur notre site Web<\/b>\u00a0en d\u00e9sactivant les param\u00e8tres de suivi dans votre navigateur Web. Notre site Web tient alors compte du signal \u00ab\u00a0pas de suivi\u00a0\u00bb que votre navigateur Web envoie \u00e0 tous les sites Web.<\/p>\n<p>Vous pouvez emp\u00eacher d&rsquo;une fa\u00e7on g\u00e9n\u00e9rale la saisie de vos donn\u00e9es utilisateur par Google Analytics\u00a0<b>sur tous les sites Web<\/b> en t\u00e9l\u00e9chargeant et installant le module compl\u00e9mentaire de navigateur accessible sur le lien suivant :\u00a0 <a href=\"https:\/\/tools.google.com\/dlpage\/gaoptout?hl=de\" target=\"_self\">https:\/\/tools.google.com\/dlpage\/gaoptout?hl=de<\/a><\/p>\n<p>Vous pouvez emp\u00eacher la saisie de vos donn\u00e9es utilisateur par Google Analytics\u00a0<b>uniquement sur ce site Web<\/b>\u00a0en cliquant sur le lien suivant. La m\u00e9moire locale de votre navigateur sera alors param\u00e9tr\u00e9e de sorte d&#8217;emp\u00eacher la saisie des donn\u00e9es lors de vos futures visites sur ce site Web\u00a0:<\/p>\n<p>[borlabs-cookie type=\u00a0\u00bbbtn-cookie-preference\u00a0\u00bb title=\u00a0\u00bbParam\u00e8tres de confidentialit\u00e9\u00a0\u00bb\/]<\/p>\n<p>&nbsp;<\/p>\n<h3>Tag LinkedIn Insight<\/h3>\n<p>Le LinkedIn Insight Tag place un cookie dans votre navigateur. LinkedIn collecte ainsi, entre autres, les donn\u00e9es suivantes :<\/p>\n<ul>\n<li>URL<\/li>\n<li>URL de r\u00e9f\u00e9rence<\/li>\n<li>Propri\u00e9t\u00e9s de l&rsquo;appareil<\/li>\n<li>propri\u00e9t\u00e9s du navigateur et<\/li>\n<li>Adresse IP<\/li>\n<\/ul>\n<p>LinkedIn rend vos donn\u00e9es anonymes dans un d\u00e9lai de 7 jours. LinkedIn supprime vos donn\u00e9es dans un d\u00e9lai de 90 jours. Les exploitants de sites comme RP Technik GmbH qui utilisent le LinkedIn Insight Tag ne re\u00e7oivent pas de donn\u00e9es personnelles. Seuls des rapports r\u00e9sum\u00e9s sur la d\u00e9mographie et la performance des annonces sont disponibles.<\/p>\n<p>Vous pouvez \u00e0 tout moment retirer votre consentement \u00e0 l&rsquo;utilisation de LinkedIn Insights Tag :<\/p>\n<p>[borlabs-cookie type=\u00a0\u00bbbtn-cookie-preference\u00a0\u00bb title=\u00a0\u00bbParam\u00e8tres de confidentialit\u00e9\u00a0\u00bb\/]<\/p>\n                    <\/div>\n                <\/div>\n                    <\/div>    <\/div>\n\n\n    \n","protected":false},"excerpt":{"rendered":"<p>Verantwortlich f\u00fcr die Verarbeitung Ihrer personenbezogenen Daten auf unserer Website ist die RP Technik GmbH Profilsysteme, Edisonstra\u00dfe 4, 59199 B\u00f6nen. <\/p>\n","protected":false},"author":10,"featured_media":0,"parent":0,"menu_order":0,"comment_status":"closed","ping_status":"closed","template":"","meta":{"_acf_changed":false,"inline_featured_image":false,"footnotes":""},"class_list":["post-9845","page","type-page","status-publish","hentry"],"acf":[],"yoast_head":"<!-- This site is optimized with the Yoast SEO plugin v26.8 - https:\/\/yoast.com\/product\/yoast-seo-wordpress\/ -->\n<title>Politique de confidentialit\u00e9 - RP Technik GmbH Profilsysteme<\/title>\n<meta name=\"description\" content=\"Notre d\u00e9l\u00e9gu\u00e9 \u00e0 la protection des donn\u00e9es est Markus Kepp, RP Technik GmbH Profilsysteme | Edisonstra\u00dfe 4, D-59199 B\u00f6nen, Allemagne.\" \/>\n<link rel=\"canonical\" href=\"https:\/\/www.rp-technik.com\/fr\/politique-de-confidentialite\/\" \/>\n<meta property=\"og:locale\" content=\"fr_FR\" \/>\n<meta property=\"og:type\" content=\"article\" \/>\n<meta property=\"og:title\" content=\"Datenschutz - RP Technik GmbH Profilsysteme\" \/>\n<meta property=\"og:description\" content=\"Verantwortlich f\u00fcr die Verarbeitung Ihrer personenbezogenen Daten auf unserer Website ist die RP Technik GmbH Profilsysteme, Edisonstra\u00dfe 4, 59199 B\u00f6nen.\" \/>\n<meta property=\"og:url\" content=\"https:\/\/www.rp-technik.com\/fr\/politique-de-confidentialite\/\" \/>\n<meta property=\"og:site_name\" content=\"RP Technik\" \/>\n<meta property=\"article:modified_time\" content=\"2024-12-04T08:52:55+00:00\" \/>\n<meta property=\"og:image\" content=\"https:\/\/www.rp-technik.com\/wp-content\/uploads\/2020\/10\/Startseite-RP-Technik.png\" \/>\n\t<meta property=\"og:image:width\" content=\"1695\" \/>\n\t<meta property=\"og:image:height\" content=\"807\" \/>\n\t<meta property=\"og:image:type\" content=\"image\/png\" \/>\n<meta name=\"twitter:card\" content=\"summary_large_image\" \/>\n<meta name=\"twitter:title\" content=\"Datenschutz - RP Technik GmbH Profilsysteme\" \/>\n<meta name=\"twitter:description\" content=\"Verantwortlich f\u00fcr die Verarbeitung Ihrer personenbezogenen Daten auf unserer Website ist die RP Technik GmbH Profilsysteme, Edisonstra\u00dfe 4, 59199 B\u00f6nen.\" \/>\n<script type=\"application\/ld+json\" class=\"yoast-schema-graph\">{\"@context\":\"https:\/\/schema.org\",\"@graph\":[{\"@type\":\"WebPage\",\"@id\":\"https:\/\/www.rp-technik.com\/fr\/politique-de-confidentialite\/\",\"url\":\"https:\/\/www.rp-technik.com\/fr\/politique-de-confidentialite\/\",\"name\":\"Politique de confidentialit\u00e9 - RP Technik GmbH Profilsysteme\",\"isPartOf\":{\"@id\":\"\/#website\"},\"datePublished\":\"2020-08-03T13:18:58+00:00\",\"dateModified\":\"2024-12-04T08:52:55+00:00\",\"description\":\"Notre d\u00e9l\u00e9gu\u00e9 \u00e0 la protection des donn\u00e9es est Markus Kepp, RP Technik GmbH Profilsysteme | Edisonstra\u00dfe 4, D-59199 B\u00f6nen, Allemagne.\",\"inLanguage\":\"fr-FR\",\"potentialAction\":[{\"@type\":\"ReadAction\",\"target\":[\"https:\/\/www.rp-technik.com\/fr\/politique-de-confidentialite\/\"]}]},{\"@type\":\"WebSite\",\"@id\":\"\/#website\",\"url\":\"\/\",\"name\":\"RP Technik\",\"description\":\"Hersteller von Stahlsystemen f\u00fcr Fenster, T\u00fcren und Fassaden, Profilsysteme, Stahl-Glas-Elemente, Brandschutzt\u00fcren aus Stahl\",\"potentialAction\":[{\"@type\":\"SearchAction\",\"target\":{\"@type\":\"EntryPoint\",\"urlTemplate\":\"\/?s={search_term_string}\"},\"query-input\":{\"@type\":\"PropertyValueSpecification\",\"valueRequired\":true,\"valueName\":\"search_term_string\"}}],\"inLanguage\":\"fr-FR\"}]}<\/script>\n<!-- \/ Yoast SEO plugin. -->","yoast_head_json":{"title":"Politique de confidentialit\u00e9 - RP Technik GmbH Profilsysteme","description":"Notre d\u00e9l\u00e9gu\u00e9 \u00e0 la protection des donn\u00e9es est Markus Kepp, RP Technik GmbH Profilsysteme | Edisonstra\u00dfe 4, D-59199 B\u00f6nen, Allemagne.","canonical":"https:\/\/www.rp-technik.com\/fr\/politique-de-confidentialite\/","og_locale":"fr_FR","og_type":"article","og_title":"Datenschutz - RP Technik GmbH Profilsysteme","og_description":"Verantwortlich f\u00fcr die Verarbeitung Ihrer personenbezogenen Daten auf unserer Website ist die RP Technik GmbH Profilsysteme, Edisonstra\u00dfe 4, 59199 B\u00f6nen.","og_url":"https:\/\/www.rp-technik.com\/fr\/politique-de-confidentialite\/","og_site_name":"RP Technik","article_modified_time":"2024-12-04T08:52:55+00:00","og_image":[{"width":1695,"height":807,"url":"https:\/\/www.rp-technik.com\/wp-content\/uploads\/2020\/10\/Startseite-RP-Technik.png","type":"image\/png"}],"twitter_card":"summary_large_image","twitter_title":"Datenschutz - RP Technik GmbH Profilsysteme","twitter_description":"Verantwortlich f\u00fcr die Verarbeitung Ihrer personenbezogenen Daten auf unserer Website ist die RP Technik GmbH Profilsysteme, Edisonstra\u00dfe 4, 59199 B\u00f6nen.","schema":{"@context":"https:\/\/schema.org","@graph":[{"@type":"WebPage","@id":"https:\/\/www.rp-technik.com\/fr\/politique-de-confidentialite\/","url":"https:\/\/www.rp-technik.com\/fr\/politique-de-confidentialite\/","name":"Politique de confidentialit\u00e9 - RP Technik GmbH Profilsysteme","isPartOf":{"@id":"\/#website"},"datePublished":"2020-08-03T13:18:58+00:00","dateModified":"2024-12-04T08:52:55+00:00","description":"Notre d\u00e9l\u00e9gu\u00e9 \u00e0 la protection des donn\u00e9es est Markus Kepp, RP Technik GmbH Profilsysteme | Edisonstra\u00dfe 4, D-59199 B\u00f6nen, Allemagne.","inLanguage":"fr-FR","potentialAction":[{"@type":"ReadAction","target":["https:\/\/www.rp-technik.com\/fr\/politique-de-confidentialite\/"]}]},{"@type":"WebSite","@id":"\/#website","url":"\/","name":"RP Technik","description":"Hersteller von Stahlsystemen f\u00fcr Fenster, T\u00fcren und Fassaden, Profilsysteme, Stahl-Glas-Elemente, Brandschutzt\u00fcren aus Stahl","potentialAction":[{"@type":"SearchAction","target":{"@type":"EntryPoint","urlTemplate":"\/?s={search_term_string}"},"query-input":{"@type":"PropertyValueSpecification","valueRequired":true,"valueName":"search_term_string"}}],"inLanguage":"fr-FR"}]}},"_links":{"self":[{"href":"https:\/\/www.rp-technik.com\/fr\/wp-json\/wp\/v2\/pages\/9845","targetHints":{"allow":["GET"]}}],"collection":[{"href":"https:\/\/www.rp-technik.com\/fr\/wp-json\/wp\/v2\/pages"}],"about":[{"href":"https:\/\/www.rp-technik.com\/fr\/wp-json\/wp\/v2\/types\/page"}],"author":[{"embeddable":true,"href":"https:\/\/www.rp-technik.com\/fr\/wp-json\/wp\/v2\/users\/10"}],"replies":[{"embeddable":true,"href":"https:\/\/www.rp-technik.com\/fr\/wp-json\/wp\/v2\/comments?post=9845"}],"version-history":[{"count":12,"href":"https:\/\/www.rp-technik.com\/fr\/wp-json\/wp\/v2\/pages\/9845\/revisions"}],"predecessor-version":[{"id":24095,"href":"https:\/\/www.rp-technik.com\/fr\/wp-json\/wp\/v2\/pages\/9845\/revisions\/24095"}],"wp:attachment":[{"href":"https:\/\/www.rp-technik.com\/fr\/wp-json\/wp\/v2\/media?parent=9845"}],"curies":[{"name":"wp","href":"https:\/\/api.w.org\/{rel}","templated":true}]}}