{"id":9860,"date":"2020-08-03T13:12:36","date_gmt":"2020-08-03T12:12:36","guid":{"rendered":"https:\/\/rptechnik.neuim.net\/stahl-rohrrahmentueren\/"},"modified":"2023-01-18T10:41:15","modified_gmt":"2023-01-18T09:41:15","slug":"portes","status":"publish","type":"page","link":"https:\/\/www.rp-technik.com\/fr\/portes\/","title":{"rendered":"Portes"},"content":{"rendered":"<div class=\"ce ce-productfinder\" id=\"\">\n    <div class=\"container-fluid\">\n                <div class=\"row\">\n            <div class=\"col-12 col-sm-4\">\n                <div class=\"ce-productfinder__filter\" data-container=\"ce-productfinder__wrapper\" data-type=\"product\">\n                    <form class=\"ce-productfinder__filter__form \">\n                        <div id=\"accordion\" class=\"ce-productfinder__filter__accordion ce-productfinder__filter__accordion--top\">\n                            <div class=\"card\">\n                                <div class=\"card-header\" id=\"headingOne\">\n                                    <div class=\"ce-productfinder__filter__header ce-productfinder__filter__header--top d-sm-none\" data-toggle=\"collapse\" data-target=\"#collapseOne\" aria-expanded=\"false\" aria-controls=\"collapseOne\">\n                                        <h6 class=\"mb-0 mr-auto\">Filtre<\/h6>\n                                        <div class=\"ce-productfinder__filter__header__reset js-productfilter-reset\">R\u00e9initialiser<\/div>\n                                    <\/div>\n                                <\/div>\n                                <div id=\"collapseOne\" class=\"collapse\" aria-labelledby=\"headingOne\" data-parent=\"#accordion\">\n                                    <div class=\"card-body\">\n                                        <div id=\"subaccordion\">\n                                                                                        <div class=\"card\">\n                                                <div class=\"card-header\" id=\"subheadingOne\">\n                                                    <div class=\"ce-productfinder__filter__header js-header d-flex justify-content-between collapsed\" data-toggle=\"collapse\" data-target=\"#subcollapseOne\" aria-expanded=\"false\" aria-controls=\"subcollapseOne\">\n                                                        <h6 class=\"mb-0 mr-auto\">Applications<\/h6>\n                                                        <div class=\"ce-productfinder__filter__header__counter d-flex d-sm-none align-items-center anwendungen\">0<\/div>\n                                                    <\/div>\n                                                <\/div>\n                                                <div id=\"subcollapseOne\" class=\"collapse\" aria-labelledby=\"subheadingOne\" data-parent=\"#subaccordion\">\n                                                    <div class=\"card-body\">\n                                                        <div class=\"form-group\">\n                                                                                                                                <div class=\"form-check form-check--checkbox  f\">\n                                                                        <input class=\"form-check-input \" type=\"checkbox\"  value=\"283\" id=\"anwendungen_283\" name=\"anwendungen[]\" data-parsley-required-message=\"Veuillez s\u00e9lectionner une option\" data-parsley-errors-container=\"#form-error__anwendungen\" >\n                                                                        <label class=\"form-check-label\" for=\"anwendungen_283\">\n                                                                            Jardin d&#039;hiver                                                                        <\/label>\n                                                                    <\/div>\n                                                                                                                                                                                                <div class=\"form-check form-check--checkbox  f\">\n                                                                        <input class=\"form-check-input \" type=\"checkbox\"  value=\"185\" id=\"anwendungen_185\" name=\"anwendungen[]\" data-parsley-required-message=\"Veuillez s\u00e9lectionner une option\" data-parsley-errors-container=\"#form-error__anwendungen\" disabled>\n                                                                        <label class=\"form-check-label\" for=\"anwendungen_185\">\n                                                                            Fa\u00e7ades rapport\u00e9es tout verre                                                                        <\/label>\n                                                                    <\/div>\n                                                                                                                                                                                                <div class=\"form-check form-check--checkbox  f\">\n                                                                        <input class=\"form-check-input \" type=\"checkbox\"  value=\"188\" id=\"anwendungen_188\" name=\"anwendungen[]\" data-parsley-required-message=\"Veuillez s\u00e9lectionner une option\" data-parsley-errors-container=\"#form-error__anwendungen\" >\n                                                                        <label class=\"form-check-label\" for=\"anwendungen_188\">\n                                                                            Fa\u00e7ades rapport\u00e9es \u00e0 montants et traverses                                                                        <\/label>\n                                                                    <\/div>\n                                                                                                                                                                                                <div class=\"form-check form-check--checkbox  f\">\n                                                                        <input class=\"form-check-input \" type=\"checkbox\"  value=\"187\" id=\"anwendungen_187\" name=\"anwendungen[]\" data-parsley-required-message=\"Veuillez s\u00e9lectionner une option\" data-parsley-errors-container=\"#form-error__anwendungen\" >\n                                                                        <label class=\"form-check-label\" for=\"anwendungen_187\">\n                                                                            Verri\u00e8res de toit                                                                        <\/label>\n                                                                    <\/div>\n                                                                                                                                                                                                <div class=\"form-check form-check--checkbox  f\">\n                                                                        <input class=\"form-check-input \" type=\"checkbox\"  value=\"186\" id=\"anwendungen_186\" name=\"anwendungen[]\" data-parsley-required-message=\"Veuillez s\u00e9lectionner une option\" data-parsley-errors-container=\"#form-error__anwendungen\" >\n                                                                        <label class=\"form-check-label\" for=\"anwendungen_186\">\n                                                                            Fen\u00eatres                                                                        <\/label>\n                                                                    <\/div>\n                                                                                                                                                                                                <div class=\"form-check form-check--checkbox  f\">\n                                                                        <input class=\"form-check-input \" type=\"checkbox\"  value=\"191\" id=\"anwendungen_191\" name=\"anwendungen[]\" data-parsley-required-message=\"Veuillez s\u00e9lectionner une option\" data-parsley-errors-container=\"#form-error__anwendungen\" >\n                                                                        <label class=\"form-check-label\" for=\"anwendungen_191\">\n                                                                            Portes                                                                        <\/label>\n                                                                    <\/div>\n                                                                                                                                                                                                <div class=\"form-check form-check--checkbox  f\">\n                                                                        <input class=\"form-check-input \" type=\"checkbox\"  value=\"190\" id=\"anwendungen_190\" name=\"anwendungen[]\" data-parsley-required-message=\"Veuillez s\u00e9lectionner une option\" data-parsley-errors-container=\"#form-error__anwendungen\" >\n                                                                        <label class=\"form-check-label\" for=\"anwendungen_190\">\n                                                                            Cloisons                                                                        <\/label>\n                                                                    <\/div>\n                                                                                                                                                                                                <div class=\"form-check form-check--checkbox  f\">\n                                                                        <input class=\"form-check-input \" type=\"checkbox\"  value=\"189\" id=\"anwendungen_189\" name=\"anwendungen[]\" data-parsley-required-message=\"Veuillez s\u00e9lectionner une option\" data-parsley-errors-container=\"#form-error__anwendungen\" disabled>\n                                                                        <label class=\"form-check-label\" for=\"anwendungen_189\">\n                                                                            \u00c9l\u00e9ments coulissants                                                                        <\/label>\n                                                                    <\/div>\n                                                                                                                                                                                                <div class=\"form-check form-check--checkbox  f\">\n                                                                        <input class=\"form-check-input \" type=\"checkbox\"  value=\"282\" id=\"anwendungen_282\" name=\"anwendungen[]\" data-parsley-required-message=\"Veuillez s\u00e9lectionner une option\" data-parsley-errors-container=\"#form-error__anwendungen\" >\n                                                                        <label class=\"form-check-label\" for=\"anwendungen_282\">\n                                                                            Bow-Windows                                                                        <\/label>\n                                                                    <\/div>\n                                                                                                                                                                                        <div id=\"form-error__anwendungen\"><\/div>\n                                                        <\/div>\n                                                    <\/div>\n                                                <\/div>\n                                            <\/div>\n                                                                                                                                    <div class=\"card\">\n                                                <div class=\"card-header\" id=\"subheadingTwo\">\n                                                    <div class=\"ce-productfinder__filter__header js-header d-flex justify-content-between\" data-toggle=\"collapse\" data-target=\"#subcollapseTwo\" aria-expanded=\"false\" aria-controls=\"subcollapseTwo\">\n                                                        <h6 class=\"mb-0 mr-auto\">Propri\u00e9t\u00e9s<\/h6>\n                                                        <div class=\"ce-productfinder__filter__header__counter d-flex d-sm-none align-items-center eigenschaften\">0<\/div>\n                                                    <\/div>\n                                                <\/div>\n                                                <div id=\"subcollapseTwo\" class=\"collapse\" aria-labelledby=\"subheadingTwo\" data-parent=\"#subaccordion\">\n                                                    <div class=\"card-body\">\n                                                        <div class=\"form-group\">\n                                                                                                                            <div class=\"form-check form-check--checkbox  \">\n                                                                    <input class=\"form-check-input \" type=\"checkbox\"  value=\"203\" id=\"eigenschaften_203\" name=\"eigenschaften[]\" data-parsley-required-message=\"Veuillez s\u00e9lectionner une option\" data-parsley-errors-container=\"#form-error__eigenschaften\" >\n                                                                    <label class=\"form-check-label\" for=\"eigenschaften_203\">\n                                                                        Barri\u00e8res de s\u00e9curit\u00e9                                                                    <\/label>\n                                                                <\/div>\n                                                                                                                                                                                            <div class=\"form-check form-check--checkbox  \">\n                                                                    <input class=\"form-check-input \" type=\"checkbox\"  value=\"204\" id=\"eigenschaften_204\" name=\"eigenschaften[]\" data-parsley-required-message=\"Veuillez s\u00e9lectionner une option\" data-parsley-errors-container=\"#form-error__eigenschaften\" >\n                                                                    <label class=\"form-check-label\" for=\"eigenschaften_204\">\n                                                                        Protection coupe-feu                                                                    <\/label>\n                                                                <\/div>\n                                                                                                                                                                                            <div class=\"form-check form-check--checkbox  \">\n                                                                    <input class=\"form-check-input \" type=\"checkbox\"  value=\"205\" id=\"eigenschaften_205\" name=\"eigenschaften[]\" data-parsley-required-message=\"Veuillez s\u00e9lectionner une option\" data-parsley-errors-container=\"#form-error__eigenschaften\" >\n                                                                    <label class=\"form-check-label\" for=\"eigenschaften_205\">\n                                                                        Protection pare-balles                                                                    <\/label>\n                                                                <\/div>\n                                                                                                                                                                                            <div class=\"form-check form-check--checkbox  \">\n                                                                    <input class=\"form-check-input \" type=\"checkbox\"  value=\"206\" id=\"eigenschaften_206\" name=\"eigenschaften[]\" data-parsley-required-message=\"Veuillez s\u00e9lectionner une option\" data-parsley-errors-container=\"#form-error__eigenschaften\" >\n                                                                    <label class=\"form-check-label\" for=\"eigenschaften_206\">\n                                                                        Protection anti-effraction                                                                    <\/label>\n                                                                <\/div>\n                                                                                                                                                                                            <div class=\"form-check form-check--checkbox  \">\n                                                                    <input class=\"form-check-input \" type=\"checkbox\"  value=\"207\" id=\"eigenschaften_207\" name=\"eigenschaften[]\" data-parsley-required-message=\"Veuillez s\u00e9lectionner une option\" data-parsley-errors-container=\"#form-error__eigenschaften\" >\n                                                                    <label class=\"form-check-label\" for=\"eigenschaften_207\">\n                                                                        Protection anti-pincement                                                                    <\/label>\n                                                                <\/div>\n                                                                                                                                                                                            <div class=\"form-check form-check--checkbox  \">\n                                                                    <input class=\"form-check-input \" type=\"checkbox\"  value=\"208\" id=\"eigenschaften_208\" name=\"eigenschaften[]\" data-parsley-required-message=\"Veuillez s\u00e9lectionner une option\" data-parsley-errors-container=\"#form-error__eigenschaften\" >\n                                                                    <label class=\"form-check-label\" for=\"eigenschaften_208\">\n                                                                        Protection pare-fum\u00e9e                                                                    <\/label>\n                                                                <\/div>\n                                                                                                                                                                                            <div class=\"form-check form-check--checkbox  \">\n                                                                    <input class=\"form-check-input \" type=\"checkbox\"  value=\"209\" id=\"eigenschaften_209\" name=\"eigenschaften[]\" data-parsley-required-message=\"Veuillez s\u00e9lectionner une option\" data-parsley-errors-container=\"#form-error__eigenschaften\" >\n                                                                    <label class=\"form-check-label\" for=\"eigenschaften_209\">\n                                                                        Protection phonique                                                                    <\/label>\n                                                                <\/div>\n                                                                                                                                                                                            <div class=\"form-check form-check--checkbox  \">\n                                                                    <input class=\"form-check-input \" type=\"checkbox\"  value=\"210\" id=\"eigenschaften_210\" name=\"eigenschaften[]\" data-parsley-required-message=\"Veuillez s\u00e9lectionner une option\" data-parsley-errors-container=\"#form-error__eigenschaften\" >\n                                                                    <label class=\"form-check-label\" for=\"eigenschaften_210\">\n                                                                        Isolation thermique                                                                    <\/label>\n                                                                <\/div>\n                                                                                                                                                                                        <div id=\"form-error__eigenschaften\"><\/div>\n                                                        <\/div>\n                                                    <\/div>\n                                                <\/div>\n                                            <\/div>\n                                                                                                                                        <div class=\"card\">\n                                                    <div class=\"card-header\" id=\"subheadingThree\">\n                                                        <div class=\"ce-productfinder__filter__header js-header d-flex justify-content-between\" data-toggle=\"collapse\" data-target=\"#subcollapseThree\" aria-expanded=\"false\" aria-controls=\"subcollapseThree\">\n                                                            <h6 class=\"mb-0 mr-auto\">Syst\u00e8mes acier<\/h6>\n                                                            <div class=\"ce-productfinder__filter__header__counter d-flex d-sm-none align-items-center stahlsysteme\">0<\/div>\n                                                        <\/div>\n                                                    <\/div>\n                                                    <div id=\"subcollapseThree\" class=\"collapse\" aria-labelledby=\"subheadingThree\" data-parent=\"#subaccordion\">\n                                                        <div class=\"card-body\">\n                                                            <div class=\"form-group\">\n                                                                                                                                            <div class=\"form-check form-check--checkbox  \">\n                                                                                <input class=\"form-check-input \" type=\"checkbox\"   value=\"192\" id=\"stahlsysteme_192\" name=\"stahlsysteme[]\" data-parsley-required-message=\"Veuillez s\u00e9lectionner une option\" data-parsley-errors-container=\"#form-error__stahlsysteme\" >\n                                                                                <label class=\"form-check-label\" for=\"stahlsysteme_192\">\n                                                                                    rp fineline                                                                                <\/label>\n                                                                            <\/div>\n                                                                                                                                                                                                                        <div class=\"form-check form-check--checkbox  \">\n                                                                                <input class=\"form-check-input \" type=\"checkbox\"   value=\"193\" id=\"stahlsysteme_193\" name=\"stahlsysteme[]\" data-parsley-required-message=\"Veuillez s\u00e9lectionner une option\" data-parsley-errors-container=\"#form-error__stahlsysteme\" >\n                                                                                <label class=\"form-check-label\" for=\"stahlsysteme_193\">\n                                                                                    rp tec                                                                                <\/label>\n                                                                            <\/div>\n                                                                                                                                                                                                                        <div class=\"form-check form-check--checkbox  \">\n                                                                                <input class=\"form-check-input \" type=\"checkbox\"   value=\"194\" id=\"stahlsysteme_194\" name=\"stahlsysteme[]\" data-parsley-required-message=\"Veuillez s\u00e9lectionner une option\" data-parsley-errors-container=\"#form-error__stahlsysteme\" >\n                                                                                <label class=\"form-check-label\" for=\"stahlsysteme_194\">\n                                                                                    rp hermetic                                                                                <\/label>\n                                                                            <\/div>\n                                                                                                                                                                                                            <div id=\"form-error__stahlsysteme\"><\/div>\n                                                            <\/div>\n                                                        <\/div>\n                                                    <\/div>\n                                                <\/div>\n                                                                                    <\/div>\n                                    <\/div>\n                                <\/div>\n                            <\/div>\n                        <\/div>\n                        <div data-scroll-anchor=\"#products\" class=\"ce-productfinder__filter__submit js-productfilter-submit d-flex d-sm-none align-items-center justify-content-center\">\n                            <span class=\"ce-productfinder__filter__submit__counter products\">8<\/span>R\u00e9sultats                        <\/div>\n                    <\/form>\n                <\/div>\n            <\/div>\n            <div class=\"col-12 col-sm-8\">\n                <div class=\"ce-productfinder__container\" id=\"products\">\n                    <div class=\"container-fluid\">\n                        <div class=\"ce-productfinder__wrapper\">\n                            \n<div class=\"ce-productfinder__item row  filter-283 filter-191 filter-210 filter-192\" data-aos=\"fade\" data-aos-duration=\"1000\">\n    <div class=\"col-12\">\n        <h6 class=\"ce-productfinder__item__headline\">\n            <strong>rp fineline 70D<\/strong>\n        <\/h6>\n    <\/div>\n    <div class=\"col-12 col-lg-6 col-xl-4\">\n        <a href=\"https:\/\/www.rp-technik.com\/fr\/produit\/portes\/rp-fineline-70d\/\">\n            <figure class=\"\">\n                <picture>\n                    <source media=\"(min-width: 1200px)\" srcset=\"https:\/\/www.rp-technik.com\/wp-content\/uploads\/2020\/07\/rp-fineline-70d-stahl-tuer-3d-01-scaled-270x270.jpg\">\n                    <source media=\"(min-width: 992px)\" srcset=\"https:\/\/www.rp-technik.com\/wp-content\/uploads\/2020\/07\/rp-fineline-70d-stahl-tuer-3d-01-scaled-226x226.jpg\">\n                    <source media=\"(min-width: 768px)\" srcset=\"https:\/\/www.rp-technik.com\/wp-content\/uploads\/2020\/07\/rp-fineline-70d-stahl-tuer-3d-01-scaled-285x285.jpg\">\n                    <source media=\"(min-width: 576px)\" srcset=\"https:\/\/www.rp-technik.com\/wp-content\/uploads\/2020\/07\/rp-fineline-70d-stahl-tuer-3d-01-scaled-470x470.jpg\">\n                    <source media=\"(min-width: 320px)\" srcset=\"https:\/\/www.rp-technik.com\/wp-content\/uploads\/2020\/07\/rp-fineline-70d-stahl-tuer-3d-01-scaled-555x555.jpg\">\n                    <source srcset=\"https:\/\/www.rp-technik.com\/wp-content\/uploads\/2020\/07\/rp-fineline-70d-stahl-tuer-3d-01-scaled-300x300.jpg\">\n                    <img decoding=\"async\" src=\"https:\/\/www.rp-technik.com\/wp-content\/uploads\/2020\/07\/rp-fineline-70d-stahl-tuer-3d-01-scaled-555x555.jpg\" alt=\"rp fineline 70D \u2013 syst\u00e8me de profil\u00e9s design thermo-isol\u00e9 pour portes acier avec des faces vues extr\u00eamement fines\" title=\"Rp Fineline 70d Stahl Tuer 3d 01\" class=\"ce-productfinder__item__image img-fluid w-100\">\n                <\/picture>\n            <\/figure>\n        <\/a>\n    <\/div>\n    <div class=\"col-12 col-lg-6 col-xl-8\">\n        <div class=\"ce-productfinder__item__table\">\n            <div class=\"container-fluid\">\n                                    <div class=\"row\">\n                        <div class=\"col-12\">\n                            <h4 class=\"ce-productfinder__item__subline u-normal u-color-black\">\n                                <strong>Syst\u00e8me de portes acier extr\u00eamement \u00e9troit (isol\u00e9 thermiquement)<\/strong>\n                            <\/h4>\n                        <\/div>\n                    <\/div>\n                \n                                        <div class=\"row\">\n                            <div class=\"col-12 col-md-6\">R\u00e9sistance \u00e0 la charge au vent<\/div>\n                            <div class=\"col-12 col-md-6\">\u2264C3 \/ B3<\/div>\n                        <\/div>\n                                                <div class=\"row\">\n                            <div class=\"col-12 col-md-6\">Perm\u00e9abilit\u00e9 \u00e0 l&rsquo;air<\/div>\n                            <div class=\"col-12 col-md-6\">\u22643<\/div>\n                        <\/div>\n                                                <div class=\"row\">\n                            <div class=\"col-12 col-md-6\">\u00c9tanch\u00e9it\u00e9<\/div>\n                            <div class=\"col-12 col-md-6\">\u22644A<\/div>\n                        <\/div>\n                                                <div class=\"row\">\n                            <div class=\"col-12 col-md-6\">Isolation thermique<\/div>\n                            <div class=\"col-12 col-md-6\">Uf\u2265 1.7 W\/m\u00b2K<\/div>\n                        <\/div>\n                                    <\/div>\n        <\/div>\n    <\/div>\n    <div class=\"col-12 text-right\">\n        <a href=\"https:\/\/www.rp-technik.com\/fr\/produit\/portes\/rp-fineline-70d\/\" class=\"ce-productfinder__item__link\">Plus<\/a>\n    <\/div>\n    <div class=\"col-12 d-flex flex-wrap justify-content-between w-100\">\n                    <div class=\"ce-productfinder__item__info\">\n                <div class=\"ce-productfinder__item__info__container d-flex align-items-center justify-content-center\">\n                    3 variantes de design pour l\u2019int\u00e9gration du coffre de serrure                <\/div>\n            <\/div>\n                        <div class=\"ce-productfinder__item__info\">\n            <div class=\"ce-productfinder__item__info__container d-flex align-items-center justify-content-center\">\n                5 designs de parcloses            <\/div>\n        <\/div>\n            <\/div>\n<\/div>\n<div class=\"ce-productfinder__item row  filter-191 filter-210 filter-206 filter-207 filter-205 filter-209 filter-194\" data-aos=\"fade\" data-aos-duration=\"1000\">\n    <div class=\"col-12\">\n        <h6 class=\"ce-productfinder__item__headline\">\n            <strong>rp hermetic 70D<\/strong>\n        <\/h6>\n    <\/div>\n    <div class=\"col-12 col-lg-6 col-xl-4\">\n        <a href=\"https:\/\/www.rp-technik.com\/fr\/produit\/portes\/rp-hermetic-70d\/\">\n            <figure class=\"\">\n                <picture>\n                    <source media=\"(min-width: 1200px)\" srcset=\"https:\/\/www.rp-technik.com\/wp-content\/uploads\/2020\/07\/rp-hermetic-70d-stahl-tuer-3d-01-scaled-270x270.jpg\">\n                    <source media=\"(min-width: 992px)\" srcset=\"https:\/\/www.rp-technik.com\/wp-content\/uploads\/2020\/07\/rp-hermetic-70d-stahl-tuer-3d-01-scaled-226x226.jpg\">\n                    <source media=\"(min-width: 768px)\" srcset=\"https:\/\/www.rp-technik.com\/wp-content\/uploads\/2020\/07\/rp-hermetic-70d-stahl-tuer-3d-01-scaled-285x285.jpg\">\n                    <source media=\"(min-width: 576px)\" srcset=\"https:\/\/www.rp-technik.com\/wp-content\/uploads\/2020\/07\/rp-hermetic-70d-stahl-tuer-3d-01-scaled-470x470.jpg\">\n                    <source media=\"(min-width: 320px)\" srcset=\"https:\/\/www.rp-technik.com\/wp-content\/uploads\/2020\/07\/rp-hermetic-70d-stahl-tuer-3d-01-scaled-555x555.jpg\">\n                    <source srcset=\"https:\/\/www.rp-technik.com\/wp-content\/uploads\/2020\/07\/rp-hermetic-70d-stahl-tuer-3d-01-scaled-300x300.jpg\">\n                    <img decoding=\"async\" src=\"https:\/\/www.rp-technik.com\/wp-content\/uploads\/2020\/07\/rp-hermetic-70d-stahl-tuer-3d-01-scaled-555x555.jpg\" alt=\"\" title=\"Rp Hermetic 70d Stahl Tuer 3d 01\" class=\"ce-productfinder__item__image img-fluid w-100\">\n                <\/picture>\n            <\/figure>\n        <\/a>\n    <\/div>\n    <div class=\"col-12 col-lg-6 col-xl-8\">\n        <div class=\"ce-productfinder__item__table\">\n            <div class=\"container-fluid\">\n                                    <div class=\"row\">\n                        <div class=\"col-12\">\n                            <h4 class=\"ce-productfinder__item__subline u-normal u-color-black\">\n                                <strong>Syst\u00e8me de profil\u00e9s de portes en acier pour portes \u00e0 1 et 2 vantaux<\/strong>\n                            <\/h4>\n                        <\/div>\n                    <\/div>\n                \n                                        <div class=\"row\">\n                            <div class=\"col-12 col-md-6\">R\u00e9sistance \u00e0 la charge au vent<\/div>\n                            <div class=\"col-12 col-md-6\">jusqu&rsquo;\u00e0 C4<\/div>\n                        <\/div>\n                                                <div class=\"row\">\n                            <div class=\"col-12 col-md-6\">Perm\u00e9abilit\u00e9 \u00e0 l&rsquo;air<\/div>\n                            <div class=\"col-12 col-md-6\">jusqu&rsquo;\u00e0 la classe 4<\/div>\n                        <\/div>\n                                                <div class=\"row\">\n                            <div class=\"col-12 col-md-6\">\u00c9tanch\u00e9it\u00e9<\/div>\n                            <div class=\"col-12 col-md-6\">jusqu&rsquo;\u00e0 7A (300\u00a0Pa)<\/div>\n                        <\/div>\n                                                <div class=\"row\">\n                            <div class=\"col-12 col-md-6\">R\u00e9sistance aux chocs\n<\/div>\n                            <div class=\"col-12 col-md-6\">jusqu&rsquo;\u00e0 E5\/I5<\/div>\n                        <\/div>\n                                                <div class=\"row\">\n                            <div class=\"col-12 col-md-6\">Protection pare-balles<\/div>\n                            <div class=\"col-12 col-md-6\">jusqu\u2019\u00e0 FB4 NS (avec blindage\/panneau)<\/div>\n                        <\/div>\n                                                <div class=\"row\">\n                            <div class=\"col-12 col-md-6\">Protection anti-effraction<\/div>\n                            <div class=\"col-12 col-md-6\">jusqu&rsquo;\u00e0 RC3<\/div>\n                        <\/div>\n                                                <div class=\"row\">\n                            <div class=\"col-12 col-md-6\">Isolation thermique<\/div>\n                            <div class=\"col-12 col-md-6\">\u2265 1,2 W\/(m\u00b2K)<\/div>\n                        <\/div>\n                                                <div class=\"row\">\n                            <div class=\"col-12 col-md-6\">Protection phonique<\/div>\n                            <div class=\"col-12 col-md-6\">\u2264 36 dB (-2\/-4)<\/div>\n                        <\/div>\n                                                <div class=\"row\">\n                            <div class=\"col-12 col-md-6\">Protection anti-pincement<\/div>\n                            <div class=\"col-12 col-md-6\">ja<\/div>\n                        <\/div>\n                                                <div class=\"row\">\n                            <div class=\"col-12 col-md-6\">Essai de fonctionnement continu<\/div>\n                            <div class=\"col-12 col-md-6\">200.000; 1 Mio.<\/div>\n                        <\/div>\n                                                <div class=\"row\">\n                            <div class=\"col-12 col-md-6\">Aptitude au d\u00e9blocage<\/div>\n                            <div class=\"col-12 col-md-6\">remplies<\/div>\n                        <\/div>\n                                                <div class=\"row\">\n                            <div class=\"col-12 col-md-6\">Performances m\u00e9caniques<\/div>\n                            <div class=\"col-12 col-md-6\">remplies<\/div>\n                        <\/div>\n                                                <div class=\"row\">\n                            <div class=\"col-12 col-md-6\">R\u00e9sistance m\u00e9canique<\/div>\n                            <div class=\"col-12 col-md-6\">jusqu&rsquo;\u00e0 la classe 4<\/div>\n                        <\/div>\n                                    <\/div>\n        <\/div>\n    <\/div>\n    <div class=\"col-12 text-right\">\n        <a href=\"https:\/\/www.rp-technik.com\/fr\/produit\/portes\/rp-hermetic-70d\/\" class=\"ce-productfinder__item__link\">Plus<\/a>\n    <\/div>\n    <div class=\"col-12 d-flex flex-wrap justify-content-between w-100\">\n                    <div class=\"ce-productfinder__item__info\">\n                <div class=\"ce-productfinder__item__info__container d-flex align-items-center justify-content-center\">\n                    Porte anti-pincement et pliante coulissante en option                <\/div>\n            <\/div>\n                        <div class=\"ce-productfinder__item__info\">\n            <div class=\"ce-productfinder__item__info__container d-flex align-items-center justify-content-center\">\n                Montage des parcloses sans outil ni vissage            <\/div>\n        <\/div>\n            <\/div>\n<\/div>\n<div class=\"ce-productfinder__item row  filter-191 filter-206 filter-207 filter-194\" data-aos=\"fade\" data-aos-duration=\"1000\">\n    <div class=\"col-12\">\n        <h6 class=\"ce-productfinder__item__headline\">\n            <strong>rp hermetic 55D<\/strong>\n        <\/h6>\n    <\/div>\n    <div class=\"col-12 col-lg-6 col-xl-4\">\n        <a href=\"https:\/\/www.rp-technik.com\/fr\/produit\/portes\/rp-hermetic-55d\/\">\n            <figure class=\"\">\n                <picture>\n                    <source media=\"(min-width: 1200px)\" srcset=\"https:\/\/www.rp-technik.com\/wp-content\/uploads\/2020\/07\/rp-hermetic-55d-stahl-tuer-3d-01-scaled-270x270.jpg\">\n                    <source media=\"(min-width: 992px)\" srcset=\"https:\/\/www.rp-technik.com\/wp-content\/uploads\/2020\/07\/rp-hermetic-55d-stahl-tuer-3d-01-scaled-226x226.jpg\">\n                    <source media=\"(min-width: 768px)\" srcset=\"https:\/\/www.rp-technik.com\/wp-content\/uploads\/2020\/07\/rp-hermetic-55d-stahl-tuer-3d-01-scaled-285x285.jpg\">\n                    <source media=\"(min-width: 576px)\" srcset=\"https:\/\/www.rp-technik.com\/wp-content\/uploads\/2020\/07\/rp-hermetic-55d-stahl-tuer-3d-01-scaled-470x470.jpg\">\n                    <source media=\"(min-width: 320px)\" srcset=\"https:\/\/www.rp-technik.com\/wp-content\/uploads\/2020\/07\/rp-hermetic-55d-stahl-tuer-3d-01-scaled-555x555.jpg\">\n                    <source srcset=\"https:\/\/www.rp-technik.com\/wp-content\/uploads\/2020\/07\/rp-hermetic-55d-stahl-tuer-3d-01-scaled-300x300.jpg\">\n                    <img decoding=\"async\" src=\"https:\/\/www.rp-technik.com\/wp-content\/uploads\/2020\/07\/rp-hermetic-55d-stahl-tuer-3d-01-scaled-555x555.jpg\" alt=\"rp hermetic 55D \u2013 syst\u00e8me de profil\u00e9s de portes en acier avec protection antieffraction jusqu\u2019\u00e0 RC3\" title=\"Rp Hermetic 55d Stahl Tuer 3d 01\" class=\"ce-productfinder__item__image img-fluid w-100\">\n                <\/picture>\n            <\/figure>\n        <\/a>\n    <\/div>\n    <div class=\"col-12 col-lg-6 col-xl-8\">\n        <div class=\"ce-productfinder__item__table\">\n            <div class=\"container-fluid\">\n                                    <div class=\"row\">\n                        <div class=\"col-12\">\n                            <h4 class=\"ce-productfinder__item__subline u-normal u-color-black\">\n                                <strong>Syst\u00e8me de profil\u00e9s de portes en acier pour portes \u00e0 1 et 2 vantaux<\/strong>\n                            <\/h4>\n                        <\/div>\n                    <\/div>\n                \n                                        <div class=\"row\">\n                            <div class=\"col-12 col-md-6\">R\u00e9sistance \u00e0 la charge au vent<\/div>\n                            <div class=\"col-12 col-md-6\">C2<\/div>\n                        <\/div>\n                                                <div class=\"row\">\n                            <div class=\"col-12 col-md-6\">Perm\u00e9abilit\u00e9 \u00e0 l&rsquo;air<\/div>\n                            <div class=\"col-12 col-md-6\">2<\/div>\n                        <\/div>\n                                                <div class=\"row\">\n                            <div class=\"col-12 col-md-6\">\u00c9tanch\u00e9it\u00e9<\/div>\n                            <div class=\"col-12 col-md-6\">4A<\/div>\n                        <\/div>\n                                                <div class=\"row\">\n                            <div class=\"col-12 col-md-6\">Protection anti-effraction<\/div>\n                            <div class=\"col-12 col-md-6\">RC 3<\/div>\n                        <\/div>\n                                                <div class=\"row\">\n                            <div class=\"col-12 col-md-6\">Protection anti-pincement<\/div>\n                            <div class=\"col-12 col-md-6\">ja<\/div>\n                        <\/div>\n                                                <div class=\"row\">\n                            <div class=\"col-12 col-md-6\">Essai de fonctionnement continu<\/div>\n                            <div class=\"col-12 col-md-6\">jusqu&rsquo;\u00e0 200.000 cycles<\/div>\n                        <\/div>\n                                                <div class=\"row\">\n                            <div class=\"col-12 col-md-6\">Essai de fonctionnement continu\u00a0: contrainte m\u00e9canique<\/div>\n                            <div class=\"col-12 col-md-6\">jusqu&rsquo;\u00e0 C5<\/div>\n                        <\/div>\n                                                <div class=\"row\">\n                            <div class=\"col-12 col-md-6\">Aptitude au d\u00e9blocage<\/div>\n                            <div class=\"col-12 col-md-6\">remplies<\/div>\n                        <\/div>\n                                                <div class=\"row\">\n                            <div class=\"col-12 col-md-6\">R\u00e9sistance m\u00e9canique<\/div>\n                            <div class=\"col-12 col-md-6\">4<\/div>\n                        <\/div>\n                                    <\/div>\n        <\/div>\n    <\/div>\n    <div class=\"col-12 text-right\">\n        <a href=\"https:\/\/www.rp-technik.com\/fr\/produit\/portes\/rp-hermetic-55d\/\" class=\"ce-productfinder__item__link\">Plus<\/a>\n    <\/div>\n    <div class=\"col-12 d-flex flex-wrap justify-content-between w-100\">\n                    <div class=\"ce-productfinder__item__info\">\n                <div class=\"ce-productfinder__item__info__container d-flex align-items-center justify-content-center\">\n                    Porte pare-fum\u00e9e et anti-pincement \u00e0 face vue identique                <\/div>\n            <\/div>\n                        <div class=\"ce-productfinder__item__info\">\n            <div class=\"ce-productfinder__item__info__container d-flex align-items-center justify-content-center\">\n                Compatible avec d\u2019autres syst\u00e8mes de fen\u00eatres, portes et fa\u00e7ades de RP Technik            <\/div>\n        <\/div>\n            <\/div>\n<\/div>\n<div class=\"ce-productfinder__item row  filter-190 filter-191 filter-203 filter-206 filter-204 filter-208 filter-209 filter-194\" data-aos=\"fade\" data-aos-duration=\"1000\">\n    <div class=\"col-12\">\n        <h6 class=\"ce-productfinder__item__headline\">\n            <strong>rp hermetic 70FP-30<\/strong>\n        <\/h6>\n    <\/div>\n    <div class=\"col-12 col-lg-6 col-xl-4\">\n        <a href=\"https:\/\/www.rp-technik.com\/fr\/produit\/portes\/rp-hermetic-70fp-30\/\">\n            <figure class=\"\">\n                <picture>\n                    <source media=\"(min-width: 1200px)\" srcset=\"https:\/\/www.rp-technik.com\/wp-content\/uploads\/2020\/08\/rp-hermetic-70fp-30-stahl-brandschutz-trennwand-3d-16-270x270.jpg\">\n                    <source media=\"(min-width: 992px)\" srcset=\"https:\/\/www.rp-technik.com\/wp-content\/uploads\/2020\/08\/rp-hermetic-70fp-30-stahl-brandschutz-trennwand-3d-16-226x226.jpg\">\n                    <source media=\"(min-width: 768px)\" srcset=\"https:\/\/www.rp-technik.com\/wp-content\/uploads\/2020\/08\/rp-hermetic-70fp-30-stahl-brandschutz-trennwand-3d-16-285x285.jpg\">\n                    <source media=\"(min-width: 576px)\" srcset=\"https:\/\/www.rp-technik.com\/wp-content\/uploads\/2020\/08\/rp-hermetic-70fp-30-stahl-brandschutz-trennwand-3d-16-470x470.jpg\">\n                    <source media=\"(min-width: 320px)\" srcset=\"https:\/\/www.rp-technik.com\/wp-content\/uploads\/2020\/08\/rp-hermetic-70fp-30-stahl-brandschutz-trennwand-3d-16-555x555.jpg\">\n                    <source srcset=\"https:\/\/www.rp-technik.com\/wp-content\/uploads\/2020\/08\/rp-hermetic-70fp-30-stahl-brandschutz-trennwand-3d-16-300x300.jpg\">\n                    <img decoding=\"async\" src=\"https:\/\/www.rp-technik.com\/wp-content\/uploads\/2020\/08\/rp-hermetic-70fp-30-stahl-brandschutz-trennwand-3d-16-555x555.jpg\" alt=\"\" title=\"Rp Hermetic 70fp 30 Stahl Brandschutz Trennwand 3d 16\" class=\"ce-productfinder__item__image img-fluid w-100\">\n                <\/picture>\n            <\/figure>\n        <\/a>\n    <\/div>\n    <div class=\"col-12 col-lg-6 col-xl-8\">\n        <div class=\"ce-productfinder__item__table\">\n            <div class=\"container-fluid\">\n                                    <div class=\"row\">\n                        <div class=\"col-12\">\n                            <h4 class=\"ce-productfinder__item__subline u-normal u-color-black\">\n                                <strong>Syst\u00e8me de profil\u00e9s en acier pour portes et cloisons coupe-feu et pare-fum\u00e9e<\/strong>\n                            <\/h4>\n                        <\/div>\n                    <\/div>\n                \n                                        <div class=\"row\">\n                            <div class=\"col-12 col-md-6\">Protection anti-effraction<\/div>\n                            <div class=\"col-12 col-md-6\">RC(2); 3<\/div>\n                        <\/div>\n                                                <div class=\"row\">\n                            <div class=\"col-12 col-md-6\">Protection phonique<\/div>\n                            <div class=\"col-12 col-md-6\"><\u00a044\u00a0dB (-1\/-2) pour portes<\/div>\n                        <\/div>\n                                                <div class=\"row\">\n                            <div class=\"col-12 col-md-6\">Essai de fonctionnement continu<\/div>\n                            <div class=\"col-12 col-md-6\">200\u00a0000\u00a0; 1\u00a0million<\/div>\n                        <\/div>\n                                                <div class=\"row\">\n                            <div class=\"col-12 col-md-6\">Essai de fonctionnement continu\u00a0: contrainte m\u00e9canique<\/div>\n                            <div class=\"col-12 col-md-6\">jusqu\u2019\u00e0 C8<\/div>\n                        <\/div>\n                                                <div class=\"row\">\n                            <div class=\"col-12 col-md-6\">Protection coupe-feu F (cloisons)<\/div>\n                            <div class=\"col-12 col-md-6\">F30<\/div>\n                        <\/div>\n                                                <div class=\"row\">\n                            <div class=\"col-12 col-md-6\">Protection coupe-feu T (portes)<\/div>\n                            <div class=\"col-12 col-md-6\">T30<\/div>\n                        <\/div>\n                                                <div class=\"row\">\n                            <div class=\"col-12 col-md-6\">Protection coupe-feu EW (portes)<\/div>\n                            <div class=\"col-12 col-md-6\">EW30<\/div>\n                        <\/div>\n                                                <div class=\"row\">\n                            <div class=\"col-12 col-md-6\">Protection coupe-feu EI (cloisons)<\/div>\n                            <div class=\"col-12 col-md-6\">EI30<\/div>\n                        <\/div>\n                                                <div class=\"row\">\n                            <div class=\"col-12 col-md-6\">Protection coupe-feu EI (portes)<\/div>\n                            <div class=\"col-12 col-md-6\">EI<sub>2<\/sub>30<\/div>\n                        <\/div>\n                                                <div class=\"row\">\n                            <div class=\"col-12 col-md-6\">Protection pare-fum\u00e9e (nationale allemande)<\/div>\n                            <div class=\"col-12 col-md-6\">RS-1 \/ RS-2 (portes)<\/div>\n                        <\/div>\n                                                <div class=\"row\">\n                            <div class=\"col-12 col-md-6\">Protection pare-fum\u00e9e (europ\u00e9enne)<\/div>\n                            <div class=\"col-12 col-md-6\">Sa, S200 (portes)<\/div>\n                        <\/div>\n                                                <div class=\"row\">\n                            <div class=\"col-12 col-md-6\">Aptitude au d\u00e9blocage<\/div>\n                            <div class=\"col-12 col-md-6\">remplies<\/div>\n                        <\/div>\n                                                <div class=\"row\">\n                            <div class=\"col-12 col-md-6\">Vitrage de protection antichute<\/div>\n                            <div class=\"col-12 col-md-6\">remplies (cloisons)  <\/div>\n                        <\/div>\n                                                <div class=\"row\">\n                            <div class=\"col-12 col-md-6\">Performances m\u00e9caniques<\/div>\n                            <div class=\"col-12 col-md-6\">remplies<\/div>\n                        <\/div>\n                                                <div class=\"row\">\n                            <div class=\"col-12 col-md-6\">R\u00e9sistance m\u00e9canique<\/div>\n                            <div class=\"col-12 col-md-6\">4 (portes)<\/div>\n                        <\/div>\n                                    <\/div>\n        <\/div>\n    <\/div>\n    <div class=\"col-12 text-right\">\n        <a href=\"https:\/\/www.rp-technik.com\/fr\/produit\/portes\/rp-hermetic-70fp-30\/\" class=\"ce-productfinder__item__link\">Plus<\/a>\n    <\/div>\n    <div class=\"col-12 d-flex flex-wrap justify-content-between w-100\">\n                    <div class=\"ce-productfinder__item__info\">\n                <div class=\"ce-productfinder__item__info__container d-flex align-items-center justify-content-center\">\n                    Face vue identique pour portes et des cloisons                <\/div>\n            <\/div>\n                        <div class=\"ce-productfinder__item__info\">\n            <div class=\"ce-productfinder__item__info__container d-flex align-items-center justify-content-center\">\n                Un profil\u00e9 pour diff\u00e9rentes classes de r\u00e9sistance au feu            <\/div>\n        <\/div>\n            <\/div>\n<\/div>\n<div class=\"ce-productfinder__item row  filter-190 filter-191 filter-204 filter-209 filter-194\" data-aos=\"fade\" data-aos-duration=\"1000\">\n    <div class=\"col-12\">\n        <h6 class=\"ce-productfinder__item__headline\">\n            <strong>rp hermetic 70FP-60<\/strong>\n        <\/h6>\n    <\/div>\n    <div class=\"col-12 col-lg-6 col-xl-4\">\n        <a href=\"https:\/\/www.rp-technik.com\/fr\/produit\/portes\/rp-hermetic-70fp-60\/\">\n            <figure class=\"\">\n                <picture>\n                    <source media=\"(min-width: 1200px)\" srcset=\"https:\/\/www.rp-technik.com\/wp-content\/uploads\/2020\/08\/rp-hermetic-70fp-60-stahl-brandschutz-trennwand-3d-16-270x270.jpg\">\n                    <source media=\"(min-width: 992px)\" srcset=\"https:\/\/www.rp-technik.com\/wp-content\/uploads\/2020\/08\/rp-hermetic-70fp-60-stahl-brandschutz-trennwand-3d-16-226x226.jpg\">\n                    <source media=\"(min-width: 768px)\" srcset=\"https:\/\/www.rp-technik.com\/wp-content\/uploads\/2020\/08\/rp-hermetic-70fp-60-stahl-brandschutz-trennwand-3d-16-285x285.jpg\">\n                    <source media=\"(min-width: 576px)\" srcset=\"https:\/\/www.rp-technik.com\/wp-content\/uploads\/2020\/08\/rp-hermetic-70fp-60-stahl-brandschutz-trennwand-3d-16-470x470.jpg\">\n                    <source media=\"(min-width: 320px)\" srcset=\"https:\/\/www.rp-technik.com\/wp-content\/uploads\/2020\/08\/rp-hermetic-70fp-60-stahl-brandschutz-trennwand-3d-16-555x555.jpg\">\n                    <source srcset=\"https:\/\/www.rp-technik.com\/wp-content\/uploads\/2020\/08\/rp-hermetic-70fp-60-stahl-brandschutz-trennwand-3d-16-300x300.jpg\">\n                    <img decoding=\"async\" src=\"https:\/\/www.rp-technik.com\/wp-content\/uploads\/2020\/08\/rp-hermetic-70fp-60-stahl-brandschutz-trennwand-3d-16-555x555.jpg\" alt=\"\" title=\"Rp Hermetic 70fp 60 Stahl Brandschutz Trennwand 3d 16\" class=\"ce-productfinder__item__image img-fluid w-100\">\n                <\/picture>\n            <\/figure>\n        <\/a>\n    <\/div>\n    <div class=\"col-12 col-lg-6 col-xl-8\">\n        <div class=\"ce-productfinder__item__table\">\n            <div class=\"container-fluid\">\n                                    <div class=\"row\">\n                        <div class=\"col-12\">\n                            <h4 class=\"ce-productfinder__item__subline u-normal u-color-black\">\n                                <strong>Syst\u00e8me de profil\u00e9s en acier pour portes et cloisons coupe-feu et pare-fum\u00e9e<\/strong>\n                            <\/h4>\n                        <\/div>\n                    <\/div>\n                \n                                        <div class=\"row\">\n                            <div class=\"col-12 col-md-6\">Protection phonique<\/div>\n                            <div class=\"col-12 col-md-6\">< 43 dB (0\/-1) pour portes<\/div>\n                        <\/div>\n                                                <div class=\"row\">\n                            <div class=\"col-12 col-md-6\">Essai de fonctionnement continu<\/div>\n                            <div class=\"col-12 col-md-6\">200\u00a0000\u00a0; 1\u00a0million<\/div>\n                        <\/div>\n                                                <div class=\"row\">\n                            <div class=\"col-12 col-md-6\">Essai de fonctionnement continu\u00a0: contrainte m\u00e9canique<\/div>\n                            <div class=\"col-12 col-md-6\">jusqu\u2019\u00e0 C8<\/div>\n                        <\/div>\n                                                <div class=\"row\">\n                            <div class=\"col-12 col-md-6\">Protection coupe-feu E (cloisons)<\/div>\n                            <div class=\"col-12 col-md-6\">EI60<\/div>\n                        <\/div>\n                                                <div class=\"row\">\n                            <div class=\"col-12 col-md-6\">Protection coupe-feu EI (cloisons)<\/div>\n                            <div class=\"col-12 col-md-6\">EI60<\/div>\n                        <\/div>\n                                                <div class=\"row\">\n                            <div class=\"col-12 col-md-6\">Protection coupe-feu EI (portes)<\/div>\n                            <div class=\"col-12 col-md-6\">EI<sub>2<\/sub>60<\/div>\n                        <\/div>\n                                                <div class=\"row\">\n                            <div class=\"col-12 col-md-6\">Aptitude au d\u00e9blocage<\/div>\n                            <div class=\"col-12 col-md-6\">remplies<\/div>\n                        <\/div>\n                                                <div class=\"row\">\n                            <div class=\"col-12 col-md-6\">Performances m\u00e9caniques<\/div>\n                            <div class=\"col-12 col-md-6\">remplies<\/div>\n                        <\/div>\n                                                <div class=\"row\">\n                            <div class=\"col-12 col-md-6\">R\u00e9sistance m\u00e9canique<\/div>\n                            <div class=\"col-12 col-md-6\">4 (portes)<\/div>\n                        <\/div>\n                                    <\/div>\n        <\/div>\n    <\/div>\n    <div class=\"col-12 text-right\">\n        <a href=\"https:\/\/www.rp-technik.com\/fr\/produit\/portes\/rp-hermetic-70fp-60\/\" class=\"ce-productfinder__item__link\">Plus<\/a>\n    <\/div>\n    <div class=\"col-12 d-flex flex-wrap justify-content-between w-100\">\n                    <div class=\"ce-productfinder__item__info\">\n                <div class=\"ce-productfinder__item__info__container d-flex align-items-center justify-content-center\">\n                    Face vue identique pour portes et des cloisons                <\/div>\n            <\/div>\n                        <div class=\"ce-productfinder__item__info\">\n            <div class=\"ce-productfinder__item__info__container d-flex align-items-center justify-content-center\">\n                Un profil\u00e9 pour diff\u00e9rentes classes de r\u00e9sistance au feu            <\/div>\n        <\/div>\n            <\/div>\n<\/div>\n<div class=\"ce-productfinder__item row  filter-190 filter-191 filter-204 filter-208 filter-209 filter-194\" data-aos=\"fade\" data-aos-duration=\"1000\">\n    <div class=\"col-12\">\n        <h6 class=\"ce-productfinder__item__headline\">\n            <strong>rp hermetic 70FP-90<\/strong>\n        <\/h6>\n    <\/div>\n    <div class=\"col-12 col-lg-6 col-xl-4\">\n        <a href=\"https:\/\/www.rp-technik.com\/fr\/produit\/portes\/rp-hermetic-70fp-90\/\">\n            <figure class=\"\">\n                <picture>\n                    <source media=\"(min-width: 1200px)\" srcset=\"https:\/\/www.rp-technik.com\/wp-content\/uploads\/2020\/08\/rp-hermetic-70fp-90-stahl-brandschutz-tuer-3d-01-scaled-270x270.jpg\">\n                    <source media=\"(min-width: 992px)\" srcset=\"https:\/\/www.rp-technik.com\/wp-content\/uploads\/2020\/08\/rp-hermetic-70fp-90-stahl-brandschutz-tuer-3d-01-scaled-226x226.jpg\">\n                    <source media=\"(min-width: 768px)\" srcset=\"https:\/\/www.rp-technik.com\/wp-content\/uploads\/2020\/08\/rp-hermetic-70fp-90-stahl-brandschutz-tuer-3d-01-scaled-285x285.jpg\">\n                    <source media=\"(min-width: 576px)\" srcset=\"https:\/\/www.rp-technik.com\/wp-content\/uploads\/2020\/08\/rp-hermetic-70fp-90-stahl-brandschutz-tuer-3d-01-scaled-470x470.jpg\">\n                    <source media=\"(min-width: 320px)\" srcset=\"https:\/\/www.rp-technik.com\/wp-content\/uploads\/2020\/08\/rp-hermetic-70fp-90-stahl-brandschutz-tuer-3d-01-scaled-555x555.jpg\">\n                    <source srcset=\"https:\/\/www.rp-technik.com\/wp-content\/uploads\/2020\/08\/rp-hermetic-70fp-90-stahl-brandschutz-tuer-3d-01-scaled-300x300.jpg\">\n                    <img decoding=\"async\" src=\"https:\/\/www.rp-technik.com\/wp-content\/uploads\/2020\/08\/rp-hermetic-70fp-90-stahl-brandschutz-tuer-3d-01-scaled-555x555.jpg\" alt=\"rp hermetic 70FP-90 \u2013 syst\u00e8me thermo-isol\u00e9 de profil\u00e9s en acier pour portes coupe-feu et pare-fum\u00e9e EI90\/F90\/T90\" title=\"Rp Hermetic 70fp 90 Stahl Brandschutz Tuer 3d 01\" class=\"ce-productfinder__item__image img-fluid w-100\">\n                <\/picture>\n            <\/figure>\n        <\/a>\n    <\/div>\n    <div class=\"col-12 col-lg-6 col-xl-8\">\n        <div class=\"ce-productfinder__item__table\">\n            <div class=\"container-fluid\">\n                                    <div class=\"row\">\n                        <div class=\"col-12\">\n                            <h4 class=\"ce-productfinder__item__subline u-normal u-color-black\">\n                                <strong>Syst\u00e8me de profil\u00e9s en acier pour portes et cloisons coupe-feu et pare-fum\u00e9e<\/strong>\n                            <\/h4>\n                        <\/div>\n                    <\/div>\n                \n                                        <div class=\"row\">\n                            <div class=\"col-12 col-md-6\">Protection phonique<\/div>\n                            <div class=\"col-12 col-md-6\">< 43 dB<\/div>\n                        <\/div>\n                                                <div class=\"row\">\n                            <div class=\"col-12 col-md-6\">Essai de fonctionnement continu<\/div>\n                            <div class=\"col-12 col-md-6\">200\u00a0000\u00a0; 1\u00a0million<\/div>\n                        <\/div>\n                                                <div class=\"row\">\n                            <div class=\"col-12 col-md-6\">Essai de fonctionnement continu\u00a0: contrainte m\u00e9canique<\/div>\n                            <div class=\"col-12 col-md-6\">jusqu\u2019\u00e0 C8<\/div>\n                        <\/div>\n                                                <div class=\"row\">\n                            <div class=\"col-12 col-md-6\">Protection coupe-feu F (cloisons)<\/div>\n                            <div class=\"col-12 col-md-6\">F90<\/div>\n                        <\/div>\n                                                <div class=\"row\">\n                            <div class=\"col-12 col-md-6\">Protection coupe-feu T (portes)<\/div>\n                            <div class=\"col-12 col-md-6\">T90<\/div>\n                        <\/div>\n                                                <div class=\"row\">\n                            <div class=\"col-12 col-md-6\">Protection coupe-feu EW (portes)<\/div>\n                            <div class=\"col-12 col-md-6\">EW90<\/div>\n                        <\/div>\n                                                <div class=\"row\">\n                            <div class=\"col-12 col-md-6\">Protection coupe-feu EI (cloisons)<\/div>\n                            <div class=\"col-12 col-md-6\">EI90<\/div>\n                        <\/div>\n                                                <div class=\"row\">\n                            <div class=\"col-12 col-md-6\">Protection coupe-feu EI (portes)<\/div>\n                            <div class=\"col-12 col-md-6\">EI<sub>2<\/sub>90<\/div>\n                        <\/div>\n                                                <div class=\"row\">\n                            <div class=\"col-12 col-md-6\">Protection pare-fum\u00e9e (nationale allemande)<\/div>\n                            <div class=\"col-12 col-md-6\">RS-1 \/ RS-2 (portes)<\/div>\n                        <\/div>\n                                                <div class=\"row\">\n                            <div class=\"col-12 col-md-6\">Protection pare-fum\u00e9e (europ\u00e9enne)<\/div>\n                            <div class=\"col-12 col-md-6\">Sa, S200 (portes)<\/div>\n                        <\/div>\n                                                <div class=\"row\">\n                            <div class=\"col-12 col-md-6\">Aptitude au d\u00e9blocage<\/div>\n                            <div class=\"col-12 col-md-6\">remplies<\/div>\n                        <\/div>\n                                                <div class=\"row\">\n                            <div class=\"col-12 col-md-6\">Performances m\u00e9caniques<\/div>\n                            <div class=\"col-12 col-md-6\">remplies<\/div>\n                        <\/div>\n                                                <div class=\"row\">\n                            <div class=\"col-12 col-md-6\">R\u00e9sistance m\u00e9canique<\/div>\n                            <div class=\"col-12 col-md-6\">4 (portes)<\/div>\n                        <\/div>\n                                    <\/div>\n        <\/div>\n    <\/div>\n    <div class=\"col-12 text-right\">\n        <a href=\"https:\/\/www.rp-technik.com\/fr\/produit\/portes\/rp-hermetic-70fp-90\/\" class=\"ce-productfinder__item__link\">Plus<\/a>\n    <\/div>\n    <div class=\"col-12 d-flex flex-wrap justify-content-between w-100\">\n                    <div class=\"ce-productfinder__item__info\">\n                <div class=\"ce-productfinder__item__info__container d-flex align-items-center justify-content-center\">\n                    Face vue identique pour portes et des cloisons                <\/div>\n            <\/div>\n                        <div class=\"ce-productfinder__item__info\">\n            <div class=\"ce-productfinder__item__info__container d-flex align-items-center justify-content-center\">\n                Un profil\u00e9 pour diff\u00e9rentes classes de r\u00e9sistance au feu            <\/div>\n        <\/div>\n            <\/div>\n<\/div>\n<div class=\"ce-productfinder__item row  filter-190 filter-191 filter-204 filter-194\" data-aos=\"fade\" data-aos-duration=\"1000\">\n    <div class=\"col-12\">\n        <h6 class=\"ce-productfinder__item__headline\">\n            <strong>rp hermetic 55FP-30<\/strong>\n        <\/h6>\n    <\/div>\n    <div class=\"col-12 col-lg-6 col-xl-4\">\n        <a href=\"https:\/\/www.rp-technik.com\/fr\/produit\/portes\/rp-hermetic-55fp-30\/\">\n            <figure class=\"\">\n                <picture>\n                    <source media=\"(min-width: 1200px)\" srcset=\"https:\/\/www.rp-technik.com\/wp-content\/uploads\/2020\/08\/rp-hermetic-55fp-30-stahl-trennwand-3d-16-270x270.jpg\">\n                    <source media=\"(min-width: 992px)\" srcset=\"https:\/\/www.rp-technik.com\/wp-content\/uploads\/2020\/08\/rp-hermetic-55fp-30-stahl-trennwand-3d-16-226x226.jpg\">\n                    <source media=\"(min-width: 768px)\" srcset=\"https:\/\/www.rp-technik.com\/wp-content\/uploads\/2020\/08\/rp-hermetic-55fp-30-stahl-trennwand-3d-16-285x285.jpg\">\n                    <source media=\"(min-width: 576px)\" srcset=\"https:\/\/www.rp-technik.com\/wp-content\/uploads\/2020\/08\/rp-hermetic-55fp-30-stahl-trennwand-3d-16-470x470.jpg\">\n                    <source media=\"(min-width: 320px)\" srcset=\"https:\/\/www.rp-technik.com\/wp-content\/uploads\/2020\/08\/rp-hermetic-55fp-30-stahl-trennwand-3d-16-555x555.jpg\">\n                    <source srcset=\"https:\/\/www.rp-technik.com\/wp-content\/uploads\/2020\/08\/rp-hermetic-55fp-30-stahl-trennwand-3d-16-300x300.jpg\">\n                    <img decoding=\"async\" src=\"https:\/\/www.rp-technik.com\/wp-content\/uploads\/2020\/08\/rp-hermetic-55fp-30-stahl-trennwand-3d-16-555x555.jpg\" alt=\"\" title=\"Rp Hermetic 55fp 30 Stahl Trennwand 3d 16\" class=\"ce-productfinder__item__image img-fluid w-100\">\n                <\/picture>\n            <\/figure>\n        <\/a>\n    <\/div>\n    <div class=\"col-12 col-lg-6 col-xl-8\">\n        <div class=\"ce-productfinder__item__table\">\n            <div class=\"container-fluid\">\n                                    <div class=\"row\">\n                        <div class=\"col-12\">\n                            <h4 class=\"ce-productfinder__item__subline u-normal u-color-black\">\n                                <strong>Syst\u00e8me de profil\u00e9s de portes en acier pour portes et cloisons coupe-feu<\/strong>\n                            <\/h4>\n                        <\/div>\n                    <\/div>\n                \n                                        <div class=\"row\">\n                            <div class=\"col-12 col-md-6\">Essai de fonctionnement continu<\/div>\n                            <div class=\"col-12 col-md-6\">jusqu&rsquo;\u00e0 200.000 cycles<\/div>\n                        <\/div>\n                                                <div class=\"row\">\n                            <div class=\"col-12 col-md-6\">Essai de fonctionnement continu\u00a0: contrainte m\u00e9canique<\/div>\n                            <div class=\"col-12 col-md-6\">jusqu&rsquo;\u00e0 C5<\/div>\n                        <\/div>\n                                                <div class=\"row\">\n                            <div class=\"col-12 col-md-6\">Protection coupe-feu E (cloisons)<\/div>\n                            <div class=\"col-12 col-md-6\">E30<\/div>\n                        <\/div>\n                                                <div class=\"row\">\n                            <div class=\"col-12 col-md-6\">Protection coupe-feu EW (cloisons)<\/div>\n                            <div class=\"col-12 col-md-6\">EW30<\/div>\n                        <\/div>\n                                                <div class=\"row\">\n                            <div class=\"col-12 col-md-6\">Protection coupe-feu E (portes)<\/div>\n                            <div class=\"col-12 col-md-6\">E30<\/div>\n                        <\/div>\n                                                <div class=\"row\">\n                            <div class=\"col-12 col-md-6\">Protection coupe-feu EW (portes)<\/div>\n                            <div class=\"col-12 col-md-6\">EW30<\/div>\n                        <\/div>\n                                                <div class=\"row\">\n                            <div class=\"col-12 col-md-6\">Aptitude au d\u00e9blocage<\/div>\n                            <div class=\"col-12 col-md-6\">remplit<\/div>\n                        <\/div>\n                                    <\/div>\n        <\/div>\n    <\/div>\n    <div class=\"col-12 text-right\">\n        <a href=\"https:\/\/www.rp-technik.com\/fr\/produit\/portes\/rp-hermetic-55fp-30\/\" class=\"ce-productfinder__item__link\">Plus<\/a>\n    <\/div>\n    <div class=\"col-12 d-flex flex-wrap justify-content-between w-100\">\n                    <div class=\"ce-productfinder__item__info\">\n                <div class=\"ce-productfinder__item__info__container d-flex align-items-center justify-content-center\">\n                    Acier ou inox                <\/div>\n            <\/div>\n                        <div class=\"ce-productfinder__item__info\">\n            <div class=\"ce-productfinder__item__info__container d-flex align-items-center justify-content-center\">\n                Aspect identique \u00e0 rp hermetic 55W\/D            <\/div>\n        <\/div>\n            <\/div>\n<\/div>\n<div class=\"ce-productfinder__item row  filter-190 filter-191 filter-204 filter-194\" data-aos=\"fade\" data-aos-duration=\"1000\">\n    <div class=\"col-12\">\n        <h6 class=\"ce-productfinder__item__headline\">\n            <strong>rp hermetic 55FP-60<\/strong>\n        <\/h6>\n    <\/div>\n    <div class=\"col-12 col-lg-6 col-xl-4\">\n        <a href=\"https:\/\/www.rp-technik.com\/fr\/produit\/portes\/rp-hermetic-55fp-60\/\">\n            <figure class=\"\">\n                <picture>\n                    <source media=\"(min-width: 1200px)\" srcset=\"https:\/\/www.rp-technik.com\/wp-content\/uploads\/2020\/08\/rp-hermetic-55fp-60-stahl-trennwand-3d-16-270x270.jpg\">\n                    <source media=\"(min-width: 992px)\" srcset=\"https:\/\/www.rp-technik.com\/wp-content\/uploads\/2020\/08\/rp-hermetic-55fp-60-stahl-trennwand-3d-16-226x226.jpg\">\n                    <source media=\"(min-width: 768px)\" srcset=\"https:\/\/www.rp-technik.com\/wp-content\/uploads\/2020\/08\/rp-hermetic-55fp-60-stahl-trennwand-3d-16-285x285.jpg\">\n                    <source media=\"(min-width: 576px)\" srcset=\"https:\/\/www.rp-technik.com\/wp-content\/uploads\/2020\/08\/rp-hermetic-55fp-60-stahl-trennwand-3d-16-470x470.jpg\">\n                    <source media=\"(min-width: 320px)\" srcset=\"https:\/\/www.rp-technik.com\/wp-content\/uploads\/2020\/08\/rp-hermetic-55fp-60-stahl-trennwand-3d-16-555x555.jpg\">\n                    <source srcset=\"https:\/\/www.rp-technik.com\/wp-content\/uploads\/2020\/08\/rp-hermetic-55fp-60-stahl-trennwand-3d-16-300x300.jpg\">\n                    <img decoding=\"async\" src=\"https:\/\/www.rp-technik.com\/wp-content\/uploads\/2020\/08\/rp-hermetic-55fp-60-stahl-trennwand-3d-16-555x555.jpg\" alt=\"\" title=\"Rp Hermetic 55fp 60 Stahl Trennwand 3d 16\" class=\"ce-productfinder__item__image img-fluid w-100\">\n                <\/picture>\n            <\/figure>\n        <\/a>\n    <\/div>\n    <div class=\"col-12 col-lg-6 col-xl-8\">\n        <div class=\"ce-productfinder__item__table\">\n            <div class=\"container-fluid\">\n                                    <div class=\"row\">\n                        <div class=\"col-12\">\n                            <h4 class=\"ce-productfinder__item__subline u-normal u-color-black\">\n                                <strong>Syst\u00e8me de profil\u00e9s de portes en acier pour portes et cloisons coupe-feu<\/strong>\n                            <\/h4>\n                        <\/div>\n                    <\/div>\n                \n                                        <div class=\"row\">\n                            <div class=\"col-12 col-md-6\">Essai de fonctionnement continu<\/div>\n                            <div class=\"col-12 col-md-6\">jusqu&rsquo;\u00e0 200.000 cycles<\/div>\n                        <\/div>\n                                                <div class=\"row\">\n                            <div class=\"col-12 col-md-6\">Essai de fonctionnement continu\u00a0: contrainte m\u00e9canique<\/div>\n                            <div class=\"col-12 col-md-6\">jusqu&rsquo;\u00e0 C5<\/div>\n                        <\/div>\n                                                <div class=\"row\">\n                            <div class=\"col-12 col-md-6\">Protection coupe-feu E (cloisons)<\/div>\n                            <div class=\"col-12 col-md-6\">E60<\/div>\n                        <\/div>\n                                                <div class=\"row\">\n                            <div class=\"col-12 col-md-6\">Protection coupe-feu EW (cloisons)<\/div>\n                            <div class=\"col-12 col-md-6\">EW60<\/div>\n                        <\/div>\n                                                <div class=\"row\">\n                            <div class=\"col-12 col-md-6\">Protection coupe-feu E (portes)<\/div>\n                            <div class=\"col-12 col-md-6\">E60<\/div>\n                        <\/div>\n                                                <div class=\"row\">\n                            <div class=\"col-12 col-md-6\">Protection coupe-feu EW (portes)<\/div>\n                            <div class=\"col-12 col-md-6\">EW60<\/div>\n                        <\/div>\n                                                <div class=\"row\">\n                            <div class=\"col-12 col-md-6\">Aptitude au d\u00e9blocage<\/div>\n                            <div class=\"col-12 col-md-6\">remplit<\/div>\n                        <\/div>\n                                    <\/div>\n        <\/div>\n    <\/div>\n    <div class=\"col-12 text-right\">\n        <a href=\"https:\/\/www.rp-technik.com\/fr\/produit\/portes\/rp-hermetic-55fp-60\/\" class=\"ce-productfinder__item__link\">Plus<\/a>\n    <\/div>\n    <div class=\"col-12 d-flex flex-wrap justify-content-between w-100\">\n                    <div class=\"ce-productfinder__item__info\">\n                <div class=\"ce-productfinder__item__info__container d-flex align-items-center justify-content-center\">\n                    portes et cloisons coupe-feu                 <\/div>\n            <\/div>\n                        <div class=\"ce-productfinder__item__info\">\n            <div class=\"ce-productfinder__item__info__container d-flex align-items-center justify-content-center\">\n                Aspect identique \u00e0 rp hermetic 55W (fen\u00eatres) et rp hermetic 55D (portes)            <\/div>\n        <\/div>\n            <\/div>\n<\/div>                        <\/div>\n                                            <\/div>\n                <\/div>\n            <\/div>\n        <\/div>\n    <\/div>\n<\/div>\n\n\n    <script>\n        document.addEventListener(\"DOMContentLoaded\", function () {\n            updateFilters();\n        })\n    <\/script>\n\n\n\n\n    <div data-aos=\"fade-up\" data-aos-duration=\"1000\"  class=\"ce ce-text\n    ce-text--2col              \" id=\"\">\n        \n        <div class=\"container-fluid\">                                <div class=\"row\">\n                        <div class=\"col-12 col-lg-4\">\n                            <p class=\"ce-text__topline\">R\u00e9f\u00e9rences<\/p>                            <h2 class=\"\">R\u00e9alisations. <br \/>\r\nInspirations.<\/h2>\n                                                    <\/div>\n                        <div class=\"col-12 col-lg-8 d-flex flex-column justify-content-center\">\n                            <p>L\u2019inventivit\u00e9 des architectes, urbanistes et ma\u00eetres d&rsquo;ouvrage se refl\u00e8te dans nos projets nationaux et internationaux. Les syst\u00e8mes RP Technik en permettent la mise en \u0153uvre : remarquables par leur design, leur fonctionnalit\u00e9 et leur qualit\u00e9. <a href=\"https:\/\/www.rp-technik.com\/fr\/references\/\"><strong>Plus >><\/strong><\/a><\/p>\n<p>&nbsp;<\/p>\n                        <\/div>\n                    <\/div>\n                        <\/div>    <\/div>\n\n\n    \n\n\n    <div class=\"ce ce-projectgallery ce--fullcontent \" id=\"\">\n        <div class=\"ce-projectgallery__overlay\">\n            <figure class=\"\" data-aos=\"fade\" data-aos-duration=\"1000\" data-aos-delay=\"500\">\n                <picture>\n                    <img loading=\"lazy\" decoding=\"async\" src=\"https:\/\/www.rp-technik.com\/wp-content\/themes\/rup\/images\/galleryOverlay.png\" width=\"759\" height=\"526\" alt=\"\" title=\"\" class=\"img-fluid w-100\">\n                <\/picture>\n            <\/figure>\n        <\/div>\n        <div class=\"container-fluid\">\n            <div class=\"row\">\n                <div class=\"col-12 px-0\">\n                    <div class=\"ce-projectgallery__container js-projectgallery\">\n                                                        <div class=\"ce-projectgallery__item\">\n                                    <div class=\"ce-projectgallery__image\">\n                                        <a href=\"https:\/\/www.rp-technik.com\/fr\/reference\/rue-de-lancry-france\/\" class=\"lightcase-overlay ce-projectgallery__itemoverlay\">&nbsp;<\/a>\n                                        <figure class=\"\" data-aos=\"fade\" data-aos-duration=\"1000\" data-aos-delay=\"500\">\n                                            <picture>\n                                                <source media=\"(min-width: 1440px)\" srcset=\"https:\/\/www.rp-technik.com\/wp-content\/uploads\/2023\/03\/Rue-de-Lancry-rp-fineline-70W-innen-495x660.jpg\">\n                                                <source media=\"(min-width: 1200px)\" srcset=\"https:\/\/www.rp-technik.com\/wp-content\/uploads\/2023\/03\/Rue-de-Lancry-rp-fineline-70W-innen-355x474.jpg\">\n                                                <source media=\"(min-width: 992px)\" srcset=\"https:\/\/www.rp-technik.com\/wp-content\/uploads\/2023\/03\/Rue-de-Lancry-rp-fineline-70W-innen-300x400.jpg\">\n                                                <source media=\"(min-width: 768px)\" srcset=\"https:\/\/www.rp-technik.com\/wp-content\/uploads\/2023\/03\/Rue-de-Lancry-rp-fineline-70W-innen-245x327.jpg\">\n                                                <source media=\"(min-width: 576px)\" srcset=\"https:\/\/www.rp-technik.com\/wp-content\/uploads\/2023\/03\/Rue-de-Lancry-rp-fineline-70W-innen-380x507.jpg\">\n                                                <source media=\"(min-width: 320px)\" srcset=\"https:\/\/www.rp-technik.com\/wp-content\/uploads\/2023\/03\/Rue-de-Lancry-rp-fineline-70W-innen-285x380.jpg\">\n                                                <source data-srcset=\"https:\/\/www.rp-technik.com\/wp-content\/uploads\/2023\/03\/Rue-de-Lancry-rp-fineline-70W-innen-200x267.jpg\">\n                                                <img loading=\"lazy\" decoding=\"async\" src=\"https:\/\/www.rp-technik.com\/wp-content\/uploads\/2023\/03\/Rue-de-Lancry-rp-fineline-70W-innen-495x660.jpg\"  width=\"495\" height=\"660\" alt=\"Rue de Lancry, rp fineline 70W, innen\" title=\"22132Rue de Lancry, France\" class=\"img-fluid w-100\">\n                                            <\/picture>\n                                        <\/figure>\n                                    <\/div>\n                                    <p class=\"small mb-0\">\n                                        <strong>Rue de Lancry, France<\/strong>\n                                    <\/p>\n                                    <p class=\"small\">\n                                        Dans la rue de Lancry, au c\u0153ur du 10e arrondissement de Paris, se trouve un charmant b\u00e2timent  &#8230;                                    <\/p>\n                                <\/div>\n                                                            <div class=\"ce-projectgallery__item\">\n                                    <div class=\"ce-projectgallery__image\">\n                                        <a href=\"https:\/\/www.rp-technik.com\/fr\/reference\/lycee-clemens-august-cloppenburg\/\" class=\"lightcase-overlay ce-projectgallery__itemoverlay\">&nbsp;<\/a>\n                                        <figure class=\"\" data-aos=\"fade\" data-aos-duration=\"1000\" data-aos-delay=\"500\">\n                                            <picture>\n                                                <source media=\"(min-width: 1440px)\" srcset=\"https:\/\/www.rp-technik.com\/wp-content\/uploads\/2023\/04\/CAG-Cloppenburg-rp-fineline-70D-1-495x660.jpg\">\n                                                <source media=\"(min-width: 1200px)\" srcset=\"https:\/\/www.rp-technik.com\/wp-content\/uploads\/2023\/04\/CAG-Cloppenburg-rp-fineline-70D-1-355x474.jpg\">\n                                                <source media=\"(min-width: 992px)\" srcset=\"https:\/\/www.rp-technik.com\/wp-content\/uploads\/2023\/04\/CAG-Cloppenburg-rp-fineline-70D-1-300x400.jpg\">\n                                                <source media=\"(min-width: 768px)\" srcset=\"https:\/\/www.rp-technik.com\/wp-content\/uploads\/2023\/04\/CAG-Cloppenburg-rp-fineline-70D-1-245x327.jpg\">\n                                                <source media=\"(min-width: 576px)\" srcset=\"https:\/\/www.rp-technik.com\/wp-content\/uploads\/2023\/04\/CAG-Cloppenburg-rp-fineline-70D-1-380x507.jpg\">\n                                                <source media=\"(min-width: 320px)\" srcset=\"https:\/\/www.rp-technik.com\/wp-content\/uploads\/2023\/04\/CAG-Cloppenburg-rp-fineline-70D-1-285x380.jpg\">\n                                                <source data-srcset=\"https:\/\/www.rp-technik.com\/wp-content\/uploads\/2023\/04\/CAG-Cloppenburg-rp-fineline-70D-1-200x267.jpg\">\n                                                <img loading=\"lazy\" decoding=\"async\" src=\"https:\/\/www.rp-technik.com\/wp-content\/uploads\/2023\/04\/CAG-Cloppenburg-rp-fineline-70D-1-495x660.jpg\"  width=\"495\" height=\"660\" alt=\"\" title=\"23279Lyc\u00e9e Clemens-August, Cloppenburg\" class=\"img-fluid w-100\">\n                                            <\/picture>\n                                        <\/figure>\n                                    <\/div>\n                                    <p class=\"small mb-0\">\n                                        <strong>Lyc\u00e9e Clemens-August, Cloppenburg<\/strong>\n                                    <\/p>\n                                    <p class=\"small\">\n                                        Le lyc\u00e9e Clemens August de Cloppenburg est un exemple remarquable d&rsquo;int\u00e9gration d&rsquo;\u00e9l\u00e9ments de  &#8230;                                    <\/p>\n                                <\/div>\n                                                            <div class=\"ce-projectgallery__item\">\n                                    <div class=\"ce-projectgallery__image\">\n                                        <a href=\"https:\/\/www.rp-technik.com\/fr\/reference\/domaine-faiveley-france\/\" class=\"lightcase-overlay ce-projectgallery__itemoverlay\">&nbsp;<\/a>\n                                        <figure class=\"\" data-aos=\"fade\" data-aos-duration=\"1000\" data-aos-delay=\"500\">\n                                            <picture>\n                                                <source media=\"(min-width: 1440px)\" srcset=\"https:\/\/www.rp-technik.com\/wp-content\/uploads\/2023\/03\/Domaine-Faiveley-Cave-a-Vin-2-495x660.jpg\">\n                                                <source media=\"(min-width: 1200px)\" srcset=\"https:\/\/www.rp-technik.com\/wp-content\/uploads\/2023\/03\/Domaine-Faiveley-Cave-a-Vin-2-355x474.jpg\">\n                                                <source media=\"(min-width: 992px)\" srcset=\"https:\/\/www.rp-technik.com\/wp-content\/uploads\/2023\/03\/Domaine-Faiveley-Cave-a-Vin-2-300x400.jpg\">\n                                                <source media=\"(min-width: 768px)\" srcset=\"https:\/\/www.rp-technik.com\/wp-content\/uploads\/2023\/03\/Domaine-Faiveley-Cave-a-Vin-2-245x327.jpg\">\n                                                <source media=\"(min-width: 576px)\" srcset=\"https:\/\/www.rp-technik.com\/wp-content\/uploads\/2023\/03\/Domaine-Faiveley-Cave-a-Vin-2-380x507.jpg\">\n                                                <source media=\"(min-width: 320px)\" srcset=\"https:\/\/www.rp-technik.com\/wp-content\/uploads\/2023\/03\/Domaine-Faiveley-Cave-a-Vin-2-285x380.jpg\">\n                                                <source data-srcset=\"https:\/\/www.rp-technik.com\/wp-content\/uploads\/2023\/03\/Domaine-Faiveley-Cave-a-Vin-2-200x267.jpg\">\n                                                <img loading=\"lazy\" decoding=\"async\" src=\"https:\/\/www.rp-technik.com\/wp-content\/uploads\/2023\/03\/Domaine-Faiveley-Cave-a-Vin-2-495x660.jpg\"  width=\"495\" height=\"660\" alt=\"Domaine Faiveley, Cave \u00e0 Vin\" title=\"23236Domaine Faiveley, France\" class=\"img-fluid w-100\">\n                                            <\/picture>\n                                        <\/figure>\n                                    <\/div>\n                                    <p class=\"small mb-0\">\n                                        <strong>Domaine Faiveley, France<\/strong>\n                                    <\/p>\n                                    <p class=\"small\">\n                                        Le syst\u00e8me rp fineline 70 a \u00e9t\u00e9 utilis\u00e9 en 2018 dans la fabrique de vin \u00ab\u00a0Domaine Faiveley\u00a0\u00bb,  &#8230;                                    <\/p>\n                                <\/div>\n                                                            <div class=\"ce-projectgallery__item\">\n                                    <div class=\"ce-projectgallery__image\">\n                                        <a href=\"https:\/\/www.rp-technik.com\/fr\/reference\/rosa-bonheur-paris\/\" class=\"lightcase-overlay ce-projectgallery__itemoverlay\">&nbsp;<\/a>\n                                        <figure class=\"\" data-aos=\"fade\" data-aos-duration=\"1000\" data-aos-delay=\"500\">\n                                            <picture>\n                                                <source media=\"(min-width: 1440px)\" srcset=\"https:\/\/www.rp-technik.com\/wp-content\/uploads\/2023\/03\/Rosa-BonheurParis-Sitzbereich-495x660.jpg\">\n                                                <source media=\"(min-width: 1200px)\" srcset=\"https:\/\/www.rp-technik.com\/wp-content\/uploads\/2023\/03\/Rosa-BonheurParis-Sitzbereich-355x474.jpg\">\n                                                <source media=\"(min-width: 992px)\" srcset=\"https:\/\/www.rp-technik.com\/wp-content\/uploads\/2023\/03\/Rosa-BonheurParis-Sitzbereich-300x400.jpg\">\n                                                <source media=\"(min-width: 768px)\" srcset=\"https:\/\/www.rp-technik.com\/wp-content\/uploads\/2023\/03\/Rosa-BonheurParis-Sitzbereich-245x327.jpg\">\n                                                <source media=\"(min-width: 576px)\" srcset=\"https:\/\/www.rp-technik.com\/wp-content\/uploads\/2023\/03\/Rosa-BonheurParis-Sitzbereich-380x507.jpg\">\n                                                <source media=\"(min-width: 320px)\" srcset=\"https:\/\/www.rp-technik.com\/wp-content\/uploads\/2023\/03\/Rosa-BonheurParis-Sitzbereich-285x380.jpg\">\n                                                <source data-srcset=\"https:\/\/www.rp-technik.com\/wp-content\/uploads\/2023\/03\/Rosa-BonheurParis-Sitzbereich-200x267.jpg\">\n                                                <img loading=\"lazy\" decoding=\"async\" src=\"https:\/\/www.rp-technik.com\/wp-content\/uploads\/2023\/03\/Rosa-BonheurParis-Sitzbereich-495x660.jpg\"  width=\"495\" height=\"660\" alt=\"Rosa Bonheur,Paris Sitzbereich\" title=\"22091Rosa Bonheur, Paris\" class=\"img-fluid w-100\">\n                                            <\/picture>\n                                        <\/figure>\n                                    <\/div>\n                                    <p class=\"small mb-0\">\n                                        <strong>Rosa Bonheur, Paris<\/strong>\n                                    <\/p>\n                                    <p class=\"small\">\n                                        Imaginez que vous \u00eates assis dans un restaurant sur un bateau sur la Seine \u00e0 Paris et que vous  &#8230;                                    <\/p>\n                                <\/div>\n                                                            <div class=\"ce-projectgallery__item\">\n                                    <div class=\"ce-projectgallery__image\">\n                                        <a href=\"https:\/\/www.rp-technik.com\/fr\/reference\/piscine-pantin-fr\/\" class=\"lightcase-overlay ce-projectgallery__itemoverlay\">&nbsp;<\/a>\n                                        <figure class=\"\" data-aos=\"fade\" data-aos-duration=\"1000\" data-aos-delay=\"500\">\n                                            <picture>\n                                                <source media=\"(min-width: 1440px)\" srcset=\"https:\/\/www.rp-technik.com\/wp-content\/uploads\/2022\/12\/Schwimmbad-Pantin-rp-fineline-70-Terrasse-2-495x660.jpg\">\n                                                <source media=\"(min-width: 1200px)\" srcset=\"https:\/\/www.rp-technik.com\/wp-content\/uploads\/2022\/12\/Schwimmbad-Pantin-rp-fineline-70-Terrasse-2-355x474.jpg\">\n                                                <source media=\"(min-width: 992px)\" srcset=\"https:\/\/www.rp-technik.com\/wp-content\/uploads\/2022\/12\/Schwimmbad-Pantin-rp-fineline-70-Terrasse-2-300x400.jpg\">\n                                                <source media=\"(min-width: 768px)\" srcset=\"https:\/\/www.rp-technik.com\/wp-content\/uploads\/2022\/12\/Schwimmbad-Pantin-rp-fineline-70-Terrasse-2-245x327.jpg\">\n                                                <source media=\"(min-width: 576px)\" srcset=\"https:\/\/www.rp-technik.com\/wp-content\/uploads\/2022\/12\/Schwimmbad-Pantin-rp-fineline-70-Terrasse-2-380x507.jpg\">\n                                                <source media=\"(min-width: 320px)\" srcset=\"https:\/\/www.rp-technik.com\/wp-content\/uploads\/2022\/12\/Schwimmbad-Pantin-rp-fineline-70-Terrasse-2-285x380.jpg\">\n                                                <source data-srcset=\"https:\/\/www.rp-technik.com\/wp-content\/uploads\/2022\/12\/Schwimmbad-Pantin-rp-fineline-70-Terrasse-2-200x267.jpg\">\n                                                <img loading=\"lazy\" decoding=\"async\" src=\"https:\/\/www.rp-technik.com\/wp-content\/uploads\/2022\/12\/Schwimmbad-Pantin-rp-fineline-70-Terrasse-2-495x660.jpg\"  width=\"495\" height=\"660\" alt=\"Schwimmbad Pantin rp fineline 70 Terrasse (2)\" title=\"20329Piscine, Pantin\/FR\" class=\"img-fluid w-100\">\n                                            <\/picture>\n                                        <\/figure>\n                                    <\/div>\n                                    <p class=\"small mb-0\">\n                                        <strong>Piscine, Pantin\/FR<\/strong>\n                                    <\/p>\n                                    <p class=\"small\">\n                                        Construite en 1937, la piscine de Pantin est l&rsquo;une des plus anciennes d&rsquo;\u00cele-de-France et est  &#8230;                                    <\/p>\n                                <\/div>\n                                                            <div class=\"ce-projectgallery__item\">\n                                    <div class=\"ce-projectgallery__image\">\n                                        <a href=\"https:\/\/www.rp-technik.com\/fr\/reference\/orangerie-greiz\/\" class=\"lightcase-overlay ce-projectgallery__itemoverlay\">&nbsp;<\/a>\n                                        <figure class=\"\" data-aos=\"fade\" data-aos-duration=\"1000\" data-aos-delay=\"500\">\n                                            <picture>\n                                                <source media=\"(min-width: 1440px)\" srcset=\"https:\/\/www.rp-technik.com\/wp-content\/uploads\/2022\/10\/Orangerie-Greiz-rp-fineline-70W-exterior-495x660.jpg\">\n                                                <source media=\"(min-width: 1200px)\" srcset=\"https:\/\/www.rp-technik.com\/wp-content\/uploads\/2022\/10\/Orangerie-Greiz-rp-fineline-70W-exterior-355x474.jpg\">\n                                                <source media=\"(min-width: 992px)\" srcset=\"https:\/\/www.rp-technik.com\/wp-content\/uploads\/2022\/10\/Orangerie-Greiz-rp-fineline-70W-exterior-300x400.jpg\">\n                                                <source media=\"(min-width: 768px)\" srcset=\"https:\/\/www.rp-technik.com\/wp-content\/uploads\/2022\/10\/Orangerie-Greiz-rp-fineline-70W-exterior-245x327.jpg\">\n                                                <source media=\"(min-width: 576px)\" srcset=\"https:\/\/www.rp-technik.com\/wp-content\/uploads\/2022\/10\/Orangerie-Greiz-rp-fineline-70W-exterior-380x507.jpg\">\n                                                <source media=\"(min-width: 320px)\" srcset=\"https:\/\/www.rp-technik.com\/wp-content\/uploads\/2022\/10\/Orangerie-Greiz-rp-fineline-70W-exterior-285x380.jpg\">\n                                                <source data-srcset=\"https:\/\/www.rp-technik.com\/wp-content\/uploads\/2022\/10\/Orangerie-Greiz-rp-fineline-70W-exterior-200x267.jpg\">\n                                                <img loading=\"lazy\" decoding=\"async\" src=\"https:\/\/www.rp-technik.com\/wp-content\/uploads\/2022\/10\/Orangerie-Greiz-rp-fineline-70W-exterior-495x660.jpg\"  width=\"495\" height=\"660\" alt=\"\" title=\"19924Orangerie, Greiz\" class=\"img-fluid w-100\">\n                                            <\/picture>\n                                        <\/figure>\n                                    <\/div>\n                                    <p class=\"small mb-0\">\n                                        <strong>Orangerie, Greiz<\/strong>\n                                    <\/p>\n                                    <p class=\"small\">\n                                        L&rsquo;orangerie, d\u00e9crite par les architectes Haas comme un \u00ab\u00a0rapprochement du corps de b\u00e2timent avec  &#8230;                                    <\/p>\n                                <\/div>\n                                                            <div class=\"ce-projectgallery__item\">\n                                    <div class=\"ce-projectgallery__image\">\n                                        <a href=\"https:\/\/www.rp-technik.com\/fr\/reference\/bibliotheque-centrale-munich\/\" class=\"lightcase-overlay ce-projectgallery__itemoverlay\">&nbsp;<\/a>\n                                        <figure class=\"\" data-aos=\"fade\" data-aos-duration=\"1000\" data-aos-delay=\"500\">\n                                            <picture>\n                                                <source media=\"(min-width: 1440px)\" srcset=\"https:\/\/www.rp-technik.com\/wp-content\/uploads\/2022\/09\/Zentralbibliothek-Muenchen-rp-hermetic-70D-495x660.jpg\">\n                                                <source media=\"(min-width: 1200px)\" srcset=\"https:\/\/www.rp-technik.com\/wp-content\/uploads\/2022\/09\/Zentralbibliothek-Muenchen-rp-hermetic-70D-355x474.jpg\">\n                                                <source media=\"(min-width: 992px)\" srcset=\"https:\/\/www.rp-technik.com\/wp-content\/uploads\/2022\/09\/Zentralbibliothek-Muenchen-rp-hermetic-70D-300x400.jpg\">\n                                                <source media=\"(min-width: 768px)\" srcset=\"https:\/\/www.rp-technik.com\/wp-content\/uploads\/2022\/09\/Zentralbibliothek-Muenchen-rp-hermetic-70D-245x327.jpg\">\n                                                <source media=\"(min-width: 576px)\" srcset=\"https:\/\/www.rp-technik.com\/wp-content\/uploads\/2022\/09\/Zentralbibliothek-Muenchen-rp-hermetic-70D-380x507.jpg\">\n                                                <source media=\"(min-width: 320px)\" srcset=\"https:\/\/www.rp-technik.com\/wp-content\/uploads\/2022\/09\/Zentralbibliothek-Muenchen-rp-hermetic-70D-285x380.jpg\">\n                                                <source data-srcset=\"https:\/\/www.rp-technik.com\/wp-content\/uploads\/2022\/09\/Zentralbibliothek-Muenchen-rp-hermetic-70D-200x267.jpg\">\n                                                <img loading=\"lazy\" decoding=\"async\" src=\"https:\/\/www.rp-technik.com\/wp-content\/uploads\/2022\/09\/Zentralbibliothek-Muenchen-rp-hermetic-70D-495x660.jpg\"  width=\"495\" height=\"660\" alt=\"Zentralbibliothek M\u00fcnchen, rp hermetic 70D\" title=\"18873Biblioth\u00e8que centrale, Munich\" class=\"img-fluid w-100\">\n                                            <\/picture>\n                                        <\/figure>\n                                    <\/div>\n                                    <p class=\"small mb-0\">\n                                        <strong>Biblioth\u00e8que centrale, Munich<\/strong>\n                                    <\/p>\n                                    <p class=\"small\">\n                                        L&rsquo;extension de la biblioth\u00e8que centrale de Munich, r\u00e9alis\u00e9e par meck architekten, a \u00e9t\u00e9  &#8230;                                    <\/p>\n                                <\/div>\n                                                            <div class=\"ce-projectgallery__item\">\n                                    <div class=\"ce-projectgallery__image\">\n                                        <a href=\"https:\/\/www.rp-technik.com\/fr\/reference\/hs-films-de-precision-vohenstraus\/\" class=\"lightcase-overlay ce-projectgallery__itemoverlay\">&nbsp;<\/a>\n                                        <figure class=\"\" data-aos=\"fade\" data-aos-duration=\"1000\" data-aos-delay=\"500\">\n                                            <picture>\n                                                <source media=\"(min-width: 1440px)\" srcset=\"https:\/\/www.rp-technik.com\/wp-content\/uploads\/2022\/09\/HS-Praezisionsfolien-Vohenstrauss-rp-fineline-70W-Fenster-aussen-2-495x660.jpg\">\n                                                <source media=\"(min-width: 1200px)\" srcset=\"https:\/\/www.rp-technik.com\/wp-content\/uploads\/2022\/09\/HS-Praezisionsfolien-Vohenstrauss-rp-fineline-70W-Fenster-aussen-2-355x474.jpg\">\n                                                <source media=\"(min-width: 992px)\" srcset=\"https:\/\/www.rp-technik.com\/wp-content\/uploads\/2022\/09\/HS-Praezisionsfolien-Vohenstrauss-rp-fineline-70W-Fenster-aussen-2-300x400.jpg\">\n                                                <source media=\"(min-width: 768px)\" srcset=\"https:\/\/www.rp-technik.com\/wp-content\/uploads\/2022\/09\/HS-Praezisionsfolien-Vohenstrauss-rp-fineline-70W-Fenster-aussen-2-245x327.jpg\">\n                                                <source media=\"(min-width: 576px)\" srcset=\"https:\/\/www.rp-technik.com\/wp-content\/uploads\/2022\/09\/HS-Praezisionsfolien-Vohenstrauss-rp-fineline-70W-Fenster-aussen-2-380x507.jpg\">\n                                                <source media=\"(min-width: 320px)\" srcset=\"https:\/\/www.rp-technik.com\/wp-content\/uploads\/2022\/09\/HS-Praezisionsfolien-Vohenstrauss-rp-fineline-70W-Fenster-aussen-2-285x380.jpg\">\n                                                <source data-srcset=\"https:\/\/www.rp-technik.com\/wp-content\/uploads\/2022\/09\/HS-Praezisionsfolien-Vohenstrauss-rp-fineline-70W-Fenster-aussen-2-200x267.jpg\">\n                                                <img loading=\"lazy\" decoding=\"async\" src=\"https:\/\/www.rp-technik.com\/wp-content\/uploads\/2022\/09\/HS-Praezisionsfolien-Vohenstrauss-rp-fineline-70W-Fenster-aussen-2-495x660.jpg\"  width=\"495\" height=\"660\" alt=\"H+S-Pr\u00e4zisionsfolien, Vohenstrau\u00df, rp fineline 70W Fenster au\u00dfen (2)\" title=\"18394H+S-films de pr\u00e9cision, Vohenstrau\u00df\" class=\"img-fluid w-100\">\n                                            <\/picture>\n                                        <\/figure>\n                                    <\/div>\n                                    <p class=\"small mb-0\">\n                                        <strong>H+S-films de pr\u00e9cision, Vohenstrau\u00df<\/strong>\n                                    <\/p>\n                                    <p class=\"small\">\n                                        Des \u00e9l\u00e9ments de fen\u00eatre rp fineline filigranes ainsi que des portes coupe-feu et des cloisons de  &#8230;                                    <\/p>\n                                <\/div>\n                                                            <div class=\"ce-projectgallery__item\">\n                                    <div class=\"ce-projectgallery__image\">\n                                        <a href=\"https:\/\/www.rp-technik.com\/fr\/reference\/wiesenburg-berlin\/\" class=\"lightcase-overlay ce-projectgallery__itemoverlay\">&nbsp;<\/a>\n                                        <figure class=\"\" data-aos=\"fade\" data-aos-duration=\"1000\" data-aos-delay=\"500\">\n                                            <picture>\n                                                <source media=\"(min-width: 1440px)\" srcset=\"https:\/\/www.rp-technik.com\/wp-content\/uploads\/2022\/08\/Wiesenburg-Berlin-Vorhof-rp-fineline-70w-495x660.jpg\">\n                                                <source media=\"(min-width: 1200px)\" srcset=\"https:\/\/www.rp-technik.com\/wp-content\/uploads\/2022\/08\/Wiesenburg-Berlin-Vorhof-rp-fineline-70w-355x474.jpg\">\n                                                <source media=\"(min-width: 992px)\" srcset=\"https:\/\/www.rp-technik.com\/wp-content\/uploads\/2022\/08\/Wiesenburg-Berlin-Vorhof-rp-fineline-70w-300x400.jpg\">\n                                                <source media=\"(min-width: 768px)\" srcset=\"https:\/\/www.rp-technik.com\/wp-content\/uploads\/2022\/08\/Wiesenburg-Berlin-Vorhof-rp-fineline-70w-245x327.jpg\">\n                                                <source media=\"(min-width: 576px)\" srcset=\"https:\/\/www.rp-technik.com\/wp-content\/uploads\/2022\/08\/Wiesenburg-Berlin-Vorhof-rp-fineline-70w-380x507.jpg\">\n                                                <source media=\"(min-width: 320px)\" srcset=\"https:\/\/www.rp-technik.com\/wp-content\/uploads\/2022\/08\/Wiesenburg-Berlin-Vorhof-rp-fineline-70w-285x380.jpg\">\n                                                <source data-srcset=\"https:\/\/www.rp-technik.com\/wp-content\/uploads\/2022\/08\/Wiesenburg-Berlin-Vorhof-rp-fineline-70w-200x267.jpg\">\n                                                <img loading=\"lazy\" decoding=\"async\" src=\"https:\/\/www.rp-technik.com\/wp-content\/uploads\/2022\/08\/Wiesenburg-Berlin-Vorhof-rp-fineline-70w-495x660.jpg\"  width=\"495\" height=\"660\" alt=\"\" title=\"18107Wiesenburg, Berlin\" class=\"img-fluid w-100\">\n                                            <\/picture>\n                                        <\/figure>\n                                    <\/div>\n                                    <p class=\"small mb-0\">\n                                        <strong>Wiesenburg, Berlin<\/strong>\n                                    <\/p>\n                                    <p class=\"small\">\n                                        Le Wiesenburg \u00e0 Berlin associe cr\u00e9ativit\u00e9 et responsabilit\u00e9 sociale. Ateliers, studios,  &#8230;                                    <\/p>\n                                <\/div>\n                                                            <div class=\"ce-projectgallery__item\">\n                                    <div class=\"ce-projectgallery__image\">\n                                        <a href=\"https:\/\/www.rp-technik.com\/fr\/reference\/ancienne-usine-de-liqueur-horn-leipzig\/\" class=\"lightcase-overlay ce-projectgallery__itemoverlay\">&nbsp;<\/a>\n                                        <figure class=\"\" data-aos=\"fade\" data-aos-duration=\"1000\" data-aos-delay=\"500\">\n                                            <picture>\n                                                <source media=\"(min-width: 1440px)\" srcset=\"https:\/\/www.rp-technik.com\/wp-content\/uploads\/2022\/08\/Alte-Likoerfabrik-Horn-Leipzig-Eingangsbereich-rp-fineline-70D-495x660.jpg\">\n                                                <source media=\"(min-width: 1200px)\" srcset=\"https:\/\/www.rp-technik.com\/wp-content\/uploads\/2022\/08\/Alte-Likoerfabrik-Horn-Leipzig-Eingangsbereich-rp-fineline-70D-355x474.jpg\">\n                                                <source media=\"(min-width: 992px)\" srcset=\"https:\/\/www.rp-technik.com\/wp-content\/uploads\/2022\/08\/Alte-Likoerfabrik-Horn-Leipzig-Eingangsbereich-rp-fineline-70D-300x400.jpg\">\n                                                <source media=\"(min-width: 768px)\" srcset=\"https:\/\/www.rp-technik.com\/wp-content\/uploads\/2022\/08\/Alte-Likoerfabrik-Horn-Leipzig-Eingangsbereich-rp-fineline-70D-245x327.jpg\">\n                                                <source media=\"(min-width: 576px)\" srcset=\"https:\/\/www.rp-technik.com\/wp-content\/uploads\/2022\/08\/Alte-Likoerfabrik-Horn-Leipzig-Eingangsbereich-rp-fineline-70D-380x507.jpg\">\n                                                <source media=\"(min-width: 320px)\" srcset=\"https:\/\/www.rp-technik.com\/wp-content\/uploads\/2022\/08\/Alte-Likoerfabrik-Horn-Leipzig-Eingangsbereich-rp-fineline-70D-285x380.jpg\">\n                                                <source data-srcset=\"https:\/\/www.rp-technik.com\/wp-content\/uploads\/2022\/08\/Alte-Likoerfabrik-Horn-Leipzig-Eingangsbereich-rp-fineline-70D-200x267.jpg\">\n                                                <img loading=\"lazy\" decoding=\"async\" src=\"https:\/\/www.rp-technik.com\/wp-content\/uploads\/2022\/08\/Alte-Likoerfabrik-Horn-Leipzig-Eingangsbereich-rp-fineline-70D-495x660.jpg\"  width=\"495\" height=\"660\" alt=\"Alte Lik\u00f6rfabrik Horn, Leipzig Eingangsbereich rp fineline 70D\" title=\"18054Ancienne usine de liqueur Horn, Leipzig\" class=\"img-fluid w-100\">\n                                            <\/picture>\n                                        <\/figure>\n                                    <\/div>\n                                    <p class=\"small mb-0\">\n                                        <strong>Ancienne usine de liqueur Horn, Leipzig<\/strong>\n                                    <\/p>\n                                    <p class=\"small\">\n                                        C&rsquo;est en 1934 que fut construite, au si\u00e8ge de l&rsquo;ancienne \u00ab\u00a0Lik\u00f6rfabrik Horn\u00a0\u00bb, cette grande usine  &#8230;                                    <\/p>\n                                <\/div>\n                                                            <div class=\"ce-projectgallery__item\">\n                                    <div class=\"ce-projectgallery__image\">\n                                        <a href=\"https:\/\/www.rp-technik.com\/fr\/reference\/universite-libre-institut-de-chimie-berlin\/\" class=\"lightcase-overlay ce-projectgallery__itemoverlay\">&nbsp;<\/a>\n                                        <figure class=\"\" data-aos=\"fade\" data-aos-duration=\"1000\" data-aos-delay=\"500\">\n                                            <picture>\n                                                <source media=\"(min-width: 1440px)\" srcset=\"https:\/\/www.rp-technik.com\/wp-content\/uploads\/2022\/07\/Freie-Universitaet-Berlin-Seitenansicht-aussen-rp-fineline-70W-rp-fineline-70D-495x660.jpg\">\n                                                <source media=\"(min-width: 1200px)\" srcset=\"https:\/\/www.rp-technik.com\/wp-content\/uploads\/2022\/07\/Freie-Universitaet-Berlin-Seitenansicht-aussen-rp-fineline-70W-rp-fineline-70D-355x474.jpg\">\n                                                <source media=\"(min-width: 992px)\" srcset=\"https:\/\/www.rp-technik.com\/wp-content\/uploads\/2022\/07\/Freie-Universitaet-Berlin-Seitenansicht-aussen-rp-fineline-70W-rp-fineline-70D-300x400.jpg\">\n                                                <source media=\"(min-width: 768px)\" srcset=\"https:\/\/www.rp-technik.com\/wp-content\/uploads\/2022\/07\/Freie-Universitaet-Berlin-Seitenansicht-aussen-rp-fineline-70W-rp-fineline-70D-245x327.jpg\">\n                                                <source media=\"(min-width: 576px)\" srcset=\"https:\/\/www.rp-technik.com\/wp-content\/uploads\/2022\/07\/Freie-Universitaet-Berlin-Seitenansicht-aussen-rp-fineline-70W-rp-fineline-70D-380x507.jpg\">\n                                                <source media=\"(min-width: 320px)\" srcset=\"https:\/\/www.rp-technik.com\/wp-content\/uploads\/2022\/07\/Freie-Universitaet-Berlin-Seitenansicht-aussen-rp-fineline-70W-rp-fineline-70D-285x380.jpg\">\n                                                <source data-srcset=\"https:\/\/www.rp-technik.com\/wp-content\/uploads\/2022\/07\/Freie-Universitaet-Berlin-Seitenansicht-aussen-rp-fineline-70W-rp-fineline-70D-200x267.jpg\">\n                                                <img loading=\"lazy\" decoding=\"async\" src=\"https:\/\/www.rp-technik.com\/wp-content\/uploads\/2022\/07\/Freie-Universitaet-Berlin-Seitenansicht-aussen-rp-fineline-70W-rp-fineline-70D-495x660.jpg\"  width=\"495\" height=\"660\" alt=\"Freie Universit\u00e4t Berlin Seitenansicht au\u00dfen rp fineline 70W &#038; rp fineline 70D\" title=\"17498Universit\u00e9 libre, Institut de chimie, Berlin\" class=\"img-fluid w-100\">\n                                            <\/picture>\n                                        <\/figure>\n                                    <\/div>\n                                    <p class=\"small mb-0\">\n                                        <strong>Universit\u00e9 libre, Institut de chimie, Berlin<\/strong>\n                                    <\/p>\n                                    <p class=\"small\">\n                                        Le b\u00e2timent de l&rsquo;institut de chimie, d\u00e9crit par l&rsquo;architecte Friedhelm Nussbaum comme un \u00ab\u00a0tr\u00e9sor  &#8230;                                    <\/p>\n                                <\/div>\n                                                            <div class=\"ce-projectgallery__item\">\n                                    <div class=\"ce-projectgallery__image\">\n                                        <a href=\"https:\/\/www.rp-technik.com\/fr\/reference\/ecole-primaire-francfort-sur-loder\/\" class=\"lightcase-overlay ce-projectgallery__itemoverlay\">&nbsp;<\/a>\n                                        <figure class=\"\" data-aos=\"fade\" data-aos-duration=\"1000\" data-aos-delay=\"500\">\n                                            <picture>\n                                                <source media=\"(min-width: 1440px)\" srcset=\"https:\/\/www.rp-technik.com\/wp-content\/uploads\/2022\/07\/rp-fineline-70W-Fenster-innen-Weite-Ansicht-495x660.jpg\">\n                                                <source media=\"(min-width: 1200px)\" srcset=\"https:\/\/www.rp-technik.com\/wp-content\/uploads\/2022\/07\/rp-fineline-70W-Fenster-innen-Weite-Ansicht-355x474.jpg\">\n                                                <source media=\"(min-width: 992px)\" srcset=\"https:\/\/www.rp-technik.com\/wp-content\/uploads\/2022\/07\/rp-fineline-70W-Fenster-innen-Weite-Ansicht-300x400.jpg\">\n                                                <source media=\"(min-width: 768px)\" srcset=\"https:\/\/www.rp-technik.com\/wp-content\/uploads\/2022\/07\/rp-fineline-70W-Fenster-innen-Weite-Ansicht-245x327.jpg\">\n                                                <source media=\"(min-width: 576px)\" srcset=\"https:\/\/www.rp-technik.com\/wp-content\/uploads\/2022\/07\/rp-fineline-70W-Fenster-innen-Weite-Ansicht-380x507.jpg\">\n                                                <source media=\"(min-width: 320px)\" srcset=\"https:\/\/www.rp-technik.com\/wp-content\/uploads\/2022\/07\/rp-fineline-70W-Fenster-innen-Weite-Ansicht-285x380.jpg\">\n                                                <source data-srcset=\"https:\/\/www.rp-technik.com\/wp-content\/uploads\/2022\/07\/rp-fineline-70W-Fenster-innen-Weite-Ansicht-200x267.jpg\">\n                                                <img loading=\"lazy\" decoding=\"async\" src=\"https:\/\/www.rp-technik.com\/wp-content\/uploads\/2022\/07\/rp-fineline-70W-Fenster-innen-Weite-Ansicht-495x660.jpg\"  width=\"495\" height=\"660\" alt=\"rp fineline 70W, Fenster innen Weite Ansicht\" title=\"17469\u00c9cole primaire, Francfort sur l\u2019Oder\" class=\"img-fluid w-100\">\n                                            <\/picture>\n                                        <\/figure>\n                                    <\/div>\n                                    <p class=\"small mb-0\">\n                                        <strong>\u00c9cole primaire, Francfort sur l\u2019Oder<\/strong>\n                                    <\/p>\n                                    <p class=\"small\">\n                                        L&rsquo;\u00e9cole ? Ennuyeux ? Pas avec RP ! Sur ce b\u00e2timent scolaire class\u00e9 des ann\u00e9es quatre-vingt, une  &#8230;                                    <\/p>\n                                <\/div>\n                                                            <div class=\"ce-projectgallery__item\">\n                                    <div class=\"ce-projectgallery__image\">\n                                        <a href=\"https:\/\/www.rp-technik.com\/fr\/reference\/jardin-dhiver-france\/\" class=\"lightcase-overlay ce-projectgallery__itemoverlay\">&nbsp;<\/a>\n                                        <figure class=\"\" data-aos=\"fade\" data-aos-duration=\"1000\" data-aos-delay=\"500\">\n                                            <picture>\n                                                <source media=\"(min-width: 1440px)\" srcset=\"https:\/\/www.rp-technik.com\/wp-content\/uploads\/2022\/05\/Wintergarten-rp-fineline-60W-Gesamtansicht-495x660.jpg\">\n                                                <source media=\"(min-width: 1200px)\" srcset=\"https:\/\/www.rp-technik.com\/wp-content\/uploads\/2022\/05\/Wintergarten-rp-fineline-60W-Gesamtansicht-355x474.jpg\">\n                                                <source media=\"(min-width: 992px)\" srcset=\"https:\/\/www.rp-technik.com\/wp-content\/uploads\/2022\/05\/Wintergarten-rp-fineline-60W-Gesamtansicht-300x400.jpg\">\n                                                <source media=\"(min-width: 768px)\" srcset=\"https:\/\/www.rp-technik.com\/wp-content\/uploads\/2022\/05\/Wintergarten-rp-fineline-60W-Gesamtansicht-245x327.jpg\">\n                                                <source media=\"(min-width: 576px)\" srcset=\"https:\/\/www.rp-technik.com\/wp-content\/uploads\/2022\/05\/Wintergarten-rp-fineline-60W-Gesamtansicht-380x507.jpg\">\n                                                <source media=\"(min-width: 320px)\" srcset=\"https:\/\/www.rp-technik.com\/wp-content\/uploads\/2022\/05\/Wintergarten-rp-fineline-60W-Gesamtansicht-285x380.jpg\">\n                                                <source data-srcset=\"https:\/\/www.rp-technik.com\/wp-content\/uploads\/2022\/05\/Wintergarten-rp-fineline-60W-Gesamtansicht-200x267.jpg\">\n                                                <img loading=\"lazy\" decoding=\"async\" src=\"https:\/\/www.rp-technik.com\/wp-content\/uploads\/2022\/05\/Wintergarten-rp-fineline-60W-Gesamtansicht-495x660.jpg\"  width=\"495\" height=\"660\" alt=\"Wintergarten Rp Fineline 60W Gesamtansicht\" title=\"16987Jardin d&rsquo;hiver, France\" class=\"img-fluid w-100\">\n                                            <\/picture>\n                                        <\/figure>\n                                    <\/div>\n                                    <p class=\"small mb-0\">\n                                        <strong>Jardin d&rsquo;hiver, France<\/strong>\n                                    <\/p>\n                                    <p class=\"small\">\n                                        Ce jardin d&rsquo;hiver rp fineline 60 f\u00fbt le premier d&rsquo;une longue s\u00e9rie qui r\u00e9introduisit le jardin  &#8230;                                    <\/p>\n                                <\/div>\n                                                            <div class=\"ce-projectgallery__item\">\n                                    <div class=\"ce-projectgallery__image\">\n                                        <a href=\"https:\/\/www.rp-technik.com\/fr\/reference\/la-rue-raspail-france\/\" class=\"lightcase-overlay ce-projectgallery__itemoverlay\">&nbsp;<\/a>\n                                        <figure class=\"\" data-aos=\"fade\" data-aos-duration=\"1000\" data-aos-delay=\"500\">\n                                            <picture>\n                                                <source media=\"(min-width: 1440px)\" srcset=\"https:\/\/www.rp-technik.com\/wp-content\/uploads\/2022\/04\/Detailansicht-495x660.jpg\">\n                                                <source media=\"(min-width: 1200px)\" srcset=\"https:\/\/www.rp-technik.com\/wp-content\/uploads\/2022\/04\/Detailansicht-355x474.jpg\">\n                                                <source media=\"(min-width: 992px)\" srcset=\"https:\/\/www.rp-technik.com\/wp-content\/uploads\/2022\/04\/Detailansicht-300x400.jpg\">\n                                                <source media=\"(min-width: 768px)\" srcset=\"https:\/\/www.rp-technik.com\/wp-content\/uploads\/2022\/04\/Detailansicht-245x327.jpg\">\n                                                <source media=\"(min-width: 576px)\" srcset=\"https:\/\/www.rp-technik.com\/wp-content\/uploads\/2022\/04\/Detailansicht-380x507.jpg\">\n                                                <source media=\"(min-width: 320px)\" srcset=\"https:\/\/www.rp-technik.com\/wp-content\/uploads\/2022\/04\/Detailansicht-285x380.jpg\">\n                                                <source data-srcset=\"https:\/\/www.rp-technik.com\/wp-content\/uploads\/2022\/04\/Detailansicht-200x267.jpg\">\n                                                <img loading=\"lazy\" decoding=\"async\" src=\"https:\/\/www.rp-technik.com\/wp-content\/uploads\/2022\/04\/Detailansicht-495x660.jpg\"  width=\"495\" height=\"660\" alt=\"\" title=\"15599La Rue Raspail, France\" class=\"img-fluid w-100\">\n                                            <\/picture>\n                                        <\/figure>\n                                    <\/div>\n                                    <p class=\"small mb-0\">\n                                        <strong>La Rue Raspail, France<\/strong>\n                                    <\/p>\n                                    <p class=\"small\">\n                                        Apr\u00e8s la suppression des anciennes baies vitr\u00e9es et la cr\u00e9ation d&rsquo;une nouvelle structure  &#8230;                                    <\/p>\n                                <\/div>\n                                                            <div class=\"ce-projectgallery__item\">\n                                    <div class=\"ce-projectgallery__image\">\n                                        <a href=\"https:\/\/www.rp-technik.com\/fr\/reference\/eglise-culturelle-st-jakobi-stralsund\/\" class=\"lightcase-overlay ce-projectgallery__itemoverlay\">&nbsp;<\/a>\n                                        <figure class=\"\" data-aos=\"fade\" data-aos-duration=\"1000\" data-aos-delay=\"500\">\n                                            <picture>\n                                                <source media=\"(min-width: 1440px)\" srcset=\"https:\/\/www.rp-technik.com\/wp-content\/uploads\/2022\/03\/Eingangstuer-Nahaufnahme--495x660.jpg\">\n                                                <source media=\"(min-width: 1200px)\" srcset=\"https:\/\/www.rp-technik.com\/wp-content\/uploads\/2022\/03\/Eingangstuer-Nahaufnahme--355x474.jpg\">\n                                                <source media=\"(min-width: 992px)\" srcset=\"https:\/\/www.rp-technik.com\/wp-content\/uploads\/2022\/03\/Eingangstuer-Nahaufnahme--300x400.jpg\">\n                                                <source media=\"(min-width: 768px)\" srcset=\"https:\/\/www.rp-technik.com\/wp-content\/uploads\/2022\/03\/Eingangstuer-Nahaufnahme--245x327.jpg\">\n                                                <source media=\"(min-width: 576px)\" srcset=\"https:\/\/www.rp-technik.com\/wp-content\/uploads\/2022\/03\/Eingangstuer-Nahaufnahme--380x507.jpg\">\n                                                <source media=\"(min-width: 320px)\" srcset=\"https:\/\/www.rp-technik.com\/wp-content\/uploads\/2022\/03\/Eingangstuer-Nahaufnahme--285x380.jpg\">\n                                                <source data-srcset=\"https:\/\/www.rp-technik.com\/wp-content\/uploads\/2022\/03\/Eingangstuer-Nahaufnahme--200x267.jpg\">\n                                                <img loading=\"lazy\" decoding=\"async\" src=\"https:\/\/www.rp-technik.com\/wp-content\/uploads\/2022\/03\/Eingangstuer-Nahaufnahme--495x660.jpg\"  width=\"495\" height=\"660\" alt=\"Eingangst\u00fcr Nahaufnahme\" title=\"15366\u00c9glise culturelle St.Jakobi, \u201eStralsund\u201c\" class=\"img-fluid w-100\">\n                                            <\/picture>\n                                        <\/figure>\n                                    <\/div>\n                                    <p class=\"small mb-0\">\n                                        <strong>\u00c9glise culturelle St.Jakobi, \u201eStralsund\u201c<\/strong>\n                                    <\/p>\n                                    <p class=\"small\">\n                                        Mentionn\u00e9e pour la premi\u00e8re fois en 1303, l&rsquo;\u00e9glise St. Jakobi est aujourd&rsquo;hui utilis\u00e9e comme  &#8230;                                    <\/p>\n                                <\/div>\n                                                            <div class=\"ce-projectgallery__item\">\n                                    <div class=\"ce-projectgallery__image\">\n                                        <a href=\"https:\/\/www.rp-technik.com\/fr\/reference\/orangerie-tuin-de-lage-oosterbeek-nl\/\" class=\"lightcase-overlay ce-projectgallery__itemoverlay\">&nbsp;<\/a>\n                                        <figure class=\"\" data-aos=\"fade\" data-aos-duration=\"1000\" data-aos-delay=\"500\">\n                                            <picture>\n                                                <source media=\"(min-width: 1440px)\" srcset=\"https:\/\/www.rp-technik.com\/wp-content\/uploads\/2022\/04\/Orangerie-Tuin-de-Lage-Osterbeek-Wintergarten-Rp-Technik-495x660.jpg\">\n                                                <source media=\"(min-width: 1200px)\" srcset=\"https:\/\/www.rp-technik.com\/wp-content\/uploads\/2022\/04\/Orangerie-Tuin-de-Lage-Osterbeek-Wintergarten-Rp-Technik-355x474.jpg\">\n                                                <source media=\"(min-width: 992px)\" srcset=\"https:\/\/www.rp-technik.com\/wp-content\/uploads\/2022\/04\/Orangerie-Tuin-de-Lage-Osterbeek-Wintergarten-Rp-Technik-300x400.jpg\">\n                                                <source media=\"(min-width: 768px)\" srcset=\"https:\/\/www.rp-technik.com\/wp-content\/uploads\/2022\/04\/Orangerie-Tuin-de-Lage-Osterbeek-Wintergarten-Rp-Technik-245x327.jpg\">\n                                                <source media=\"(min-width: 576px)\" srcset=\"https:\/\/www.rp-technik.com\/wp-content\/uploads\/2022\/04\/Orangerie-Tuin-de-Lage-Osterbeek-Wintergarten-Rp-Technik-380x507.jpg\">\n                                                <source media=\"(min-width: 320px)\" srcset=\"https:\/\/www.rp-technik.com\/wp-content\/uploads\/2022\/04\/Orangerie-Tuin-de-Lage-Osterbeek-Wintergarten-Rp-Technik-285x380.jpg\">\n                                                <source data-srcset=\"https:\/\/www.rp-technik.com\/wp-content\/uploads\/2022\/04\/Orangerie-Tuin-de-Lage-Osterbeek-Wintergarten-Rp-Technik-200x267.jpg\">\n                                                <img loading=\"lazy\" decoding=\"async\" src=\"https:\/\/www.rp-technik.com\/wp-content\/uploads\/2022\/04\/Orangerie-Tuin-de-Lage-Osterbeek-Wintergarten-Rp-Technik-495x660.jpg\"  width=\"495\" height=\"660\" alt=\"\" title=\"15564Orangerie Tuin de Lage Oosterbeek \/NL\" class=\"img-fluid w-100\">\n                                            <\/picture>\n                                        <\/figure>\n                                    <\/div>\n                                    <p class=\"small mb-0\">\n                                        <strong>Orangerie Tuin de Lage Oosterbeek \/NL<\/strong>\n                                    <\/p>\n                                    <p class=\"small\">\n                                        Cette magnifique orangerie invite \u00e0 la d\u00e9tente. On peut y appr\u00e9cier l&rsquo;art tout comme une part de  &#8230;                                    <\/p>\n                                <\/div>\n                                                            <div class=\"ce-projectgallery__item\">\n                                    <div class=\"ce-projectgallery__image\">\n                                        <a href=\"https:\/\/www.rp-technik.com\/fr\/reference\/humboldt-forum-berlin\/\" class=\"lightcase-overlay ce-projectgallery__itemoverlay\">&nbsp;<\/a>\n                                        <figure class=\"\" data-aos=\"fade\" data-aos-duration=\"1000\" data-aos-delay=\"500\">\n                                            <picture>\n                                                <source media=\"(min-width: 1440px)\" srcset=\"https:\/\/www.rp-technik.com\/wp-content\/uploads\/2021\/12\/Humboldt-Forum-Berlin-Gesamtansicht-rp-hermetic-70W-495x660.jpg\">\n                                                <source media=\"(min-width: 1200px)\" srcset=\"https:\/\/www.rp-technik.com\/wp-content\/uploads\/2021\/12\/Humboldt-Forum-Berlin-Gesamtansicht-rp-hermetic-70W-355x474.jpg\">\n                                                <source media=\"(min-width: 992px)\" srcset=\"https:\/\/www.rp-technik.com\/wp-content\/uploads\/2021\/12\/Humboldt-Forum-Berlin-Gesamtansicht-rp-hermetic-70W-300x400.jpg\">\n                                                <source media=\"(min-width: 768px)\" srcset=\"https:\/\/www.rp-technik.com\/wp-content\/uploads\/2021\/12\/Humboldt-Forum-Berlin-Gesamtansicht-rp-hermetic-70W-245x327.jpg\">\n                                                <source media=\"(min-width: 576px)\" srcset=\"https:\/\/www.rp-technik.com\/wp-content\/uploads\/2021\/12\/Humboldt-Forum-Berlin-Gesamtansicht-rp-hermetic-70W-380x507.jpg\">\n                                                <source media=\"(min-width: 320px)\" srcset=\"https:\/\/www.rp-technik.com\/wp-content\/uploads\/2021\/12\/Humboldt-Forum-Berlin-Gesamtansicht-rp-hermetic-70W-285x380.jpg\">\n                                                <source data-srcset=\"https:\/\/www.rp-technik.com\/wp-content\/uploads\/2021\/12\/Humboldt-Forum-Berlin-Gesamtansicht-rp-hermetic-70W-200x267.jpg\">\n                                                <img loading=\"lazy\" decoding=\"async\" src=\"https:\/\/www.rp-technik.com\/wp-content\/uploads\/2021\/12\/Humboldt-Forum-Berlin-Gesamtansicht-rp-hermetic-70W-495x660.jpg\"  width=\"495\" height=\"660\" alt=\"Humboldt Forum Berlin, vue g\u00e9n\u00e9rale rp hermetic 70W\" title=\"13473Humboldt Forum, Berlin\" class=\"img-fluid w-100\">\n                                            <\/picture>\n                                        <\/figure>\n                                    <\/div>\n                                    <p class=\"small mb-0\">\n                                        <strong>Humboldt Forum, Berlin<\/strong>\n                                    <\/p>\n                                    <p class=\"small\">\n                                        Appr\u00e9cions ensemble la vue unique du Humboldt Forum avec les portes et les fen\u00eatres de la s\u00e9rie  &#8230;                                    <\/p>\n                                <\/div>\n                                                            <div class=\"ce-projectgallery__item\">\n                                    <div class=\"ce-projectgallery__image\">\n                                        <a href=\"https:\/\/www.rp-technik.com\/fr\/reference\/clinique-de-waldhaus-berlin\/\" class=\"lightcase-overlay ce-projectgallery__itemoverlay\">&nbsp;<\/a>\n                                        <figure class=\"\" data-aos=\"fade\" data-aos-duration=\"1000\" data-aos-delay=\"500\">\n                                            <picture>\n                                                <source media=\"(min-width: 1440px)\" srcset=\"https:\/\/www.rp-technik.com\/wp-content\/uploads\/2021\/11\/Header-mit-Copyright-7-495x660.jpg\">\n                                                <source media=\"(min-width: 1200px)\" srcset=\"https:\/\/www.rp-technik.com\/wp-content\/uploads\/2021\/11\/Header-mit-Copyright-7-355x474.jpg\">\n                                                <source media=\"(min-width: 992px)\" srcset=\"https:\/\/www.rp-technik.com\/wp-content\/uploads\/2021\/11\/Header-mit-Copyright-7-300x400.jpg\">\n                                                <source media=\"(min-width: 768px)\" srcset=\"https:\/\/www.rp-technik.com\/wp-content\/uploads\/2021\/11\/Header-mit-Copyright-7-245x327.jpg\">\n                                                <source media=\"(min-width: 576px)\" srcset=\"https:\/\/www.rp-technik.com\/wp-content\/uploads\/2021\/11\/Header-mit-Copyright-7-380x507.jpg\">\n                                                <source media=\"(min-width: 320px)\" srcset=\"https:\/\/www.rp-technik.com\/wp-content\/uploads\/2021\/11\/Header-mit-Copyright-7-285x380.jpg\">\n                                                <source data-srcset=\"https:\/\/www.rp-technik.com\/wp-content\/uploads\/2021\/11\/Header-mit-Copyright-7-200x267.jpg\">\n                                                <img loading=\"lazy\" decoding=\"async\" src=\"https:\/\/www.rp-technik.com\/wp-content\/uploads\/2021\/11\/Header-mit-Copyright-7-495x660.jpg\"  width=\"495\" height=\"660\" alt=\"\" title=\"13181Villa Waldhaus , Berlin\" class=\"img-fluid w-100\">\n                                            <\/picture>\n                                        <\/figure>\n                                    <\/div>\n                                    <p class=\"small mb-0\">\n                                        <strong>Villa Waldhaus , Berlin<\/strong>\n                                    <\/p>\n                                    <p class=\"small\">\n                                        Des angles de vue clairs comme du verre, libres et ouverts gr\u00e2ce aux fen\u00eatres particuli\u00e8rement  &#8230;                                    <\/p>\n                                <\/div>\n                                                            <div class=\"ce-projectgallery__item\">\n                                    <div class=\"ce-projectgallery__image\">\n                                        <a href=\"https:\/\/www.rp-technik.com\/fr\/reference\/orangerie-herzogingarten-dresden\/\" class=\"lightcase-overlay ce-projectgallery__itemoverlay\">&nbsp;<\/a>\n                                        <figure class=\"\" data-aos=\"fade\" data-aos-duration=\"1000\" data-aos-delay=\"500\">\n                                            <picture>\n                                                <source media=\"(min-width: 1440px)\" srcset=\"https:\/\/www.rp-technik.com\/wp-content\/uploads\/2021\/11\/RP-015-Ausschnitt-II-1066-x740px-1-1-495x660.jpg\">\n                                                <source media=\"(min-width: 1200px)\" srcset=\"https:\/\/www.rp-technik.com\/wp-content\/uploads\/2021\/11\/RP-015-Ausschnitt-II-1066-x740px-1-1-355x474.jpg\">\n                                                <source media=\"(min-width: 992px)\" srcset=\"https:\/\/www.rp-technik.com\/wp-content\/uploads\/2021\/11\/RP-015-Ausschnitt-II-1066-x740px-1-1-300x400.jpg\">\n                                                <source media=\"(min-width: 768px)\" srcset=\"https:\/\/www.rp-technik.com\/wp-content\/uploads\/2021\/11\/RP-015-Ausschnitt-II-1066-x740px-1-1-245x327.jpg\">\n                                                <source media=\"(min-width: 576px)\" srcset=\"https:\/\/www.rp-technik.com\/wp-content\/uploads\/2021\/11\/RP-015-Ausschnitt-II-1066-x740px-1-1-380x507.jpg\">\n                                                <source media=\"(min-width: 320px)\" srcset=\"https:\/\/www.rp-technik.com\/wp-content\/uploads\/2021\/11\/RP-015-Ausschnitt-II-1066-x740px-1-1-285x380.jpg\">\n                                                <source data-srcset=\"https:\/\/www.rp-technik.com\/wp-content\/uploads\/2021\/11\/RP-015-Ausschnitt-II-1066-x740px-1-1-200x267.jpg\">\n                                                <img loading=\"lazy\" decoding=\"async\" src=\"https:\/\/www.rp-technik.com\/wp-content\/uploads\/2021\/11\/RP-015-Ausschnitt-II-1066-x740px-1-1-495x660.jpg\"  width=\"495\" height=\"660\" alt=\"\" title=\"12247Herzogin Garten Dresden\" class=\"img-fluid w-100\">\n                                            <\/picture>\n                                        <\/figure>\n                                    <\/div>\n                                    <p class=\"small mb-0\">\n                                        <strong>Herzogin Garten Dresden<\/strong>\n                                    <\/p>\n                                    <p class=\"small\">\n                                        Le b\u00e2timent de l&rsquo;orangerie, presque enti\u00e8rement d\u00e9truit pendant la Seconde Guerre mondiale, a  &#8230;                                    <\/p>\n                                <\/div>\n                                                            <div class=\"ce-projectgallery__item\">\n                                    <div class=\"ce-projectgallery__image\">\n                                        <a href=\"https:\/\/www.rp-technik.com\/fr\/reference\/energiefabrik-knappenrode-industriemuseum-hoyerswerda\/\" class=\"lightcase-overlay ce-projectgallery__itemoverlay\">&nbsp;<\/a>\n                                        <figure class=\"\" data-aos=\"fade\" data-aos-duration=\"1000\" data-aos-delay=\"500\">\n                                            <picture>\n                                                <source media=\"(min-width: 1440px)\" srcset=\"https:\/\/www.rp-technik.com\/wp-content\/uploads\/2021\/10\/RP-025-knappenrode-1066x800-1-495x660.jpg\">\n                                                <source media=\"(min-width: 1200px)\" srcset=\"https:\/\/www.rp-technik.com\/wp-content\/uploads\/2021\/10\/RP-025-knappenrode-1066x800-1-355x474.jpg\">\n                                                <source media=\"(min-width: 992px)\" srcset=\"https:\/\/www.rp-technik.com\/wp-content\/uploads\/2021\/10\/RP-025-knappenrode-1066x800-1-300x400.jpg\">\n                                                <source media=\"(min-width: 768px)\" srcset=\"https:\/\/www.rp-technik.com\/wp-content\/uploads\/2021\/10\/RP-025-knappenrode-1066x800-1-245x327.jpg\">\n                                                <source media=\"(min-width: 576px)\" srcset=\"https:\/\/www.rp-technik.com\/wp-content\/uploads\/2021\/10\/RP-025-knappenrode-1066x800-1-380x507.jpg\">\n                                                <source media=\"(min-width: 320px)\" srcset=\"https:\/\/www.rp-technik.com\/wp-content\/uploads\/2021\/10\/RP-025-knappenrode-1066x800-1-285x380.jpg\">\n                                                <source data-srcset=\"https:\/\/www.rp-technik.com\/wp-content\/uploads\/2021\/10\/RP-025-knappenrode-1066x800-1-200x267.jpg\">\n                                                <img loading=\"lazy\" decoding=\"async\" src=\"https:\/\/www.rp-technik.com\/wp-content\/uploads\/2021\/10\/RP-025-knappenrode-1066x800-1-495x660.jpg\"  width=\"495\" height=\"660\" alt=\"Energiefabrik Knappenrode rp fineline 70W 60W Treppenhaus\" title=\"12011Energiefabrik Knappenrode, Hoyerswerda\" class=\"img-fluid w-100\">\n                                            <\/picture>\n                                        <\/figure>\n                                    <\/div>\n                                    <p class=\"small mb-0\">\n                                        <strong>Energiefabrik Knappenrode, Hoyerswerda<\/strong>\n                                    <\/p>\n                                    <p class=\"small\">\n                                        M\u00eame de loin, la brique rouge de l&rsquo;usine de briquettes centenaire de Knappenrode brille. Il s&rsquo;agit  &#8230;                                    <\/p>\n                                <\/div>\n                                                            <div class=\"ce-projectgallery__item\">\n                                    <div class=\"ce-projectgallery__image\">\n                                        <a href=\"https:\/\/www.rp-technik.com\/fr\/reference\/container-hotel-meeresbummler-markdorf\/\" class=\"lightcase-overlay ce-projectgallery__itemoverlay\">&nbsp;<\/a>\n                                        <figure class=\"\" data-aos=\"fade\" data-aos-duration=\"1000\" data-aos-delay=\"500\">\n                                            <picture>\n                                                <source media=\"(min-width: 1440px)\" srcset=\"https:\/\/www.rp-technik.com\/wp-content\/uploads\/2020\/08\/hotel-meeresbummler\u2013stahl-glas-system-rp-hermetic-70D-detail_vorschau-1-495x660.jpg\">\n                                                <source media=\"(min-width: 1200px)\" srcset=\"https:\/\/www.rp-technik.com\/wp-content\/uploads\/2020\/08\/hotel-meeresbummler\u2013stahl-glas-system-rp-hermetic-70D-detail_vorschau-1-355x474.jpg\">\n                                                <source media=\"(min-width: 992px)\" srcset=\"https:\/\/www.rp-technik.com\/wp-content\/uploads\/2020\/08\/hotel-meeresbummler\u2013stahl-glas-system-rp-hermetic-70D-detail_vorschau-1-300x400.jpg\">\n                                                <source media=\"(min-width: 768px)\" srcset=\"https:\/\/www.rp-technik.com\/wp-content\/uploads\/2020\/08\/hotel-meeresbummler\u2013stahl-glas-system-rp-hermetic-70D-detail_vorschau-1-245x327.jpg\">\n                                                <source media=\"(min-width: 576px)\" srcset=\"https:\/\/www.rp-technik.com\/wp-content\/uploads\/2020\/08\/hotel-meeresbummler\u2013stahl-glas-system-rp-hermetic-70D-detail_vorschau-1-380x507.jpg\">\n                                                <source media=\"(min-width: 320px)\" srcset=\"https:\/\/www.rp-technik.com\/wp-content\/uploads\/2020\/08\/hotel-meeresbummler\u2013stahl-glas-system-rp-hermetic-70D-detail_vorschau-1-285x380.jpg\">\n                                                <source data-srcset=\"https:\/\/www.rp-technik.com\/wp-content\/uploads\/2020\/08\/hotel-meeresbummler\u2013stahl-glas-system-rp-hermetic-70D-detail_vorschau-1-200x267.jpg\">\n                                                <img loading=\"lazy\" decoding=\"async\" src=\"https:\/\/www.rp-technik.com\/wp-content\/uploads\/2020\/08\/hotel-meeresbummler\u2013stahl-glas-system-rp-hermetic-70D-detail_vorschau-1-495x660.jpg\"  width=\"495\" height=\"660\" alt=\"\" title=\"9994H\u00f4tel container Meeresbummler, Markdorf\" class=\"img-fluid w-100\">\n                                            <\/picture>\n                                        <\/figure>\n                                    <\/div>\n                                    <p class=\"small mb-0\">\n                                        <strong>H\u00f4tel container Meeresbummler, Markdorf<\/strong>\n                                    <\/p>\n                                    <p class=\"small\">\n                                        Le container de fret a pass\u00e9 16 ans sur les mers du globe. D\u00e9sormais, ce globe-trotteur des mers  &#8230;                                    <\/p>\n                                <\/div>\n                                                            <div class=\"ce-projectgallery__item\">\n                                    <div class=\"ce-projectgallery__image\">\n                                        <a href=\"https:\/\/www.rp-technik.com\/fr\/reference\/eiffel-gebaeude-maastricht-nl\/\" class=\"lightcase-overlay ce-projectgallery__itemoverlay\">&nbsp;<\/a>\n                                        <figure class=\"\" data-aos=\"fade\" data-aos-duration=\"1000\" data-aos-delay=\"500\">\n                                            <picture>\n                                                <source media=\"(min-width: 1440px)\" srcset=\"https:\/\/www.rp-technik.com\/wp-content\/uploads\/2020\/08\/eiffel-masstricht-design-stahl-fenstersystem-rp-fineline-70W-fassade_vorschau-495x660.jpg\">\n                                                <source media=\"(min-width: 1200px)\" srcset=\"https:\/\/www.rp-technik.com\/wp-content\/uploads\/2020\/08\/eiffel-masstricht-design-stahl-fenstersystem-rp-fineline-70W-fassade_vorschau-355x474.jpg\">\n                                                <source media=\"(min-width: 992px)\" srcset=\"https:\/\/www.rp-technik.com\/wp-content\/uploads\/2020\/08\/eiffel-masstricht-design-stahl-fenstersystem-rp-fineline-70W-fassade_vorschau-300x400.jpg\">\n                                                <source media=\"(min-width: 768px)\" srcset=\"https:\/\/www.rp-technik.com\/wp-content\/uploads\/2020\/08\/eiffel-masstricht-design-stahl-fenstersystem-rp-fineline-70W-fassade_vorschau-245x327.jpg\">\n                                                <source media=\"(min-width: 576px)\" srcset=\"https:\/\/www.rp-technik.com\/wp-content\/uploads\/2020\/08\/eiffel-masstricht-design-stahl-fenstersystem-rp-fineline-70W-fassade_vorschau-380x507.jpg\">\n                                                <source media=\"(min-width: 320px)\" srcset=\"https:\/\/www.rp-technik.com\/wp-content\/uploads\/2020\/08\/eiffel-masstricht-design-stahl-fenstersystem-rp-fineline-70W-fassade_vorschau-285x380.jpg\">\n                                                <source data-srcset=\"https:\/\/www.rp-technik.com\/wp-content\/uploads\/2020\/08\/eiffel-masstricht-design-stahl-fenstersystem-rp-fineline-70W-fassade_vorschau-200x267.jpg\">\n                                                <img loading=\"lazy\" decoding=\"async\" src=\"https:\/\/www.rp-technik.com\/wp-content\/uploads\/2020\/08\/eiffel-masstricht-design-stahl-fenstersystem-rp-fineline-70W-fassade_vorschau-495x660.jpg\"  width=\"495\" height=\"660\" alt=\"\" title=\"10011B\u00e2timent Eiffel, Maastricht\/Pays-Bas\" class=\"img-fluid w-100\">\n                                            <\/picture>\n                                        <\/figure>\n                                    <\/div>\n                                    <p class=\"small mb-0\">\n                                        <strong>B\u00e2timent Eiffel, Maastricht\/Pays-Bas<\/strong>\n                                    <\/p>\n                                    <p class=\"small\">\n                                        Cet ancien complexe industriel est un b\u00e2timent national class\u00e9 et aujourd\u2019hui un lieu o\u00f9  &#8230;                                    <\/p>\n                                <\/div>\n                                                <\/div>\n                <\/div>\n            <\/div>\n        <\/div>\n    <\/div>\n\n\n<div class=\"ce ce--full ce-textimage ce-textimagespecial\n        ce--fullcontent js-textimagespecial ce--no-bg\n        ce--mb-0                  \" id=\"\">\n    <div class=\"container-fluid\">\n        <div class=\"row\">\n            <div class=\"ce-textimage__text ce-textimagespecial__text col-12 col-md-4 d-flex flex-column justify-content-center\">\n                <div class=\"ce-textimagespecial__textinner\">\n                                            <p class=\"ce-textimagespecial__topline\">\n                            rp fineline                        <\/p>\n                                                                <h2 class=\"ce-textimagespecial__headline\">La <br \/>\r\ngamme <br \/>\r\nDesign<\/h2>\n                                        <p class=\"small\">\n                        Fen\u00eatres, portes et cloisons thermo-isol\u00e9es en acier d\u2019une grande finesse avec des faces vues tr\u00e8s \u00e9troites.                     <\/p>\n                                        <a href=\"https:\/\/www.rp-technik.com\/fr\/rp-fineline\/\" target=\"\" class=\"more\">Plus &gt;&gt;<\/a>\n                                    <\/div>\n            <\/div>\n            <div class=\"ce-textimage__image col-12 col-md-8 px-0\">\n                <figure class=\"\" data-aos=\"fade\" data-aos-duration=\"1000\" data-aos-delay=\"500\">\n                    <picture>\n                        <source media=\"(min-width: 2000px)\" data-srcset=\"https:\/\/www.rp-technik.com\/wp-content\/uploads\/2021\/07\/LY_rp-technik_Headerbilder_Website_FR_1450x838px_01-original-1450x838.png\">\n                        <source media=\"(min-width: 1440px)\" data-srcset=\"https:\/\/www.rp-technik.com\/wp-content\/uploads\/2021\/07\/LY_rp-technik_Headerbilder_Website_FR_1450x838px_01-original-1200x694.png\">\n                        <source media=\"(min-width: 1200px)\" data-srcset=\"https:\/\/www.rp-technik.com\/wp-content\/uploads\/2021\/07\/LY_rp-technik_Headerbilder_Website_FR_1450x838px_01-original-960x555.png\">\n                        <source media=\"(min-width: 992px)\" data-srcset=\"https:\/\/www.rp-technik.com\/wp-content\/uploads\/2021\/07\/LY_rp-technik_Headerbilder_Website_FR_1450x838px_01-original-799x462.png\">\n                        <source media=\"(min-width: 768px)\" data-srcset=\"https:\/\/www.rp-technik.com\/wp-content\/uploads\/2021\/07\/LY_rp-technik_Headerbilder_Website_FR_1450x838px_01-original-660x381.png\">\n                        <source media=\"(min-width: 576px)\" data-srcset=\"https:\/\/www.rp-technik.com\/wp-content\/uploads\/2021\/07\/LY_rp-technik_Headerbilder_Website_FR_1450x838px_01-original-767x443.png\">\n                        <source media=\"(min-width: 320px)\" data-srcset=\"https:\/\/www.rp-technik.com\/wp-content\/uploads\/2021\/07\/LY_rp-technik_Headerbilder_Website_FR_1450x838px_01-original-575x332.png\">\n                        <source data-srcset=\"https:\/\/www.rp-technik.com\/wp-content\/uploads\/2021\/07\/LY_rp-technik_Headerbilder_Website_FR_1450x838px_01-original-320x185.png\">\n                        <img loading=\"lazy\" data-src=\"https:\/\/www.rp-technik.com\/wp-content\/uploads\/2021\/07\/LY_rp-technik_Headerbilder_Website_FR_1450x838px_01-original-960x555.png\" width=\"960\" height=\"555\" alt=\"\" title=\"\" class=\"img-fluid w-100\">\n                    <\/picture>\n                <\/figure>\n            <\/div>\n        <\/div>\n    <\/div>\n<\/div>\n\n\n<div class=\"ce ce--full ce-textimage ce-textimagespecial\n        ce--fullcontent js-textimagespecial ce--no-bg\n        ce--mb-0                ce-textimagespecial--grey  \" id=\"\">\n    <div class=\"container-fluid\">\n        <div class=\"row\">\n            <div class=\"ce-textimage__text ce-textimagespecial__text col-12 col-md-4 d-flex flex-column justify-content-center\">\n                <div class=\"ce-textimagespecial__textinner\">\n                                            <p class=\"ce-textimagespecial__topline\">\n                            rp hermetic                        <\/p>\n                                                                <h2 class=\"ce-textimagespecial__headline\">La <br \/>\r\ngamme <br \/>\r\nPerformances<\/h2>\n                                        <p class=\"small\">\n                        Syst\u00e8mes d\u2019une grande pr\u00e9cision pour fen\u00eatres, portes et cloisons en acier destin\u00e9es \u00e0 des exigences accrues de protection thermique, coupe-feu, pare-fum\u00e9e, antieffraction et plus encore.                    <\/p>\n                                        <a href=\"https:\/\/www.rp-technik.com\/fr\/rp-hermetic\/\" target=\"\" class=\"more\">Plus &gt;&gt;<\/a>\n                                    <\/div>\n            <\/div>\n            <div class=\"ce-textimage__image col-12 col-md-8 px-0\">\n                <figure class=\"\" data-aos=\"fade\" data-aos-duration=\"1000\" data-aos-delay=\"500\">\n                    <picture>\n                        <source media=\"(min-width: 2000px)\" data-srcset=\"https:\/\/www.rp-technik.com\/wp-content\/uploads\/2021\/07\/LY_rp-technik_Headerbilder_Website_FR_1450x838px_02-performant-1450x838.png\">\n                        <source media=\"(min-width: 1440px)\" data-srcset=\"https:\/\/www.rp-technik.com\/wp-content\/uploads\/2021\/07\/LY_rp-technik_Headerbilder_Website_FR_1450x838px_02-performant-1200x694.png\">\n                        <source media=\"(min-width: 1200px)\" data-srcset=\"https:\/\/www.rp-technik.com\/wp-content\/uploads\/2021\/07\/LY_rp-technik_Headerbilder_Website_FR_1450x838px_02-performant-960x555.png\">\n                        <source media=\"(min-width: 992px)\" data-srcset=\"https:\/\/www.rp-technik.com\/wp-content\/uploads\/2021\/07\/LY_rp-technik_Headerbilder_Website_FR_1450x838px_02-performant-799x462.png\">\n                        <source media=\"(min-width: 768px)\" data-srcset=\"https:\/\/www.rp-technik.com\/wp-content\/uploads\/2021\/07\/LY_rp-technik_Headerbilder_Website_FR_1450x838px_02-performant-660x381.png\">\n                        <source media=\"(min-width: 576px)\" data-srcset=\"https:\/\/www.rp-technik.com\/wp-content\/uploads\/2021\/07\/LY_rp-technik_Headerbilder_Website_FR_1450x838px_02-performant-767x443.png\">\n                        <source media=\"(min-width: 320px)\" data-srcset=\"https:\/\/www.rp-technik.com\/wp-content\/uploads\/2021\/07\/LY_rp-technik_Headerbilder_Website_FR_1450x838px_02-performant-575x332.png\">\n                        <source data-srcset=\"https:\/\/www.rp-technik.com\/wp-content\/uploads\/2021\/07\/LY_rp-technik_Headerbilder_Website_FR_1450x838px_02-performant-320x185.png\">\n                        <img loading=\"lazy\" data-src=\"https:\/\/www.rp-technik.com\/wp-content\/uploads\/2021\/07\/LY_rp-technik_Headerbilder_Website_FR_1450x838px_02-performant-960x555.png\" width=\"960\" height=\"555\" alt=\"\" title=\"\" class=\"img-fluid w-100\">\n                    <\/picture>\n                <\/figure>\n            <\/div>\n        <\/div>\n    <\/div>\n<\/div>\n\n\n<div class=\"ce ce--full ce-textimage ce-textimagespecial\n        ce--fullcontent js-textimagespecial ce--no-bg\n                          \" id=\"\">\n    <div class=\"container-fluid\">\n        <div class=\"row\">\n            <div class=\"ce-textimage__text ce-textimagespecial__text col-12 col-md-4 d-flex flex-column justify-content-center\">\n                <div class=\"ce-textimagespecial__textinner\">\n                                                                <h2 class=\"ce-textimagespecial__headline\">Vous n\u2019avez pas trouv\u00e9 la solution qu\u2019il vous faut?<\/h2>\n                                        <p class=\"small\">\n                        Contactez-nous! Nous pouvons vous proposer un grand nombre de solutions sp\u00e9ciales sp\u00e9cifiques \u00e0 vos projets.<br \/>\r\n                    <\/p>\n                                        <a href=\"https:\/\/www.rp-technik.com\/fr\/contact\/\" target=\"\" class=\"more\">Plus &gt;&gt;<\/a>\n                                    <\/div>\n            <\/div>\n            <div class=\"ce-textimage__image col-12 col-md-8 px-0\">\n                <figure class=\"\" data-aos=\"fade\" data-aos-duration=\"1000\" data-aos-delay=\"500\">\n                    <picture>\n                        <source media=\"(min-width: 2000px)\" data-srcset=\"https:\/\/www.rp-technik.com\/wp-content\/uploads\/2020\/09\/PR-Technik-Loesungen-Stahl-Systeme-1.png\">\n                        <source media=\"(min-width: 1440px)\" data-srcset=\"https:\/\/www.rp-technik.com\/wp-content\/uploads\/2020\/09\/PR-Technik-Loesungen-Stahl-Systeme-1.png\">\n                        <source media=\"(min-width: 1200px)\" data-srcset=\"https:\/\/www.rp-technik.com\/wp-content\/uploads\/2020\/09\/PR-Technik-Loesungen-Stahl-Systeme-1.png\">\n                        <source media=\"(min-width: 992px)\" data-srcset=\"https:\/\/www.rp-technik.com\/wp-content\/uploads\/2020\/09\/PR-Technik-Loesungen-Stahl-Systeme-1.png\">\n                        <source media=\"(min-width: 768px)\" data-srcset=\"https:\/\/www.rp-technik.com\/wp-content\/uploads\/2020\/09\/PR-Technik-Loesungen-Stahl-Systeme-1.png\">\n                        <source media=\"(min-width: 576px)\" data-srcset=\"https:\/\/www.rp-technik.com\/wp-content\/uploads\/2020\/09\/PR-Technik-Loesungen-Stahl-Systeme-1.png\">\n                        <source media=\"(min-width: 320px)\" data-srcset=\"https:\/\/www.rp-technik.com\/wp-content\/uploads\/2020\/09\/PR-Technik-Loesungen-Stahl-Systeme-1.png\">\n                        <source data-srcset=\"https:\/\/www.rp-technik.com\/wp-content\/uploads\/2020\/09\/PR-Technik-Loesungen-Stahl-Systeme-1.png\">\n                        <img loading=\"lazy\" data-src=\"https:\/\/www.rp-technik.com\/wp-content\/uploads\/2020\/09\/PR-Technik-Loesungen-Stahl-Systeme-1.png\" width=\"960\" height=\"555\" alt=\"\" title=\"\" class=\"img-fluid w-100\">\n                    <\/picture>\n                <\/figure>\n            <\/div>\n        <\/div>\n    <\/div>\n<\/div>\n","protected":false},"excerpt":{"rendered":"<p>Ob 1-fl\u00fcgelig, 2-fl\u00fcgelig, Brand- oder Rauchschutzt\u00fcr \u2013 die Stahl-Glas-Rohrrahment\u00fcren von RP Technik erf\u00fcllen Ihre Anforderungen bei schmalen Ansichtsbreiten.<\/p>\n","protected":false},"author":10,"featured_media":0,"parent":0,"menu_order":0,"comment_status":"closed","ping_status":"closed","template":"","meta":{"_acf_changed":false,"inline_featured_image":false,"footnotes":""},"class_list":["post-9860","page","type-page","status-publish","hentry"],"acf":[],"yoast_head":"<!-- This site is optimized with the Yoast SEO plugin v26.8 - https:\/\/yoast.com\/product\/yoast-seo-wordpress\/ -->\n<title>Portes verre et acier de RP Technik<\/title>\n<meta name=\"description\" content=\"Qu\u2019elles soient \u00e0 1 ou 2 vantaux, coupe-feu ou pare-fum\u00e9e \u2013 les portes verre et acier \u00e0 cadre tubulaire et faces vues \u00e9troites de RP Technik r\u00e9pondent \u00e0 vos exigences.\" \/>\n<link rel=\"canonical\" href=\"https:\/\/www.rp-technik.com\/fr\/portes\/\" \/>\n<meta property=\"og:locale\" content=\"fr_FR\" \/>\n<meta property=\"og:type\" content=\"article\" \/>\n<meta property=\"og:title\" content=\"Portes verre et acier de RP Technik\" \/>\n<meta property=\"og:description\" content=\"Qu\u2019elles soient \u00e0 1 ou 2 vantaux, coupe-feu ou pare-fum\u00e9e \u2013 les portes verre et acier \u00e0 cadre tubulaire et face vue \u00e9troite de RP Technik r\u00e9pondent \u00e0 vos exigences. Pour les solutions sp\u00e9ciales, nos portes vous sont toujours ouvertes!\" \/>\n<meta property=\"og:url\" content=\"https:\/\/www.rp-technik.com\/fr\/portes\/\" \/>\n<meta property=\"og:site_name\" content=\"RP Technik\" \/>\n<meta property=\"article:modified_time\" content=\"2023-01-18T09:41:15+00:00\" \/>\n<meta property=\"og:image\" content=\"https:\/\/www.rp-technik.com\/wp-content\/uploads\/2020\/10\/Startseite-RP-Technik.png\" \/>\n\t<meta property=\"og:image:width\" content=\"1695\" \/>\n\t<meta property=\"og:image:height\" content=\"807\" \/>\n\t<meta property=\"og:image:type\" content=\"image\/png\" \/>\n<meta name=\"twitter:card\" content=\"summary_large_image\" \/>\n<meta name=\"twitter:title\" content=\"Portes verre et acier de RP Technik\" \/>\n<meta name=\"twitter:description\" content=\"Qu\u2019elles soient \u00e0 1 ou 2 vantaux, coupe-feu ou pare-fum\u00e9e \u2013 les portes verre et acier \u00e0 cadre tubulaire et face vue \u00e9troite de RP Technik r\u00e9pondent \u00e0 vos exigences. Pour les solutions sp\u00e9ciales, nos portes vous sont toujours ouvertes!\" \/>\n<script type=\"application\/ld+json\" class=\"yoast-schema-graph\">{\"@context\":\"https:\/\/schema.org\",\"@graph\":[{\"@type\":\"WebPage\",\"@id\":\"https:\/\/www.rp-technik.com\/fr\/portes\/\",\"url\":\"https:\/\/www.rp-technik.com\/fr\/portes\/\",\"name\":\"Portes verre et acier de RP Technik\",\"isPartOf\":{\"@id\":\"\/#website\"},\"datePublished\":\"2020-08-03T12:12:36+00:00\",\"dateModified\":\"2023-01-18T09:41:15+00:00\",\"description\":\"Qu\u2019elles soient \u00e0 1 ou 2 vantaux, coupe-feu ou pare-fum\u00e9e \u2013 les portes verre et acier \u00e0 cadre tubulaire et faces vues \u00e9troites de RP Technik r\u00e9pondent \u00e0 vos exigences.\",\"inLanguage\":\"fr-FR\",\"potentialAction\":[{\"@type\":\"ReadAction\",\"target\":[\"https:\/\/www.rp-technik.com\/fr\/portes\/\"]}]},{\"@type\":\"WebSite\",\"@id\":\"\/#website\",\"url\":\"\/\",\"name\":\"RP Technik\",\"description\":\"Hersteller von Stahlsystemen f\u00fcr Fenster, T\u00fcren und Fassaden, Profilsysteme, Stahl-Glas-Elemente, Brandschutzt\u00fcren aus Stahl\",\"potentialAction\":[{\"@type\":\"SearchAction\",\"target\":{\"@type\":\"EntryPoint\",\"urlTemplate\":\"\/?s={search_term_string}\"},\"query-input\":{\"@type\":\"PropertyValueSpecification\",\"valueRequired\":true,\"valueName\":\"search_term_string\"}}],\"inLanguage\":\"fr-FR\"}]}<\/script>\n<!-- \/ Yoast SEO plugin. -->","yoast_head_json":{"title":"Portes verre et acier de RP Technik","description":"Qu\u2019elles soient \u00e0 1 ou 2 vantaux, coupe-feu ou pare-fum\u00e9e \u2013 les portes verre et acier \u00e0 cadre tubulaire et faces vues \u00e9troites de RP Technik r\u00e9pondent \u00e0 vos exigences.","canonical":"https:\/\/www.rp-technik.com\/fr\/portes\/","og_locale":"fr_FR","og_type":"article","og_title":"Portes verre et acier de RP Technik","og_description":"Qu\u2019elles soient \u00e0 1 ou 2 vantaux, coupe-feu ou pare-fum\u00e9e \u2013 les portes verre et acier \u00e0 cadre tubulaire et face vue \u00e9troite de RP Technik r\u00e9pondent \u00e0 vos exigences. Pour les solutions sp\u00e9ciales, nos portes vous sont toujours ouvertes!","og_url":"https:\/\/www.rp-technik.com\/fr\/portes\/","og_site_name":"RP Technik","article_modified_time":"2023-01-18T09:41:15+00:00","og_image":[{"width":1695,"height":807,"url":"https:\/\/www.rp-technik.com\/wp-content\/uploads\/2020\/10\/Startseite-RP-Technik.png","type":"image\/png"}],"twitter_card":"summary_large_image","twitter_title":"Portes verre et acier de RP Technik","twitter_description":"Qu\u2019elles soient \u00e0 1 ou 2 vantaux, coupe-feu ou pare-fum\u00e9e \u2013 les portes verre et acier \u00e0 cadre tubulaire et face vue \u00e9troite de RP Technik r\u00e9pondent \u00e0 vos exigences. Pour les solutions sp\u00e9ciales, nos portes vous sont toujours ouvertes!","schema":{"@context":"https:\/\/schema.org","@graph":[{"@type":"WebPage","@id":"https:\/\/www.rp-technik.com\/fr\/portes\/","url":"https:\/\/www.rp-technik.com\/fr\/portes\/","name":"Portes verre et acier de RP Technik","isPartOf":{"@id":"\/#website"},"datePublished":"2020-08-03T12:12:36+00:00","dateModified":"2023-01-18T09:41:15+00:00","description":"Qu\u2019elles soient \u00e0 1 ou 2 vantaux, coupe-feu ou pare-fum\u00e9e \u2013 les portes verre et acier \u00e0 cadre tubulaire et faces vues \u00e9troites de RP Technik r\u00e9pondent \u00e0 vos exigences.","inLanguage":"fr-FR","potentialAction":[{"@type":"ReadAction","target":["https:\/\/www.rp-technik.com\/fr\/portes\/"]}]},{"@type":"WebSite","@id":"\/#website","url":"\/","name":"RP Technik","description":"Hersteller von Stahlsystemen f\u00fcr Fenster, T\u00fcren und Fassaden, Profilsysteme, Stahl-Glas-Elemente, Brandschutzt\u00fcren aus Stahl","potentialAction":[{"@type":"SearchAction","target":{"@type":"EntryPoint","urlTemplate":"\/?s={search_term_string}"},"query-input":{"@type":"PropertyValueSpecification","valueRequired":true,"valueName":"search_term_string"}}],"inLanguage":"fr-FR"}]}},"_links":{"self":[{"href":"https:\/\/www.rp-technik.com\/fr\/wp-json\/wp\/v2\/pages\/9860","targetHints":{"allow":["GET"]}}],"collection":[{"href":"https:\/\/www.rp-technik.com\/fr\/wp-json\/wp\/v2\/pages"}],"about":[{"href":"https:\/\/www.rp-technik.com\/fr\/wp-json\/wp\/v2\/types\/page"}],"author":[{"embeddable":true,"href":"https:\/\/www.rp-technik.com\/fr\/wp-json\/wp\/v2\/users\/10"}],"replies":[{"embeddable":true,"href":"https:\/\/www.rp-technik.com\/fr\/wp-json\/wp\/v2\/comments?post=9860"}],"version-history":[{"count":14,"href":"https:\/\/www.rp-technik.com\/fr\/wp-json\/wp\/v2\/pages\/9860\/revisions"}],"predecessor-version":[{"id":21034,"href":"https:\/\/www.rp-technik.com\/fr\/wp-json\/wp\/v2\/pages\/9860\/revisions\/21034"}],"wp:attachment":[{"href":"https:\/\/www.rp-technik.com\/fr\/wp-json\/wp\/v2\/media?parent=9860"}],"curies":[{"name":"wp","href":"https:\/\/api.w.org\/{rel}","templated":true}]}}