{"id":9883,"date":"2020-07-15T09:50:37","date_gmt":"2020-07-15T08:50:37","guid":{"rendered":"https:\/\/rptechnik.neuim.net\/startseite\/"},"modified":"2025-12-16T11:09:13","modified_gmt":"2025-12-16T10:09:13","slug":"startseite","status":"publish","type":"page","link":"https:\/\/www.rp-technik.com\/fr\/startseite\/","title":{"rendered":"Startseite"},"content":{"rendered":"<div class=\"ce ce--full ce-textimage ce-textimagespecial\n        ce--fullcontent js-textimagespecial ce--no-bg\n        ce--mb-0                  \" id=\"\">\n    <div class=\"container-fluid\">\n        <div class=\"row\">\n            <div class=\"ce-textimage__text ce-textimagespecial__text col-12 col-md-4 d-flex flex-column justify-content-center\">\n                <div class=\"ce-textimagespecial__textinner\">\n                                            <p class=\"ce-textimagespecial__topline\">\n                            rp fineline                        <\/p>\n                                                                <h2 class=\"ce-textimagespecial__headline\">La <br \/>\r\ngamme <br \/>\r\nDesign<\/h2>\n                                        <p class=\"small\">\n                        <u> <a href=\/fr\/fenetres\/\u201d>fen\u00eatres<\/a> <\/u>, <u> <a href=\/fr\/portes\/\u201d>portes<\/a> <\/u> et <u> <a href=\/fr\/cloisons\/\u201d>cloisons<\/a> <\/u> avec ou sans rupture de pont thermique \u00e0 faces vues ultra-fines.                     <\/p>\n                                        <a href=\"https:\/\/www.rp-technik.com\/fr\/rp-fineline\/\" target=\"\" class=\"more\">Plus &gt;&gt;<\/a>\n                                    <\/div>\n            <\/div>\n            <div class=\"ce-textimage__image col-12 col-md-8 px-0\">\n                <figure class=\"\" data-aos=\"fade\" data-aos-duration=\"1000\" data-aos-delay=\"500\">\n                    <picture>\n                        <source media=\"(min-width: 2000px)\" data-srcset=\"https:\/\/www.rp-technik.com\/wp-content\/uploads\/2022\/05\/LY_RPT_Fineline_DE_EN_FR_jpg-1450x838.jpg\">\n                        <source media=\"(min-width: 1440px)\" data-srcset=\"https:\/\/www.rp-technik.com\/wp-content\/uploads\/2022\/05\/LY_RPT_Fineline_DE_EN_FR_jpg-1200x694.jpg\">\n                        <source media=\"(min-width: 1200px)\" data-srcset=\"https:\/\/www.rp-technik.com\/wp-content\/uploads\/2022\/05\/LY_RPT_Fineline_DE_EN_FR_jpg-960x555.jpg\">\n                        <source media=\"(min-width: 992px)\" data-srcset=\"https:\/\/www.rp-technik.com\/wp-content\/uploads\/2022\/05\/LY_RPT_Fineline_DE_EN_FR_jpg-799x462.jpg\">\n                        <source media=\"(min-width: 768px)\" data-srcset=\"https:\/\/www.rp-technik.com\/wp-content\/uploads\/2022\/05\/LY_RPT_Fineline_DE_EN_FR_jpg-660x381.jpg\">\n                        <source media=\"(min-width: 576px)\" data-srcset=\"https:\/\/www.rp-technik.com\/wp-content\/uploads\/2022\/05\/LY_RPT_Fineline_DE_EN_FR_jpg-767x443.jpg\">\n                        <source media=\"(min-width: 320px)\" data-srcset=\"https:\/\/www.rp-technik.com\/wp-content\/uploads\/2022\/05\/LY_RPT_Fineline_DE_EN_FR_jpg-575x332.jpg\">\n                        <source data-srcset=\"https:\/\/www.rp-technik.com\/wp-content\/uploads\/2022\/05\/LY_RPT_Fineline_DE_EN_FR_jpg-320x185.jpg\">\n                        <img loading=\"lazy\" data-src=\"https:\/\/www.rp-technik.com\/wp-content\/uploads\/2022\/05\/LY_RPT_Fineline_DE_EN_FR_jpg-960x555.jpg\" width=\"960\" height=\"555\" alt=\"\" title=\"\" class=\"img-fluid w-100\">\n                    <\/picture>\n                <\/figure>\n            <\/div>\n        <\/div>\n    <\/div>\n<\/div>\n\n\n\n\n<div class=\"ce ce--full ce-textimage ce-textimagespecial\n        ce--fullcontent js-textimagespecial ce--no-bg\n        ce--mb-0                  \" id=\"\">\n    <div class=\"container-fluid\">\n        <div class=\"row\">\n            <div class=\"ce-textimage__text ce-textimagespecial__text col-12 col-md-4 d-flex flex-column justify-content-center\">\n                <div class=\"ce-textimagespecial__textinner\">\n                                            <p class=\"ce-textimagespecial__topline\">\n                            rp hermetic                        <\/p>\n                                                                <h2 class=\"ce-textimagespecial__headline\">La <br \/>\r\ngamme <br \/>\r\nPerformances<\/h2>\n                                        <p class=\"small\">\n                        Syst\u00e8mes hautes perfomances pour <u> <a href=\/fr\/fenetres\/\u201d>fen\u00eatres<\/a> <\/u>, <u> <a href=\/fr\/portes\/\u201d>portes<\/a> <\/u> et <u> <a href=\/fr\/cloisons\/\u201d>cloisons<\/a> <\/u> en acier destin\u00e9es \u00e0 des exigences accrues de protection thermique, coupe-feu, pare-fum\u00e9e, antieffraction et plus encore.                    <\/p>\n                                        <a href=\"https:\/\/www.rp-technik.com\/fr\/rp-hermetic\/\" target=\"\" class=\"more\">Plus &gt;&gt;<\/a>\n                                    <\/div>\n            <\/div>\n            <div class=\"ce-textimage__image col-12 col-md-8 px-0\">\n                <figure class=\"\" data-aos=\"fade\" data-aos-duration=\"1000\" data-aos-delay=\"500\">\n                    <picture>\n                        <source media=\"(min-width: 2000px)\" data-srcset=\"https:\/\/www.rp-technik.com\/wp-content\/uploads\/2022\/05\/LY_RPT_Hermetic_FR-1450x838.png\">\n                        <source media=\"(min-width: 1440px)\" data-srcset=\"https:\/\/www.rp-technik.com\/wp-content\/uploads\/2022\/05\/LY_RPT_Hermetic_FR-1200x694.png\">\n                        <source media=\"(min-width: 1200px)\" data-srcset=\"https:\/\/www.rp-technik.com\/wp-content\/uploads\/2022\/05\/LY_RPT_Hermetic_FR-960x555.png\">\n                        <source media=\"(min-width: 992px)\" data-srcset=\"https:\/\/www.rp-technik.com\/wp-content\/uploads\/2022\/05\/LY_RPT_Hermetic_FR-799x462.png\">\n                        <source media=\"(min-width: 768px)\" data-srcset=\"https:\/\/www.rp-technik.com\/wp-content\/uploads\/2022\/05\/LY_RPT_Hermetic_FR-660x381.png\">\n                        <source media=\"(min-width: 576px)\" data-srcset=\"https:\/\/www.rp-technik.com\/wp-content\/uploads\/2022\/05\/LY_RPT_Hermetic_FR-767x443.png\">\n                        <source media=\"(min-width: 320px)\" data-srcset=\"https:\/\/www.rp-technik.com\/wp-content\/uploads\/2022\/05\/LY_RPT_Hermetic_FR-575x332.png\">\n                        <source data-srcset=\"https:\/\/www.rp-technik.com\/wp-content\/uploads\/2022\/05\/LY_RPT_Hermetic_FR-320x185.png\">\n                        <img loading=\"lazy\" data-src=\"https:\/\/www.rp-technik.com\/wp-content\/uploads\/2022\/05\/LY_RPT_Hermetic_FR-960x555.png\" width=\"960\" height=\"555\" alt=\"\" title=\"\" class=\"img-fluid w-100\">\n                    <\/picture>\n                <\/figure>\n            <\/div>\n        <\/div>\n    <\/div>\n<\/div>\n\n\n<div class=\"ce ce--full ce-textimage ce-textimagespecial\n        ce--fullcontent js-textimagespecial ce--no-bg\n                          \" id=\"\">\n    <div class=\"container-fluid\">\n        <div class=\"row\">\n            <div class=\"ce-textimage__text ce-textimagespecial__text col-12 col-md-4 d-flex flex-column justify-content-center\">\n                <div class=\"ce-textimagespecial__textinner\">\n                                            <p class=\"ce-textimagespecial__topline\">\n                            rp tec                        <\/p>\n                                                                <h2 class=\"ce-textimagespecial__headline\">La <br \/>\r\ngamme <br \/>\r\nFa\u00e7ades<\/h2>\n                                        <p class=\"small\">\n                        Syst\u00e8mes de fa\u00e7ades acier structurels et rapport\u00e9s pour mur-rideaux et verri\u00e8res de grandes port\u00e9es.                     <\/p>\n                                        <a href=\"https:\/\/www.rp-technik.com\/fr\/rp-tec\/\" target=\"\" class=\"more\">Plus &gt;&gt;<\/a>\n                                    <\/div>\n            <\/div>\n            <div class=\"ce-textimage__image col-12 col-md-8 px-0\">\n                <figure class=\"\" data-aos=\"fade\" data-aos-duration=\"1000\" data-aos-delay=\"500\">\n                    <picture>\n                        <source media=\"(min-width: 2000px)\" data-srcset=\"https:\/\/www.rp-technik.com\/wp-content\/uploads\/2021\/08\/LY_rp-technik_Headerbilder_adaptable_-Website_FR_1450x838px_03-1450x838.png\">\n                        <source media=\"(min-width: 1440px)\" data-srcset=\"https:\/\/www.rp-technik.com\/wp-content\/uploads\/2021\/08\/LY_rp-technik_Headerbilder_adaptable_-Website_FR_1450x838px_03-1200x694.png\">\n                        <source media=\"(min-width: 1200px)\" data-srcset=\"https:\/\/www.rp-technik.com\/wp-content\/uploads\/2021\/08\/LY_rp-technik_Headerbilder_adaptable_-Website_FR_1450x838px_03-960x555.png\">\n                        <source media=\"(min-width: 992px)\" data-srcset=\"https:\/\/www.rp-technik.com\/wp-content\/uploads\/2021\/08\/LY_rp-technik_Headerbilder_adaptable_-Website_FR_1450x838px_03-799x462.png\">\n                        <source media=\"(min-width: 768px)\" data-srcset=\"https:\/\/www.rp-technik.com\/wp-content\/uploads\/2021\/08\/LY_rp-technik_Headerbilder_adaptable_-Website_FR_1450x838px_03-660x381.png\">\n                        <source media=\"(min-width: 576px)\" data-srcset=\"https:\/\/www.rp-technik.com\/wp-content\/uploads\/2021\/08\/LY_rp-technik_Headerbilder_adaptable_-Website_FR_1450x838px_03-767x443.png\">\n                        <source media=\"(min-width: 320px)\" data-srcset=\"https:\/\/www.rp-technik.com\/wp-content\/uploads\/2021\/08\/LY_rp-technik_Headerbilder_adaptable_-Website_FR_1450x838px_03-575x332.png\">\n                        <source data-srcset=\"https:\/\/www.rp-technik.com\/wp-content\/uploads\/2021\/08\/LY_rp-technik_Headerbilder_adaptable_-Website_FR_1450x838px_03-320x185.png\">\n                        <img loading=\"lazy\" data-src=\"https:\/\/www.rp-technik.com\/wp-content\/uploads\/2021\/08\/LY_rp-technik_Headerbilder_adaptable_-Website_FR_1450x838px_03-960x555.png\" width=\"960\" height=\"555\" alt=\"\" title=\"\" class=\"img-fluid w-100\">\n                    <\/picture>\n                <\/figure>\n            <\/div>\n        <\/div>\n    <\/div>\n<\/div>\n\n\n    <div data-aos=\"fade-up\" data-aos-duration=\"1000\"  class=\"ce ce-text\n    ce-text--2col              \" id=\"\">\n        \n        <div class=\"container-fluid\">                                <div class=\"row\">\n                        <div class=\"col-12 col-lg-4\">\n                            <p class=\"ce-text__topline\">R\u00e9f\u00e9rences<\/p>                            <h2 class=\"\">R\u00e9alisations. <br \/>\r\nInspirations.<\/h2>\n                                                    <\/div>\n                        <div class=\"col-12 col-lg-8 d-flex flex-column justify-content-center\">\n                            <p>L\u2019inventivit\u00e9 des architectes, urbanistes et ma\u00eetres d&rsquo;ouvrage se refl\u00e8te dans nos projets nationaux et internationaux. Les syst\u00e8mes RP Technik en permettent la mise en \u0153uvre : remarquables par leur design, leur fonctionnalit\u00e9 et leur qualit\u00e9. <a href=\"https:\/\/www.rp-technik.com\/fr\/references\/\"><strong>Plus >><\/strong><\/a><\/p>\n<p>&nbsp;<\/p>\n                        <\/div>\n                    <\/div>\n                        <\/div>    <\/div>\n\n\n    \n\n\n    <div class=\"ce ce-projectgallery ce--fullcontent \" id=\"\">\n        <div class=\"ce-projectgallery__overlay\">\n            <figure class=\"\" data-aos=\"fade\" data-aos-duration=\"1000\" data-aos-delay=\"500\">\n                <picture>\n                    <img loading=\"lazy\" decoding=\"async\" src=\"https:\/\/www.rp-technik.com\/wp-content\/themes\/rup\/images\/galleryOverlay.png\" width=\"759\" height=\"526\" alt=\"\" title=\"\" class=\"img-fluid w-100\">\n                <\/picture>\n            <\/figure>\n        <\/div>\n        <div class=\"container-fluid\">\n            <div class=\"row\">\n                <div class=\"col-12 px-0\">\n                    <div class=\"ce-projectgallery__container js-projectgallery\">\n                                                        <div class=\"ce-projectgallery__item\">\n                                    <div class=\"ce-projectgallery__image\">\n                                        <a href=\"https:\/\/www.rp-technik.com\/fr\/reference\/ancienne-usine-de-liqueur-horn-leipzig\/\" class=\"lightcase-overlay ce-projectgallery__itemoverlay\">&nbsp;<\/a>\n                                        <figure class=\"\" data-aos=\"fade\" data-aos-duration=\"1000\" data-aos-delay=\"500\">\n                                            <picture>\n                                                <source media=\"(min-width: 1440px)\" srcset=\"https:\/\/www.rp-technik.com\/wp-content\/uploads\/2022\/08\/Alte-Likoerfabrik-Horn-Leipzig-Eingangsbereich-rp-fineline-70D-495x660.jpg\">\n                                                <source media=\"(min-width: 1200px)\" srcset=\"https:\/\/www.rp-technik.com\/wp-content\/uploads\/2022\/08\/Alte-Likoerfabrik-Horn-Leipzig-Eingangsbereich-rp-fineline-70D-355x474.jpg\">\n                                                <source media=\"(min-width: 992px)\" srcset=\"https:\/\/www.rp-technik.com\/wp-content\/uploads\/2022\/08\/Alte-Likoerfabrik-Horn-Leipzig-Eingangsbereich-rp-fineline-70D-300x400.jpg\">\n                                                <source media=\"(min-width: 768px)\" srcset=\"https:\/\/www.rp-technik.com\/wp-content\/uploads\/2022\/08\/Alte-Likoerfabrik-Horn-Leipzig-Eingangsbereich-rp-fineline-70D-245x327.jpg\">\n                                                <source media=\"(min-width: 576px)\" srcset=\"https:\/\/www.rp-technik.com\/wp-content\/uploads\/2022\/08\/Alte-Likoerfabrik-Horn-Leipzig-Eingangsbereich-rp-fineline-70D-380x507.jpg\">\n                                                <source media=\"(min-width: 320px)\" srcset=\"https:\/\/www.rp-technik.com\/wp-content\/uploads\/2022\/08\/Alte-Likoerfabrik-Horn-Leipzig-Eingangsbereich-rp-fineline-70D-285x380.jpg\">\n                                                <source data-srcset=\"https:\/\/www.rp-technik.com\/wp-content\/uploads\/2022\/08\/Alte-Likoerfabrik-Horn-Leipzig-Eingangsbereich-rp-fineline-70D-200x267.jpg\">\n                                                <img loading=\"lazy\" decoding=\"async\" src=\"https:\/\/www.rp-technik.com\/wp-content\/uploads\/2022\/08\/Alte-Likoerfabrik-Horn-Leipzig-Eingangsbereich-rp-fineline-70D-495x660.jpg\"  width=\"495\" height=\"660\" alt=\"Alte Lik\u00f6rfabrik Horn, Leipzig Eingangsbereich rp fineline 70D\" title=\"18054Ancienne usine de liqueur Horn, Leipzig\" class=\"img-fluid w-100\">\n                                            <\/picture>\n                                        <\/figure>\n                                    <\/div>\n                                    <p class=\"small mb-0\">\n                                        <strong>Ancienne usine de liqueur Horn, Leipzig<\/strong>\n                                    <\/p>\n                                    <p class=\"small\">\n                                        C&rsquo;est en 1934 que fut construite, au si\u00e8ge de l&rsquo;ancienne \u00ab\u00a0Lik\u00f6rfabrik Horn\u00a0\u00bb, cette grande usine  &#8230;                                    <\/p>\n                                <\/div>\n                                                            <div class=\"ce-projectgallery__item\">\n                                    <div class=\"ce-projectgallery__image\">\n                                        <a href=\"https:\/\/www.rp-technik.com\/fr\/reference\/energiefabrik-knappenrode-industriemuseum-hoyerswerda\/\" class=\"lightcase-overlay ce-projectgallery__itemoverlay\">&nbsp;<\/a>\n                                        <figure class=\"\" data-aos=\"fade\" data-aos-duration=\"1000\" data-aos-delay=\"500\">\n                                            <picture>\n                                                <source media=\"(min-width: 1440px)\" srcset=\"https:\/\/www.rp-technik.com\/wp-content\/uploads\/2021\/10\/RP-025-knappenrode-1066x800-1-495x660.jpg\">\n                                                <source media=\"(min-width: 1200px)\" srcset=\"https:\/\/www.rp-technik.com\/wp-content\/uploads\/2021\/10\/RP-025-knappenrode-1066x800-1-355x474.jpg\">\n                                                <source media=\"(min-width: 992px)\" srcset=\"https:\/\/www.rp-technik.com\/wp-content\/uploads\/2021\/10\/RP-025-knappenrode-1066x800-1-300x400.jpg\">\n                                                <source media=\"(min-width: 768px)\" srcset=\"https:\/\/www.rp-technik.com\/wp-content\/uploads\/2021\/10\/RP-025-knappenrode-1066x800-1-245x327.jpg\">\n                                                <source media=\"(min-width: 576px)\" srcset=\"https:\/\/www.rp-technik.com\/wp-content\/uploads\/2021\/10\/RP-025-knappenrode-1066x800-1-380x507.jpg\">\n                                                <source media=\"(min-width: 320px)\" srcset=\"https:\/\/www.rp-technik.com\/wp-content\/uploads\/2021\/10\/RP-025-knappenrode-1066x800-1-285x380.jpg\">\n                                                <source data-srcset=\"https:\/\/www.rp-technik.com\/wp-content\/uploads\/2021\/10\/RP-025-knappenrode-1066x800-1-200x267.jpg\">\n                                                <img loading=\"lazy\" decoding=\"async\" src=\"https:\/\/www.rp-technik.com\/wp-content\/uploads\/2021\/10\/RP-025-knappenrode-1066x800-1-495x660.jpg\"  width=\"495\" height=\"660\" alt=\"Energiefabrik Knappenrode rp fineline 70W 60W Treppenhaus\" title=\"12011Energiefabrik Knappenrode, Hoyerswerda\" class=\"img-fluid w-100\">\n                                            <\/picture>\n                                        <\/figure>\n                                    <\/div>\n                                    <p class=\"small mb-0\">\n                                        <strong>Energiefabrik Knappenrode, Hoyerswerda<\/strong>\n                                    <\/p>\n                                    <p class=\"small\">\n                                        M\u00eame de loin, la brique rouge de l&rsquo;usine de briquettes centenaire de Knappenrode brille. Il s&rsquo;agit  &#8230;                                    <\/p>\n                                <\/div>\n                                                            <div class=\"ce-projectgallery__item\">\n                                    <div class=\"ce-projectgallery__image\">\n                                        <a href=\"https:\/\/www.rp-technik.com\/fr\/reference\/orangerie-tuin-de-lage-oosterbeek-nl\/\" class=\"lightcase-overlay ce-projectgallery__itemoverlay\">&nbsp;<\/a>\n                                        <figure class=\"\" data-aos=\"fade\" data-aos-duration=\"1000\" data-aos-delay=\"500\">\n                                            <picture>\n                                                <source media=\"(min-width: 1440px)\" srcset=\"https:\/\/www.rp-technik.com\/wp-content\/uploads\/2022\/04\/Orangerie-Tuin-de-Lage-Osterbeek-Wintergarten-Rp-Technik-495x660.jpg\">\n                                                <source media=\"(min-width: 1200px)\" srcset=\"https:\/\/www.rp-technik.com\/wp-content\/uploads\/2022\/04\/Orangerie-Tuin-de-Lage-Osterbeek-Wintergarten-Rp-Technik-355x474.jpg\">\n                                                <source media=\"(min-width: 992px)\" srcset=\"https:\/\/www.rp-technik.com\/wp-content\/uploads\/2022\/04\/Orangerie-Tuin-de-Lage-Osterbeek-Wintergarten-Rp-Technik-300x400.jpg\">\n                                                <source media=\"(min-width: 768px)\" srcset=\"https:\/\/www.rp-technik.com\/wp-content\/uploads\/2022\/04\/Orangerie-Tuin-de-Lage-Osterbeek-Wintergarten-Rp-Technik-245x327.jpg\">\n                                                <source media=\"(min-width: 576px)\" srcset=\"https:\/\/www.rp-technik.com\/wp-content\/uploads\/2022\/04\/Orangerie-Tuin-de-Lage-Osterbeek-Wintergarten-Rp-Technik-380x507.jpg\">\n                                                <source media=\"(min-width: 320px)\" srcset=\"https:\/\/www.rp-technik.com\/wp-content\/uploads\/2022\/04\/Orangerie-Tuin-de-Lage-Osterbeek-Wintergarten-Rp-Technik-285x380.jpg\">\n                                                <source data-srcset=\"https:\/\/www.rp-technik.com\/wp-content\/uploads\/2022\/04\/Orangerie-Tuin-de-Lage-Osterbeek-Wintergarten-Rp-Technik-200x267.jpg\">\n                                                <img loading=\"lazy\" decoding=\"async\" src=\"https:\/\/www.rp-technik.com\/wp-content\/uploads\/2022\/04\/Orangerie-Tuin-de-Lage-Osterbeek-Wintergarten-Rp-Technik-495x660.jpg\"  width=\"495\" height=\"660\" alt=\"\" title=\"15564Orangerie Tuin de Lage Oosterbeek \/NL\" class=\"img-fluid w-100\">\n                                            <\/picture>\n                                        <\/figure>\n                                    <\/div>\n                                    <p class=\"small mb-0\">\n                                        <strong>Orangerie Tuin de Lage Oosterbeek \/NL<\/strong>\n                                    <\/p>\n                                    <p class=\"small\">\n                                        Cette magnifique orangerie invite \u00e0 la d\u00e9tente. On peut y appr\u00e9cier l&rsquo;art tout comme une part de  &#8230;                                    <\/p>\n                                <\/div>\n                                                            <div class=\"ce-projectgallery__item\">\n                                    <div class=\"ce-projectgallery__image\">\n                                        <a href=\"https:\/\/www.rp-technik.com\/fr\/reference\/clinique-de-waldhaus-berlin\/\" class=\"lightcase-overlay ce-projectgallery__itemoverlay\">&nbsp;<\/a>\n                                        <figure class=\"\" data-aos=\"fade\" data-aos-duration=\"1000\" data-aos-delay=\"500\">\n                                            <picture>\n                                                <source media=\"(min-width: 1440px)\" srcset=\"https:\/\/www.rp-technik.com\/wp-content\/uploads\/2021\/11\/Header-mit-Copyright-7-495x660.jpg\">\n                                                <source media=\"(min-width: 1200px)\" srcset=\"https:\/\/www.rp-technik.com\/wp-content\/uploads\/2021\/11\/Header-mit-Copyright-7-355x474.jpg\">\n                                                <source media=\"(min-width: 992px)\" srcset=\"https:\/\/www.rp-technik.com\/wp-content\/uploads\/2021\/11\/Header-mit-Copyright-7-300x400.jpg\">\n                                                <source media=\"(min-width: 768px)\" srcset=\"https:\/\/www.rp-technik.com\/wp-content\/uploads\/2021\/11\/Header-mit-Copyright-7-245x327.jpg\">\n                                                <source media=\"(min-width: 576px)\" srcset=\"https:\/\/www.rp-technik.com\/wp-content\/uploads\/2021\/11\/Header-mit-Copyright-7-380x507.jpg\">\n                                                <source media=\"(min-width: 320px)\" srcset=\"https:\/\/www.rp-technik.com\/wp-content\/uploads\/2021\/11\/Header-mit-Copyright-7-285x380.jpg\">\n                                                <source data-srcset=\"https:\/\/www.rp-technik.com\/wp-content\/uploads\/2021\/11\/Header-mit-Copyright-7-200x267.jpg\">\n                                                <img loading=\"lazy\" decoding=\"async\" src=\"https:\/\/www.rp-technik.com\/wp-content\/uploads\/2021\/11\/Header-mit-Copyright-7-495x660.jpg\"  width=\"495\" height=\"660\" alt=\"\" title=\"13181Villa Waldhaus , Berlin\" class=\"img-fluid w-100\">\n                                            <\/picture>\n                                        <\/figure>\n                                    <\/div>\n                                    <p class=\"small mb-0\">\n                                        <strong>Villa Waldhaus , Berlin<\/strong>\n                                    <\/p>\n                                    <p class=\"small\">\n                                        Des angles de vue clairs comme du verre, libres et ouverts gr\u00e2ce aux fen\u00eatres particuli\u00e8rement  &#8230;                                    <\/p>\n                                <\/div>\n                                                            <div class=\"ce-projectgallery__item\">\n                                    <div class=\"ce-projectgallery__image\">\n                                        <a href=\"https:\/\/www.rp-technik.com\/fr\/reference\/orangerie-herzogingarten-dresden\/\" class=\"lightcase-overlay ce-projectgallery__itemoverlay\">&nbsp;<\/a>\n                                        <figure class=\"\" data-aos=\"fade\" data-aos-duration=\"1000\" data-aos-delay=\"500\">\n                                            <picture>\n                                                <source media=\"(min-width: 1440px)\" srcset=\"https:\/\/www.rp-technik.com\/wp-content\/uploads\/2021\/11\/RP-015-Ausschnitt-II-1066-x740px-1-1-495x660.jpg\">\n                                                <source media=\"(min-width: 1200px)\" srcset=\"https:\/\/www.rp-technik.com\/wp-content\/uploads\/2021\/11\/RP-015-Ausschnitt-II-1066-x740px-1-1-355x474.jpg\">\n                                                <source media=\"(min-width: 992px)\" srcset=\"https:\/\/www.rp-technik.com\/wp-content\/uploads\/2021\/11\/RP-015-Ausschnitt-II-1066-x740px-1-1-300x400.jpg\">\n                                                <source media=\"(min-width: 768px)\" srcset=\"https:\/\/www.rp-technik.com\/wp-content\/uploads\/2021\/11\/RP-015-Ausschnitt-II-1066-x740px-1-1-245x327.jpg\">\n                                                <source media=\"(min-width: 576px)\" srcset=\"https:\/\/www.rp-technik.com\/wp-content\/uploads\/2021\/11\/RP-015-Ausschnitt-II-1066-x740px-1-1-380x507.jpg\">\n                                                <source media=\"(min-width: 320px)\" srcset=\"https:\/\/www.rp-technik.com\/wp-content\/uploads\/2021\/11\/RP-015-Ausschnitt-II-1066-x740px-1-1-285x380.jpg\">\n                                                <source data-srcset=\"https:\/\/www.rp-technik.com\/wp-content\/uploads\/2021\/11\/RP-015-Ausschnitt-II-1066-x740px-1-1-200x267.jpg\">\n                                                <img loading=\"lazy\" decoding=\"async\" src=\"https:\/\/www.rp-technik.com\/wp-content\/uploads\/2021\/11\/RP-015-Ausschnitt-II-1066-x740px-1-1-495x660.jpg\"  width=\"495\" height=\"660\" alt=\"\" title=\"12247Herzogin Garten Dresden\" class=\"img-fluid w-100\">\n                                            <\/picture>\n                                        <\/figure>\n                                    <\/div>\n                                    <p class=\"small mb-0\">\n                                        <strong>Herzogin Garten Dresden<\/strong>\n                                    <\/p>\n                                    <p class=\"small\">\n                                        Le b\u00e2timent de l&rsquo;orangerie, presque enti\u00e8rement d\u00e9truit pendant la Seconde Guerre mondiale, a  &#8230;                                    <\/p>\n                                <\/div>\n                                                            <div class=\"ce-projectgallery__item\">\n                                    <div class=\"ce-projectgallery__image\">\n                                        <a href=\"https:\/\/www.rp-technik.com\/fr\/reference\/la-rue-raspail-france\/\" class=\"lightcase-overlay ce-projectgallery__itemoverlay\">&nbsp;<\/a>\n                                        <figure class=\"\" data-aos=\"fade\" data-aos-duration=\"1000\" data-aos-delay=\"500\">\n                                            <picture>\n                                                <source media=\"(min-width: 1440px)\" srcset=\"https:\/\/www.rp-technik.com\/wp-content\/uploads\/2022\/04\/Detailansicht-495x660.jpg\">\n                                                <source media=\"(min-width: 1200px)\" srcset=\"https:\/\/www.rp-technik.com\/wp-content\/uploads\/2022\/04\/Detailansicht-355x474.jpg\">\n                                                <source media=\"(min-width: 992px)\" srcset=\"https:\/\/www.rp-technik.com\/wp-content\/uploads\/2022\/04\/Detailansicht-300x400.jpg\">\n                                                <source media=\"(min-width: 768px)\" srcset=\"https:\/\/www.rp-technik.com\/wp-content\/uploads\/2022\/04\/Detailansicht-245x327.jpg\">\n                                                <source media=\"(min-width: 576px)\" srcset=\"https:\/\/www.rp-technik.com\/wp-content\/uploads\/2022\/04\/Detailansicht-380x507.jpg\">\n                                                <source media=\"(min-width: 320px)\" srcset=\"https:\/\/www.rp-technik.com\/wp-content\/uploads\/2022\/04\/Detailansicht-285x380.jpg\">\n                                                <source data-srcset=\"https:\/\/www.rp-technik.com\/wp-content\/uploads\/2022\/04\/Detailansicht-200x267.jpg\">\n                                                <img loading=\"lazy\" decoding=\"async\" src=\"https:\/\/www.rp-technik.com\/wp-content\/uploads\/2022\/04\/Detailansicht-495x660.jpg\"  width=\"495\" height=\"660\" alt=\"\" title=\"15599La Rue Raspail, France\" class=\"img-fluid w-100\">\n                                            <\/picture>\n                                        <\/figure>\n                                    <\/div>\n                                    <p class=\"small mb-0\">\n                                        <strong>La Rue Raspail, France<\/strong>\n                                    <\/p>\n                                    <p class=\"small\">\n                                        Apr\u00e8s la suppression des anciennes baies vitr\u00e9es et la cr\u00e9ation d&rsquo;une nouvelle structure  &#8230;                                    <\/p>\n                                <\/div>\n                                                            <div class=\"ce-projectgallery__item\">\n                                    <div class=\"ce-projectgallery__image\">\n                                        <a href=\"https:\/\/www.rp-technik.com\/fr\/reference\/wiesenburg-berlin\/\" class=\"lightcase-overlay ce-projectgallery__itemoverlay\">&nbsp;<\/a>\n                                        <figure class=\"\" data-aos=\"fade\" data-aos-duration=\"1000\" data-aos-delay=\"500\">\n                                            <picture>\n                                                <source media=\"(min-width: 1440px)\" srcset=\"https:\/\/www.rp-technik.com\/wp-content\/uploads\/2022\/08\/Wiesenburg-Berlin-Vorhof-rp-fineline-70w-495x660.jpg\">\n                                                <source media=\"(min-width: 1200px)\" srcset=\"https:\/\/www.rp-technik.com\/wp-content\/uploads\/2022\/08\/Wiesenburg-Berlin-Vorhof-rp-fineline-70w-355x474.jpg\">\n                                                <source media=\"(min-width: 992px)\" srcset=\"https:\/\/www.rp-technik.com\/wp-content\/uploads\/2022\/08\/Wiesenburg-Berlin-Vorhof-rp-fineline-70w-300x400.jpg\">\n                                                <source media=\"(min-width: 768px)\" srcset=\"https:\/\/www.rp-technik.com\/wp-content\/uploads\/2022\/08\/Wiesenburg-Berlin-Vorhof-rp-fineline-70w-245x327.jpg\">\n                                                <source media=\"(min-width: 576px)\" srcset=\"https:\/\/www.rp-technik.com\/wp-content\/uploads\/2022\/08\/Wiesenburg-Berlin-Vorhof-rp-fineline-70w-380x507.jpg\">\n                                                <source media=\"(min-width: 320px)\" srcset=\"https:\/\/www.rp-technik.com\/wp-content\/uploads\/2022\/08\/Wiesenburg-Berlin-Vorhof-rp-fineline-70w-285x380.jpg\">\n                                                <source data-srcset=\"https:\/\/www.rp-technik.com\/wp-content\/uploads\/2022\/08\/Wiesenburg-Berlin-Vorhof-rp-fineline-70w-200x267.jpg\">\n                                                <img loading=\"lazy\" decoding=\"async\" src=\"https:\/\/www.rp-technik.com\/wp-content\/uploads\/2022\/08\/Wiesenburg-Berlin-Vorhof-rp-fineline-70w-495x660.jpg\"  width=\"495\" height=\"660\" alt=\"\" title=\"18107Wiesenburg, Berlin\" class=\"img-fluid w-100\">\n                                            <\/picture>\n                                        <\/figure>\n                                    <\/div>\n                                    <p class=\"small mb-0\">\n                                        <strong>Wiesenburg, Berlin<\/strong>\n                                    <\/p>\n                                    <p class=\"small\">\n                                        Le Wiesenburg \u00e0 Berlin associe cr\u00e9ativit\u00e9 et responsabilit\u00e9 sociale. Ateliers, studios,  &#8230;                                    <\/p>\n                                <\/div>\n                                                            <div class=\"ce-projectgallery__item\">\n                                    <div class=\"ce-projectgallery__image\">\n                                        <a href=\"https:\/\/www.rp-technik.com\/fr\/reference\/ecole-primaire-francfort-sur-loder\/\" class=\"lightcase-overlay ce-projectgallery__itemoverlay\">&nbsp;<\/a>\n                                        <figure class=\"\" data-aos=\"fade\" data-aos-duration=\"1000\" data-aos-delay=\"500\">\n                                            <picture>\n                                                <source media=\"(min-width: 1440px)\" srcset=\"https:\/\/www.rp-technik.com\/wp-content\/uploads\/2022\/07\/rp-fineline-70W-Fenster-innen-Weite-Ansicht-495x660.jpg\">\n                                                <source media=\"(min-width: 1200px)\" srcset=\"https:\/\/www.rp-technik.com\/wp-content\/uploads\/2022\/07\/rp-fineline-70W-Fenster-innen-Weite-Ansicht-355x474.jpg\">\n                                                <source media=\"(min-width: 992px)\" srcset=\"https:\/\/www.rp-technik.com\/wp-content\/uploads\/2022\/07\/rp-fineline-70W-Fenster-innen-Weite-Ansicht-300x400.jpg\">\n                                                <source media=\"(min-width: 768px)\" srcset=\"https:\/\/www.rp-technik.com\/wp-content\/uploads\/2022\/07\/rp-fineline-70W-Fenster-innen-Weite-Ansicht-245x327.jpg\">\n                                                <source media=\"(min-width: 576px)\" srcset=\"https:\/\/www.rp-technik.com\/wp-content\/uploads\/2022\/07\/rp-fineline-70W-Fenster-innen-Weite-Ansicht-380x507.jpg\">\n                                                <source media=\"(min-width: 320px)\" srcset=\"https:\/\/www.rp-technik.com\/wp-content\/uploads\/2022\/07\/rp-fineline-70W-Fenster-innen-Weite-Ansicht-285x380.jpg\">\n                                                <source data-srcset=\"https:\/\/www.rp-technik.com\/wp-content\/uploads\/2022\/07\/rp-fineline-70W-Fenster-innen-Weite-Ansicht-200x267.jpg\">\n                                                <img loading=\"lazy\" decoding=\"async\" src=\"https:\/\/www.rp-technik.com\/wp-content\/uploads\/2022\/07\/rp-fineline-70W-Fenster-innen-Weite-Ansicht-495x660.jpg\"  width=\"495\" height=\"660\" alt=\"rp fineline 70W, Fenster innen Weite Ansicht\" title=\"17469\u00c9cole primaire, Francfort sur l\u2019Oder\" class=\"img-fluid w-100\">\n                                            <\/picture>\n                                        <\/figure>\n                                    <\/div>\n                                    <p class=\"small mb-0\">\n                                        <strong>\u00c9cole primaire, Francfort sur l\u2019Oder<\/strong>\n                                    <\/p>\n                                    <p class=\"small\">\n                                        L&rsquo;\u00e9cole ? Ennuyeux ? Pas avec RP ! Sur ce b\u00e2timent scolaire class\u00e9 des ann\u00e9es quatre-vingt, une  &#8230;                                    <\/p>\n                                <\/div>\n                                                            <div class=\"ce-projectgallery__item\">\n                                    <div class=\"ce-projectgallery__image\">\n                                        <a href=\"https:\/\/www.rp-technik.com\/fr\/reference\/hs-films-de-precision-vohenstraus\/\" class=\"lightcase-overlay ce-projectgallery__itemoverlay\">&nbsp;<\/a>\n                                        <figure class=\"\" data-aos=\"fade\" data-aos-duration=\"1000\" data-aos-delay=\"500\">\n                                            <picture>\n                                                <source media=\"(min-width: 1440px)\" srcset=\"https:\/\/www.rp-technik.com\/wp-content\/uploads\/2022\/09\/HS-Praezisionsfolien-Vohenstrauss-rp-fineline-70W-Fenster-aussen-2-495x660.jpg\">\n                                                <source media=\"(min-width: 1200px)\" srcset=\"https:\/\/www.rp-technik.com\/wp-content\/uploads\/2022\/09\/HS-Praezisionsfolien-Vohenstrauss-rp-fineline-70W-Fenster-aussen-2-355x474.jpg\">\n                                                <source media=\"(min-width: 992px)\" srcset=\"https:\/\/www.rp-technik.com\/wp-content\/uploads\/2022\/09\/HS-Praezisionsfolien-Vohenstrauss-rp-fineline-70W-Fenster-aussen-2-300x400.jpg\">\n                                                <source media=\"(min-width: 768px)\" srcset=\"https:\/\/www.rp-technik.com\/wp-content\/uploads\/2022\/09\/HS-Praezisionsfolien-Vohenstrauss-rp-fineline-70W-Fenster-aussen-2-245x327.jpg\">\n                                                <source media=\"(min-width: 576px)\" srcset=\"https:\/\/www.rp-technik.com\/wp-content\/uploads\/2022\/09\/HS-Praezisionsfolien-Vohenstrauss-rp-fineline-70W-Fenster-aussen-2-380x507.jpg\">\n                                                <source media=\"(min-width: 320px)\" srcset=\"https:\/\/www.rp-technik.com\/wp-content\/uploads\/2022\/09\/HS-Praezisionsfolien-Vohenstrauss-rp-fineline-70W-Fenster-aussen-2-285x380.jpg\">\n                                                <source data-srcset=\"https:\/\/www.rp-technik.com\/wp-content\/uploads\/2022\/09\/HS-Praezisionsfolien-Vohenstrauss-rp-fineline-70W-Fenster-aussen-2-200x267.jpg\">\n                                                <img loading=\"lazy\" decoding=\"async\" src=\"https:\/\/www.rp-technik.com\/wp-content\/uploads\/2022\/09\/HS-Praezisionsfolien-Vohenstrauss-rp-fineline-70W-Fenster-aussen-2-495x660.jpg\"  width=\"495\" height=\"660\" alt=\"H+S-Pr\u00e4zisionsfolien, Vohenstrau\u00df, rp fineline 70W Fenster au\u00dfen (2)\" title=\"18394H+S-films de pr\u00e9cision, Vohenstrau\u00df\" class=\"img-fluid w-100\">\n                                            <\/picture>\n                                        <\/figure>\n                                    <\/div>\n                                    <p class=\"small mb-0\">\n                                        <strong>H+S-films de pr\u00e9cision, Vohenstrau\u00df<\/strong>\n                                    <\/p>\n                                    <p class=\"small\">\n                                        Des \u00e9l\u00e9ments de fen\u00eatre rp fineline filigranes ainsi que des portes coupe-feu et des cloisons de  &#8230;                                    <\/p>\n                                <\/div>\n                                                            <div class=\"ce-projectgallery__item\">\n                                    <div class=\"ce-projectgallery__image\">\n                                        <a href=\"https:\/\/www.rp-technik.com\/fr\/reference\/eiffel-gebaeude-maastricht-nl\/\" class=\"lightcase-overlay ce-projectgallery__itemoverlay\">&nbsp;<\/a>\n                                        <figure class=\"\" data-aos=\"fade\" data-aos-duration=\"1000\" data-aos-delay=\"500\">\n                                            <picture>\n                                                <source media=\"(min-width: 1440px)\" srcset=\"https:\/\/www.rp-technik.com\/wp-content\/uploads\/2020\/08\/eiffel-masstricht-design-stahl-fenstersystem-rp-fineline-70W-fassade_vorschau-495x660.jpg\">\n                                                <source media=\"(min-width: 1200px)\" srcset=\"https:\/\/www.rp-technik.com\/wp-content\/uploads\/2020\/08\/eiffel-masstricht-design-stahl-fenstersystem-rp-fineline-70W-fassade_vorschau-355x474.jpg\">\n                                                <source media=\"(min-width: 992px)\" srcset=\"https:\/\/www.rp-technik.com\/wp-content\/uploads\/2020\/08\/eiffel-masstricht-design-stahl-fenstersystem-rp-fineline-70W-fassade_vorschau-300x400.jpg\">\n                                                <source media=\"(min-width: 768px)\" srcset=\"https:\/\/www.rp-technik.com\/wp-content\/uploads\/2020\/08\/eiffel-masstricht-design-stahl-fenstersystem-rp-fineline-70W-fassade_vorschau-245x327.jpg\">\n                                                <source media=\"(min-width: 576px)\" srcset=\"https:\/\/www.rp-technik.com\/wp-content\/uploads\/2020\/08\/eiffel-masstricht-design-stahl-fenstersystem-rp-fineline-70W-fassade_vorschau-380x507.jpg\">\n                                                <source media=\"(min-width: 320px)\" srcset=\"https:\/\/www.rp-technik.com\/wp-content\/uploads\/2020\/08\/eiffel-masstricht-design-stahl-fenstersystem-rp-fineline-70W-fassade_vorschau-285x380.jpg\">\n                                                <source data-srcset=\"https:\/\/www.rp-technik.com\/wp-content\/uploads\/2020\/08\/eiffel-masstricht-design-stahl-fenstersystem-rp-fineline-70W-fassade_vorschau-200x267.jpg\">\n                                                <img loading=\"lazy\" decoding=\"async\" src=\"https:\/\/www.rp-technik.com\/wp-content\/uploads\/2020\/08\/eiffel-masstricht-design-stahl-fenstersystem-rp-fineline-70W-fassade_vorschau-495x660.jpg\"  width=\"495\" height=\"660\" alt=\"\" title=\"10011B\u00e2timent Eiffel, Maastricht\/Pays-Bas\" class=\"img-fluid w-100\">\n                                            <\/picture>\n                                        <\/figure>\n                                    <\/div>\n                                    <p class=\"small mb-0\">\n                                        <strong>B\u00e2timent Eiffel, Maastricht\/Pays-Bas<\/strong>\n                                    <\/p>\n                                    <p class=\"small\">\n                                        Cet ancien complexe industriel est un b\u00e2timent national class\u00e9 et aujourd\u2019hui un lieu o\u00f9  &#8230;                                    <\/p>\n                                <\/div>\n                                                            <div class=\"ce-projectgallery__item\">\n                                    <div class=\"ce-projectgallery__image\">\n                                        <a href=\"https:\/\/www.rp-technik.com\/fr\/reference\/universite-libre-institut-de-chimie-berlin\/\" class=\"lightcase-overlay ce-projectgallery__itemoverlay\">&nbsp;<\/a>\n                                        <figure class=\"\" data-aos=\"fade\" data-aos-duration=\"1000\" data-aos-delay=\"500\">\n                                            <picture>\n                                                <source media=\"(min-width: 1440px)\" srcset=\"https:\/\/www.rp-technik.com\/wp-content\/uploads\/2022\/07\/Freie-Universitaet-Berlin-Seitenansicht-aussen-rp-fineline-70W-rp-fineline-70D-495x660.jpg\">\n                                                <source media=\"(min-width: 1200px)\" srcset=\"https:\/\/www.rp-technik.com\/wp-content\/uploads\/2022\/07\/Freie-Universitaet-Berlin-Seitenansicht-aussen-rp-fineline-70W-rp-fineline-70D-355x474.jpg\">\n                                                <source media=\"(min-width: 992px)\" srcset=\"https:\/\/www.rp-technik.com\/wp-content\/uploads\/2022\/07\/Freie-Universitaet-Berlin-Seitenansicht-aussen-rp-fineline-70W-rp-fineline-70D-300x400.jpg\">\n                                                <source media=\"(min-width: 768px)\" srcset=\"https:\/\/www.rp-technik.com\/wp-content\/uploads\/2022\/07\/Freie-Universitaet-Berlin-Seitenansicht-aussen-rp-fineline-70W-rp-fineline-70D-245x327.jpg\">\n                                                <source media=\"(min-width: 576px)\" srcset=\"https:\/\/www.rp-technik.com\/wp-content\/uploads\/2022\/07\/Freie-Universitaet-Berlin-Seitenansicht-aussen-rp-fineline-70W-rp-fineline-70D-380x507.jpg\">\n                                                <source media=\"(min-width: 320px)\" srcset=\"https:\/\/www.rp-technik.com\/wp-content\/uploads\/2022\/07\/Freie-Universitaet-Berlin-Seitenansicht-aussen-rp-fineline-70W-rp-fineline-70D-285x380.jpg\">\n                                                <source data-srcset=\"https:\/\/www.rp-technik.com\/wp-content\/uploads\/2022\/07\/Freie-Universitaet-Berlin-Seitenansicht-aussen-rp-fineline-70W-rp-fineline-70D-200x267.jpg\">\n                                                <img loading=\"lazy\" decoding=\"async\" src=\"https:\/\/www.rp-technik.com\/wp-content\/uploads\/2022\/07\/Freie-Universitaet-Berlin-Seitenansicht-aussen-rp-fineline-70W-rp-fineline-70D-495x660.jpg\"  width=\"495\" height=\"660\" alt=\"Freie Universit\u00e4t Berlin Seitenansicht au\u00dfen rp fineline 70W &#038; rp fineline 70D\" title=\"17498Universit\u00e9 libre, Institut de chimie, Berlin\" class=\"img-fluid w-100\">\n                                            <\/picture>\n                                        <\/figure>\n                                    <\/div>\n                                    <p class=\"small mb-0\">\n                                        <strong>Universit\u00e9 libre, Institut de chimie, Berlin<\/strong>\n                                    <\/p>\n                                    <p class=\"small\">\n                                        Le b\u00e2timent de l&rsquo;institut de chimie, d\u00e9crit par l&rsquo;architecte Friedhelm Nussbaum comme un \u00ab\u00a0tr\u00e9sor  &#8230;                                    <\/p>\n                                <\/div>\n                                                            <div class=\"ce-projectgallery__item\">\n                                    <div class=\"ce-projectgallery__image\">\n                                        <a href=\"https:\/\/www.rp-technik.com\/fr\/reference\/domaine-faiveley-france\/\" class=\"lightcase-overlay ce-projectgallery__itemoverlay\">&nbsp;<\/a>\n                                        <figure class=\"\" data-aos=\"fade\" data-aos-duration=\"1000\" data-aos-delay=\"500\">\n                                            <picture>\n                                                <source media=\"(min-width: 1440px)\" srcset=\"https:\/\/www.rp-technik.com\/wp-content\/uploads\/2023\/03\/Domaine-Faiveley-Cave-a-Vin-2-495x660.jpg\">\n                                                <source media=\"(min-width: 1200px)\" srcset=\"https:\/\/www.rp-technik.com\/wp-content\/uploads\/2023\/03\/Domaine-Faiveley-Cave-a-Vin-2-355x474.jpg\">\n                                                <source media=\"(min-width: 992px)\" srcset=\"https:\/\/www.rp-technik.com\/wp-content\/uploads\/2023\/03\/Domaine-Faiveley-Cave-a-Vin-2-300x400.jpg\">\n                                                <source media=\"(min-width: 768px)\" srcset=\"https:\/\/www.rp-technik.com\/wp-content\/uploads\/2023\/03\/Domaine-Faiveley-Cave-a-Vin-2-245x327.jpg\">\n                                                <source media=\"(min-width: 576px)\" srcset=\"https:\/\/www.rp-technik.com\/wp-content\/uploads\/2023\/03\/Domaine-Faiveley-Cave-a-Vin-2-380x507.jpg\">\n                                                <source media=\"(min-width: 320px)\" srcset=\"https:\/\/www.rp-technik.com\/wp-content\/uploads\/2023\/03\/Domaine-Faiveley-Cave-a-Vin-2-285x380.jpg\">\n                                                <source data-srcset=\"https:\/\/www.rp-technik.com\/wp-content\/uploads\/2023\/03\/Domaine-Faiveley-Cave-a-Vin-2-200x267.jpg\">\n                                                <img loading=\"lazy\" decoding=\"async\" src=\"https:\/\/www.rp-technik.com\/wp-content\/uploads\/2023\/03\/Domaine-Faiveley-Cave-a-Vin-2-495x660.jpg\"  width=\"495\" height=\"660\" alt=\"Domaine Faiveley, Cave \u00e0 Vin\" title=\"23236Domaine Faiveley, France\" class=\"img-fluid w-100\">\n                                            <\/picture>\n                                        <\/figure>\n                                    <\/div>\n                                    <p class=\"small mb-0\">\n                                        <strong>Domaine Faiveley, France<\/strong>\n                                    <\/p>\n                                    <p class=\"small\">\n                                        Le syst\u00e8me rp fineline 70 a \u00e9t\u00e9 utilis\u00e9 en 2018 dans la fabrique de vin \u00ab\u00a0Domaine Faiveley\u00a0\u00bb,  &#8230;                                    <\/p>\n                                <\/div>\n                                                            <div class=\"ce-projectgallery__item\">\n                                    <div class=\"ce-projectgallery__image\">\n                                        <a href=\"https:\/\/www.rp-technik.com\/fr\/reference\/rosa-bonheur-paris\/\" class=\"lightcase-overlay ce-projectgallery__itemoverlay\">&nbsp;<\/a>\n                                        <figure class=\"\" data-aos=\"fade\" data-aos-duration=\"1000\" data-aos-delay=\"500\">\n                                            <picture>\n                                                <source media=\"(min-width: 1440px)\" srcset=\"https:\/\/www.rp-technik.com\/wp-content\/uploads\/2023\/03\/Rosa-BonheurParis-Sitzbereich-495x660.jpg\">\n                                                <source media=\"(min-width: 1200px)\" srcset=\"https:\/\/www.rp-technik.com\/wp-content\/uploads\/2023\/03\/Rosa-BonheurParis-Sitzbereich-355x474.jpg\">\n                                                <source media=\"(min-width: 992px)\" srcset=\"https:\/\/www.rp-technik.com\/wp-content\/uploads\/2023\/03\/Rosa-BonheurParis-Sitzbereich-300x400.jpg\">\n                                                <source media=\"(min-width: 768px)\" srcset=\"https:\/\/www.rp-technik.com\/wp-content\/uploads\/2023\/03\/Rosa-BonheurParis-Sitzbereich-245x327.jpg\">\n                                                <source media=\"(min-width: 576px)\" srcset=\"https:\/\/www.rp-technik.com\/wp-content\/uploads\/2023\/03\/Rosa-BonheurParis-Sitzbereich-380x507.jpg\">\n                                                <source media=\"(min-width: 320px)\" srcset=\"https:\/\/www.rp-technik.com\/wp-content\/uploads\/2023\/03\/Rosa-BonheurParis-Sitzbereich-285x380.jpg\">\n                                                <source data-srcset=\"https:\/\/www.rp-technik.com\/wp-content\/uploads\/2023\/03\/Rosa-BonheurParis-Sitzbereich-200x267.jpg\">\n                                                <img loading=\"lazy\" decoding=\"async\" src=\"https:\/\/www.rp-technik.com\/wp-content\/uploads\/2023\/03\/Rosa-BonheurParis-Sitzbereich-495x660.jpg\"  width=\"495\" height=\"660\" alt=\"Rosa Bonheur,Paris Sitzbereich\" title=\"22091Rosa Bonheur, Paris\" class=\"img-fluid w-100\">\n                                            <\/picture>\n                                        <\/figure>\n                                    <\/div>\n                                    <p class=\"small mb-0\">\n                                        <strong>Rosa Bonheur, Paris<\/strong>\n                                    <\/p>\n                                    <p class=\"small\">\n                                        Imaginez que vous \u00eates assis dans un restaurant sur un bateau sur la Seine \u00e0 Paris et que vous  &#8230;                                    <\/p>\n                                <\/div>\n                                                            <div class=\"ce-projectgallery__item\">\n                                    <div class=\"ce-projectgallery__image\">\n                                        <a href=\"https:\/\/www.rp-technik.com\/fr\/reference\/orangerie-greiz\/\" class=\"lightcase-overlay ce-projectgallery__itemoverlay\">&nbsp;<\/a>\n                                        <figure class=\"\" data-aos=\"fade\" data-aos-duration=\"1000\" data-aos-delay=\"500\">\n                                            <picture>\n                                                <source media=\"(min-width: 1440px)\" srcset=\"https:\/\/www.rp-technik.com\/wp-content\/uploads\/2022\/10\/Orangerie-Greiz-rp-fineline-70W-exterior-495x660.jpg\">\n                                                <source media=\"(min-width: 1200px)\" srcset=\"https:\/\/www.rp-technik.com\/wp-content\/uploads\/2022\/10\/Orangerie-Greiz-rp-fineline-70W-exterior-355x474.jpg\">\n                                                <source media=\"(min-width: 992px)\" srcset=\"https:\/\/www.rp-technik.com\/wp-content\/uploads\/2022\/10\/Orangerie-Greiz-rp-fineline-70W-exterior-300x400.jpg\">\n                                                <source media=\"(min-width: 768px)\" srcset=\"https:\/\/www.rp-technik.com\/wp-content\/uploads\/2022\/10\/Orangerie-Greiz-rp-fineline-70W-exterior-245x327.jpg\">\n                                                <source media=\"(min-width: 576px)\" srcset=\"https:\/\/www.rp-technik.com\/wp-content\/uploads\/2022\/10\/Orangerie-Greiz-rp-fineline-70W-exterior-380x507.jpg\">\n                                                <source media=\"(min-width: 320px)\" srcset=\"https:\/\/www.rp-technik.com\/wp-content\/uploads\/2022\/10\/Orangerie-Greiz-rp-fineline-70W-exterior-285x380.jpg\">\n                                                <source data-srcset=\"https:\/\/www.rp-technik.com\/wp-content\/uploads\/2022\/10\/Orangerie-Greiz-rp-fineline-70W-exterior-200x267.jpg\">\n                                                <img loading=\"lazy\" decoding=\"async\" src=\"https:\/\/www.rp-technik.com\/wp-content\/uploads\/2022\/10\/Orangerie-Greiz-rp-fineline-70W-exterior-495x660.jpg\"  width=\"495\" height=\"660\" alt=\"\" title=\"19924Orangerie, Greiz\" class=\"img-fluid w-100\">\n                                            <\/picture>\n                                        <\/figure>\n                                    <\/div>\n                                    <p class=\"small mb-0\">\n                                        <strong>Orangerie, Greiz<\/strong>\n                                    <\/p>\n                                    <p class=\"small\">\n                                        L&rsquo;orangerie, d\u00e9crite par les architectes Haas comme un \u00ab\u00a0rapprochement du corps de b\u00e2timent avec  &#8230;                                    <\/p>\n                                <\/div>\n                                                            <div class=\"ce-projectgallery__item\">\n                                    <div class=\"ce-projectgallery__image\">\n                                        <a href=\"https:\/\/www.rp-technik.com\/fr\/reference\/bibliotheque-centrale-munich\/\" class=\"lightcase-overlay ce-projectgallery__itemoverlay\">&nbsp;<\/a>\n                                        <figure class=\"\" data-aos=\"fade\" data-aos-duration=\"1000\" data-aos-delay=\"500\">\n                                            <picture>\n                                                <source media=\"(min-width: 1440px)\" srcset=\"https:\/\/www.rp-technik.com\/wp-content\/uploads\/2022\/09\/Zentralbibliothek-Muenchen-rp-hermetic-70D-495x660.jpg\">\n                                                <source media=\"(min-width: 1200px)\" srcset=\"https:\/\/www.rp-technik.com\/wp-content\/uploads\/2022\/09\/Zentralbibliothek-Muenchen-rp-hermetic-70D-355x474.jpg\">\n                                                <source media=\"(min-width: 992px)\" srcset=\"https:\/\/www.rp-technik.com\/wp-content\/uploads\/2022\/09\/Zentralbibliothek-Muenchen-rp-hermetic-70D-300x400.jpg\">\n                                                <source media=\"(min-width: 768px)\" srcset=\"https:\/\/www.rp-technik.com\/wp-content\/uploads\/2022\/09\/Zentralbibliothek-Muenchen-rp-hermetic-70D-245x327.jpg\">\n                                                <source media=\"(min-width: 576px)\" srcset=\"https:\/\/www.rp-technik.com\/wp-content\/uploads\/2022\/09\/Zentralbibliothek-Muenchen-rp-hermetic-70D-380x507.jpg\">\n                                                <source media=\"(min-width: 320px)\" srcset=\"https:\/\/www.rp-technik.com\/wp-content\/uploads\/2022\/09\/Zentralbibliothek-Muenchen-rp-hermetic-70D-285x380.jpg\">\n                                                <source data-srcset=\"https:\/\/www.rp-technik.com\/wp-content\/uploads\/2022\/09\/Zentralbibliothek-Muenchen-rp-hermetic-70D-200x267.jpg\">\n                                                <img loading=\"lazy\" decoding=\"async\" src=\"https:\/\/www.rp-technik.com\/wp-content\/uploads\/2022\/09\/Zentralbibliothek-Muenchen-rp-hermetic-70D-495x660.jpg\"  width=\"495\" height=\"660\" alt=\"Zentralbibliothek M\u00fcnchen, rp hermetic 70D\" title=\"18873Biblioth\u00e8que centrale, Munich\" class=\"img-fluid w-100\">\n                                            <\/picture>\n                                        <\/figure>\n                                    <\/div>\n                                    <p class=\"small mb-0\">\n                                        <strong>Biblioth\u00e8que centrale, Munich<\/strong>\n                                    <\/p>\n                                    <p class=\"small\">\n                                        L&rsquo;extension de la biblioth\u00e8que centrale de Munich, r\u00e9alis\u00e9e par meck architekten, a \u00e9t\u00e9  &#8230;                                    <\/p>\n                                <\/div>\n                                                            <div class=\"ce-projectgallery__item\">\n                                    <div class=\"ce-projectgallery__image\">\n                                        <a href=\"https:\/\/www.rp-technik.com\/fr\/reference\/jardin-dhiver-france\/\" class=\"lightcase-overlay ce-projectgallery__itemoverlay\">&nbsp;<\/a>\n                                        <figure class=\"\" data-aos=\"fade\" data-aos-duration=\"1000\" data-aos-delay=\"500\">\n                                            <picture>\n                                                <source media=\"(min-width: 1440px)\" srcset=\"https:\/\/www.rp-technik.com\/wp-content\/uploads\/2022\/05\/Wintergarten-rp-fineline-60W-Gesamtansicht-495x660.jpg\">\n                                                <source media=\"(min-width: 1200px)\" srcset=\"https:\/\/www.rp-technik.com\/wp-content\/uploads\/2022\/05\/Wintergarten-rp-fineline-60W-Gesamtansicht-355x474.jpg\">\n                                                <source media=\"(min-width: 992px)\" srcset=\"https:\/\/www.rp-technik.com\/wp-content\/uploads\/2022\/05\/Wintergarten-rp-fineline-60W-Gesamtansicht-300x400.jpg\">\n                                                <source media=\"(min-width: 768px)\" srcset=\"https:\/\/www.rp-technik.com\/wp-content\/uploads\/2022\/05\/Wintergarten-rp-fineline-60W-Gesamtansicht-245x327.jpg\">\n                                                <source media=\"(min-width: 576px)\" srcset=\"https:\/\/www.rp-technik.com\/wp-content\/uploads\/2022\/05\/Wintergarten-rp-fineline-60W-Gesamtansicht-380x507.jpg\">\n                                                <source media=\"(min-width: 320px)\" srcset=\"https:\/\/www.rp-technik.com\/wp-content\/uploads\/2022\/05\/Wintergarten-rp-fineline-60W-Gesamtansicht-285x380.jpg\">\n                                                <source data-srcset=\"https:\/\/www.rp-technik.com\/wp-content\/uploads\/2022\/05\/Wintergarten-rp-fineline-60W-Gesamtansicht-200x267.jpg\">\n                                                <img loading=\"lazy\" decoding=\"async\" src=\"https:\/\/www.rp-technik.com\/wp-content\/uploads\/2022\/05\/Wintergarten-rp-fineline-60W-Gesamtansicht-495x660.jpg\"  width=\"495\" height=\"660\" alt=\"Wintergarten Rp Fineline 60W Gesamtansicht\" title=\"16987Jardin d&rsquo;hiver, France\" class=\"img-fluid w-100\">\n                                            <\/picture>\n                                        <\/figure>\n                                    <\/div>\n                                    <p class=\"small mb-0\">\n                                        <strong>Jardin d&rsquo;hiver, France<\/strong>\n                                    <\/p>\n                                    <p class=\"small\">\n                                        Ce jardin d&rsquo;hiver rp fineline 60 f\u00fbt le premier d&rsquo;une longue s\u00e9rie qui r\u00e9introduisit le jardin  &#8230;                                    <\/p>\n                                <\/div>\n                                                            <div class=\"ce-projectgallery__item\">\n                                    <div class=\"ce-projectgallery__image\">\n                                        <a href=\"https:\/\/www.rp-technik.com\/fr\/reference\/eglise-culturelle-st-jakobi-stralsund\/\" class=\"lightcase-overlay ce-projectgallery__itemoverlay\">&nbsp;<\/a>\n                                        <figure class=\"\" data-aos=\"fade\" data-aos-duration=\"1000\" data-aos-delay=\"500\">\n                                            <picture>\n                                                <source media=\"(min-width: 1440px)\" srcset=\"https:\/\/www.rp-technik.com\/wp-content\/uploads\/2022\/03\/Eingangstuer-Nahaufnahme--495x660.jpg\">\n                                                <source media=\"(min-width: 1200px)\" srcset=\"https:\/\/www.rp-technik.com\/wp-content\/uploads\/2022\/03\/Eingangstuer-Nahaufnahme--355x474.jpg\">\n                                                <source media=\"(min-width: 992px)\" srcset=\"https:\/\/www.rp-technik.com\/wp-content\/uploads\/2022\/03\/Eingangstuer-Nahaufnahme--300x400.jpg\">\n                                                <source media=\"(min-width: 768px)\" srcset=\"https:\/\/www.rp-technik.com\/wp-content\/uploads\/2022\/03\/Eingangstuer-Nahaufnahme--245x327.jpg\">\n                                                <source media=\"(min-width: 576px)\" srcset=\"https:\/\/www.rp-technik.com\/wp-content\/uploads\/2022\/03\/Eingangstuer-Nahaufnahme--380x507.jpg\">\n                                                <source media=\"(min-width: 320px)\" srcset=\"https:\/\/www.rp-technik.com\/wp-content\/uploads\/2022\/03\/Eingangstuer-Nahaufnahme--285x380.jpg\">\n                                                <source data-srcset=\"https:\/\/www.rp-technik.com\/wp-content\/uploads\/2022\/03\/Eingangstuer-Nahaufnahme--200x267.jpg\">\n                                                <img loading=\"lazy\" decoding=\"async\" src=\"https:\/\/www.rp-technik.com\/wp-content\/uploads\/2022\/03\/Eingangstuer-Nahaufnahme--495x660.jpg\"  width=\"495\" height=\"660\" alt=\"Eingangst\u00fcr Nahaufnahme\" title=\"15366\u00c9glise culturelle St.Jakobi, \u201eStralsund\u201c\" class=\"img-fluid w-100\">\n                                            <\/picture>\n                                        <\/figure>\n                                    <\/div>\n                                    <p class=\"small mb-0\">\n                                        <strong>\u00c9glise culturelle St.Jakobi, \u201eStralsund\u201c<\/strong>\n                                    <\/p>\n                                    <p class=\"small\">\n                                        Mentionn\u00e9e pour la premi\u00e8re fois en 1303, l&rsquo;\u00e9glise St. Jakobi est aujourd&rsquo;hui utilis\u00e9e comme  &#8230;                                    <\/p>\n                                <\/div>\n                                                            <div class=\"ce-projectgallery__item\">\n                                    <div class=\"ce-projectgallery__image\">\n                                        <a href=\"https:\/\/www.rp-technik.com\/fr\/reference\/humboldt-forum-berlin\/\" class=\"lightcase-overlay ce-projectgallery__itemoverlay\">&nbsp;<\/a>\n                                        <figure class=\"\" data-aos=\"fade\" data-aos-duration=\"1000\" data-aos-delay=\"500\">\n                                            <picture>\n                                                <source media=\"(min-width: 1440px)\" srcset=\"https:\/\/www.rp-technik.com\/wp-content\/uploads\/2021\/12\/Humboldt-Forum-Berlin-Gesamtansicht-rp-hermetic-70W-495x660.jpg\">\n                                                <source media=\"(min-width: 1200px)\" srcset=\"https:\/\/www.rp-technik.com\/wp-content\/uploads\/2021\/12\/Humboldt-Forum-Berlin-Gesamtansicht-rp-hermetic-70W-355x474.jpg\">\n                                                <source media=\"(min-width: 992px)\" srcset=\"https:\/\/www.rp-technik.com\/wp-content\/uploads\/2021\/12\/Humboldt-Forum-Berlin-Gesamtansicht-rp-hermetic-70W-300x400.jpg\">\n                                                <source media=\"(min-width: 768px)\" srcset=\"https:\/\/www.rp-technik.com\/wp-content\/uploads\/2021\/12\/Humboldt-Forum-Berlin-Gesamtansicht-rp-hermetic-70W-245x327.jpg\">\n                                                <source media=\"(min-width: 576px)\" srcset=\"https:\/\/www.rp-technik.com\/wp-content\/uploads\/2021\/12\/Humboldt-Forum-Berlin-Gesamtansicht-rp-hermetic-70W-380x507.jpg\">\n                                                <source media=\"(min-width: 320px)\" srcset=\"https:\/\/www.rp-technik.com\/wp-content\/uploads\/2021\/12\/Humboldt-Forum-Berlin-Gesamtansicht-rp-hermetic-70W-285x380.jpg\">\n                                                <source data-srcset=\"https:\/\/www.rp-technik.com\/wp-content\/uploads\/2021\/12\/Humboldt-Forum-Berlin-Gesamtansicht-rp-hermetic-70W-200x267.jpg\">\n                                                <img loading=\"lazy\" decoding=\"async\" src=\"https:\/\/www.rp-technik.com\/wp-content\/uploads\/2021\/12\/Humboldt-Forum-Berlin-Gesamtansicht-rp-hermetic-70W-495x660.jpg\"  width=\"495\" height=\"660\" alt=\"Humboldt Forum Berlin, vue g\u00e9n\u00e9rale rp hermetic 70W\" title=\"13473Humboldt Forum, Berlin\" class=\"img-fluid w-100\">\n                                            <\/picture>\n                                        <\/figure>\n                                    <\/div>\n                                    <p class=\"small mb-0\">\n                                        <strong>Humboldt Forum, Berlin<\/strong>\n                                    <\/p>\n                                    <p class=\"small\">\n                                        Appr\u00e9cions ensemble la vue unique du Humboldt Forum avec les portes et les fen\u00eatres de la s\u00e9rie  &#8230;                                    <\/p>\n                                <\/div>\n                                                            <div class=\"ce-projectgallery__item\">\n                                    <div class=\"ce-projectgallery__image\">\n                                        <a href=\"https:\/\/www.rp-technik.com\/fr\/reference\/container-hotel-meeresbummler-markdorf\/\" class=\"lightcase-overlay ce-projectgallery__itemoverlay\">&nbsp;<\/a>\n                                        <figure class=\"\" data-aos=\"fade\" data-aos-duration=\"1000\" data-aos-delay=\"500\">\n                                            <picture>\n                                                <source media=\"(min-width: 1440px)\" srcset=\"https:\/\/www.rp-technik.com\/wp-content\/uploads\/2020\/08\/hotel-meeresbummler\u2013stahl-glas-system-rp-hermetic-70D-detail_vorschau-1-495x660.jpg\">\n                                                <source media=\"(min-width: 1200px)\" srcset=\"https:\/\/www.rp-technik.com\/wp-content\/uploads\/2020\/08\/hotel-meeresbummler\u2013stahl-glas-system-rp-hermetic-70D-detail_vorschau-1-355x474.jpg\">\n                                                <source media=\"(min-width: 992px)\" srcset=\"https:\/\/www.rp-technik.com\/wp-content\/uploads\/2020\/08\/hotel-meeresbummler\u2013stahl-glas-system-rp-hermetic-70D-detail_vorschau-1-300x400.jpg\">\n                                                <source media=\"(min-width: 768px)\" srcset=\"https:\/\/www.rp-technik.com\/wp-content\/uploads\/2020\/08\/hotel-meeresbummler\u2013stahl-glas-system-rp-hermetic-70D-detail_vorschau-1-245x327.jpg\">\n                                                <source media=\"(min-width: 576px)\" srcset=\"https:\/\/www.rp-technik.com\/wp-content\/uploads\/2020\/08\/hotel-meeresbummler\u2013stahl-glas-system-rp-hermetic-70D-detail_vorschau-1-380x507.jpg\">\n                                                <source media=\"(min-width: 320px)\" srcset=\"https:\/\/www.rp-technik.com\/wp-content\/uploads\/2020\/08\/hotel-meeresbummler\u2013stahl-glas-system-rp-hermetic-70D-detail_vorschau-1-285x380.jpg\">\n                                                <source data-srcset=\"https:\/\/www.rp-technik.com\/wp-content\/uploads\/2020\/08\/hotel-meeresbummler\u2013stahl-glas-system-rp-hermetic-70D-detail_vorschau-1-200x267.jpg\">\n                                                <img loading=\"lazy\" decoding=\"async\" src=\"https:\/\/www.rp-technik.com\/wp-content\/uploads\/2020\/08\/hotel-meeresbummler\u2013stahl-glas-system-rp-hermetic-70D-detail_vorschau-1-495x660.jpg\"  width=\"495\" height=\"660\" alt=\"\" title=\"9994H\u00f4tel container Meeresbummler, Markdorf\" class=\"img-fluid w-100\">\n                                            <\/picture>\n                                        <\/figure>\n                                    <\/div>\n                                    <p class=\"small mb-0\">\n                                        <strong>H\u00f4tel container Meeresbummler, Markdorf<\/strong>\n                                    <\/p>\n                                    <p class=\"small\">\n                                        Le container de fret a pass\u00e9 16 ans sur les mers du globe. D\u00e9sormais, ce globe-trotteur des mers  &#8230;                                    <\/p>\n                                <\/div>\n                                                            <div class=\"ce-projectgallery__item\">\n                                    <div class=\"ce-projectgallery__image\">\n                                        <a href=\"https:\/\/www.rp-technik.com\/fr\/reference\/piscine-pantin-fr\/\" class=\"lightcase-overlay ce-projectgallery__itemoverlay\">&nbsp;<\/a>\n                                        <figure class=\"\" data-aos=\"fade\" data-aos-duration=\"1000\" data-aos-delay=\"500\">\n                                            <picture>\n                                                <source media=\"(min-width: 1440px)\" srcset=\"https:\/\/www.rp-technik.com\/wp-content\/uploads\/2022\/12\/Schwimmbad-Pantin-rp-fineline-70-Terrasse-2-495x660.jpg\">\n                                                <source media=\"(min-width: 1200px)\" srcset=\"https:\/\/www.rp-technik.com\/wp-content\/uploads\/2022\/12\/Schwimmbad-Pantin-rp-fineline-70-Terrasse-2-355x474.jpg\">\n                                                <source media=\"(min-width: 992px)\" srcset=\"https:\/\/www.rp-technik.com\/wp-content\/uploads\/2022\/12\/Schwimmbad-Pantin-rp-fineline-70-Terrasse-2-300x400.jpg\">\n                                                <source media=\"(min-width: 768px)\" srcset=\"https:\/\/www.rp-technik.com\/wp-content\/uploads\/2022\/12\/Schwimmbad-Pantin-rp-fineline-70-Terrasse-2-245x327.jpg\">\n                                                <source media=\"(min-width: 576px)\" srcset=\"https:\/\/www.rp-technik.com\/wp-content\/uploads\/2022\/12\/Schwimmbad-Pantin-rp-fineline-70-Terrasse-2-380x507.jpg\">\n                                                <source media=\"(min-width: 320px)\" srcset=\"https:\/\/www.rp-technik.com\/wp-content\/uploads\/2022\/12\/Schwimmbad-Pantin-rp-fineline-70-Terrasse-2-285x380.jpg\">\n                                                <source data-srcset=\"https:\/\/www.rp-technik.com\/wp-content\/uploads\/2022\/12\/Schwimmbad-Pantin-rp-fineline-70-Terrasse-2-200x267.jpg\">\n                                                <img loading=\"lazy\" decoding=\"async\" src=\"https:\/\/www.rp-technik.com\/wp-content\/uploads\/2022\/12\/Schwimmbad-Pantin-rp-fineline-70-Terrasse-2-495x660.jpg\"  width=\"495\" height=\"660\" alt=\"Schwimmbad Pantin rp fineline 70 Terrasse (2)\" title=\"20329Piscine, Pantin\/FR\" class=\"img-fluid w-100\">\n                                            <\/picture>\n                                        <\/figure>\n                                    <\/div>\n                                    <p class=\"small mb-0\">\n                                        <strong>Piscine, Pantin\/FR<\/strong>\n                                    <\/p>\n                                    <p class=\"small\">\n                                        Construite en 1937, la piscine de Pantin est l&rsquo;une des plus anciennes d&rsquo;\u00cele-de-France et est  &#8230;                                    <\/p>\n                                <\/div>\n                                                <\/div>\n                <\/div>\n            <\/div>\n        <\/div>\n    <\/div>\n\n\n<div class=\"ce ce--full ce-textimage ce-textimagespecial\n        ce--fullcontent js-textimagespecial ce--no-bg\n                        ce-textimagespecial--grey  \" id=\"\">\n    <div class=\"container-fluid\">\n        <div class=\"row\">\n            <div class=\"ce-textimage__text ce-textimagespecial__text col-12 col-md-4 d-flex flex-column justify-content-center\">\n                <div class=\"ce-textimagespecial__textinner\">\n                                                                <h2 class=\"ce-textimagespecial__headline\">Poign\u00e9es<br \/>\r\n<\/h2>\n                                        <p class=\"small\">\n                        La conception est une question d&rsquo;attitude, de premi\u00e8res impressions et de relations \u00e0 long terme. Fid\u00e8les \u00e0 cette id\u00e9e, les lignes de poign\u00e9es design de RP Technik s\u00e9duisent par leur apparence \u00e9pur\u00e9e et leur maniement ergonomique. En tant qu&rsquo;interface entre les fen\u00eatres et les portes en acier et les personnes qui les saisissent.                    <\/p>\n                                        <a href=\"https:\/\/www.rp-technik.com\/fr\/poignees\/\" target=\"_blank\" class=\"more\">Plus &gt;&gt;<\/a>\n                                    <\/div>\n            <\/div>\n            <div class=\"ce-textimage__image col-12 col-md-8 px-0\">\n                <figure class=\"\" data-aos=\"fade\" data-aos-duration=\"1000\" data-aos-delay=\"500\">\n                    <picture>\n                        <source media=\"(min-width: 2000px)\" data-srcset=\"https:\/\/www.rp-technik.com\/wp-content\/uploads\/2022\/03\/Varianten.png\">\n                        <source media=\"(min-width: 1440px)\" data-srcset=\"https:\/\/www.rp-technik.com\/wp-content\/uploads\/2022\/03\/Varianten.png\">\n                        <source media=\"(min-width: 1200px)\" data-srcset=\"https:\/\/www.rp-technik.com\/wp-content\/uploads\/2022\/03\/Varianten.png\">\n                        <source media=\"(min-width: 992px)\" data-srcset=\"https:\/\/www.rp-technik.com\/wp-content\/uploads\/2022\/03\/Varianten.png\">\n                        <source media=\"(min-width: 768px)\" data-srcset=\"https:\/\/www.rp-technik.com\/wp-content\/uploads\/2022\/03\/Varianten.png\">\n                        <source media=\"(min-width: 576px)\" data-srcset=\"https:\/\/www.rp-technik.com\/wp-content\/uploads\/2022\/03\/Varianten.png\">\n                        <source media=\"(min-width: 320px)\" data-srcset=\"https:\/\/www.rp-technik.com\/wp-content\/uploads\/2022\/03\/Varianten.png\">\n                        <source data-srcset=\"https:\/\/www.rp-technik.com\/wp-content\/uploads\/2022\/03\/Varianten.png\">\n                        <img loading=\"lazy\" data-src=\"https:\/\/www.rp-technik.com\/wp-content\/uploads\/2022\/03\/Varianten.png\" width=\"960\" height=\"555\" alt=\"\" title=\"\" class=\"img-fluid w-100\">\n                    <\/picture>\n                <\/figure>\n            <\/div>\n        <\/div>\n    <\/div>\n<\/div>\n","protected":false},"excerpt":{"rendered":"<p>Optisch au\u00dfergew\u00f6hnliche und hoch funktionale Stahl-Glas-Systeme f\u00fcr Fenster, T\u00fcren, Trennw\u00e4nde, Fassaden und Glasd\u00e4cher sind die Kompetenz von RP Technik.<\/p>\n","protected":false},"author":40,"featured_media":0,"parent":0,"menu_order":0,"comment_status":"closed","ping_status":"closed","template":"page-startpage.php","meta":{"_acf_changed":false,"inline_featured_image":false,"footnotes":""},"class_list":["post-9883","page","type-page","status-publish","hentry"],"acf":[],"yoast_head":"<!-- This site is optimized with the Yoast SEO plugin v26.8 - https:\/\/yoast.com\/product\/yoast-seo-wordpress\/ -->\n<title>Syst\u00e8mes verre et acier de RP Technik<\/title>\n<meta name=\"description\" content=\"RP Technik est sp\u00e9cialis\u00e9 dans les syst\u00e8mes verre et acier hors du commun et hautement fonctionnels pour fen\u00eatres, portes, cloisons, fa\u00e7ades et verri\u00e8res de toit.\" \/>\n<link rel=\"canonical\" href=\"https:\/\/www.rp-technik.com\/fr\/startseite\/\" \/>\n<meta property=\"og:locale\" content=\"fr_FR\" \/>\n<meta property=\"og:type\" content=\"article\" \/>\n<meta property=\"og:title\" content=\"Syst\u00e8mes verre et acier de RP Technik\" \/>\n<meta property=\"og:description\" content=\"RP Technik est sp\u00e9cialis\u00e9 dans les syst\u00e8mes verre et acier hors du commun et hautement fonctionnels pour fen\u00eatres, portes, cloisons, fa\u00e7ades et verri\u00e8res de toit. Des r\u00e9f\u00e9rences internationales refl\u00e8tent les nombreuses possibilit\u00e9s de conception.\" \/>\n<meta property=\"og:url\" content=\"https:\/\/www.rp-technik.com\/fr\/startseite\/\" \/>\n<meta property=\"og:site_name\" content=\"RP Technik\" \/>\n<meta property=\"article:modified_time\" content=\"2025-12-16T10:09:13+00:00\" \/>\n<meta property=\"og:image\" content=\"https:\/\/www.rp-technik.com\/wp-content\/uploads\/2020\/10\/Startseite-RP-Technik.png\" \/>\n\t<meta property=\"og:image:width\" content=\"1695\" \/>\n\t<meta property=\"og:image:height\" content=\"807\" \/>\n\t<meta property=\"og:image:type\" content=\"image\/png\" \/>\n<meta name=\"twitter:card\" content=\"summary_large_image\" \/>\n<meta name=\"twitter:title\" content=\"Syst\u00e8mes verre et acier de RP Technik\" \/>\n<meta name=\"twitter:description\" content=\"RP Technik est sp\u00e9cialis\u00e9 dans les syst\u00e8mes verre et acier hors du commun et hautement fonctionnels pour fen\u00eatres, portes, cloisons, fa\u00e7ades et verri\u00e8res de toit. Des r\u00e9f\u00e9rences internationales refl\u00e8tent les nombreuses possibilit\u00e9s de conception.\" \/>\n<meta name=\"twitter:image\" content=\"https:\/\/www.rp-technik.com\/wp-content\/uploads\/2020\/10\/Startseite-RP-Technik.png\" \/>\n<script type=\"application\/ld+json\" class=\"yoast-schema-graph\">{\"@context\":\"https:\/\/schema.org\",\"@graph\":[{\"@type\":\"WebPage\",\"@id\":\"https:\/\/www.rp-technik.com\/fr\/startseite\/\",\"url\":\"https:\/\/www.rp-technik.com\/fr\/startseite\/\",\"name\":\"Syst\u00e8mes verre et acier de RP Technik\",\"isPartOf\":{\"@id\":\"\/#website\"},\"datePublished\":\"2020-07-15T08:50:37+00:00\",\"dateModified\":\"2025-12-16T10:09:13+00:00\",\"description\":\"RP Technik est sp\u00e9cialis\u00e9 dans les syst\u00e8mes verre et acier hors du commun et hautement fonctionnels pour fen\u00eatres, portes, cloisons, fa\u00e7ades et verri\u00e8res de toit.\",\"inLanguage\":\"fr-FR\",\"potentialAction\":[{\"@type\":\"ReadAction\",\"target\":[\"https:\/\/www.rp-technik.com\/fr\/startseite\/\"]}]},{\"@type\":\"WebSite\",\"@id\":\"\/#website\",\"url\":\"\/\",\"name\":\"RP Technik\",\"description\":\"Hersteller von Stahlsystemen f\u00fcr Fenster, T\u00fcren und Fassaden, Profilsysteme, Stahl-Glas-Elemente, Brandschutzt\u00fcren aus Stahl\",\"potentialAction\":[{\"@type\":\"SearchAction\",\"target\":{\"@type\":\"EntryPoint\",\"urlTemplate\":\"\/?s={search_term_string}\"},\"query-input\":{\"@type\":\"PropertyValueSpecification\",\"valueRequired\":true,\"valueName\":\"search_term_string\"}}],\"inLanguage\":\"fr-FR\"}]}<\/script>\n<!-- \/ Yoast SEO plugin. -->","yoast_head_json":{"title":"Syst\u00e8mes verre et acier de RP Technik","description":"RP Technik est sp\u00e9cialis\u00e9 dans les syst\u00e8mes verre et acier hors du commun et hautement fonctionnels pour fen\u00eatres, portes, cloisons, fa\u00e7ades et verri\u00e8res de toit.","canonical":"https:\/\/www.rp-technik.com\/fr\/startseite\/","og_locale":"fr_FR","og_type":"article","og_title":"Syst\u00e8mes verre et acier de RP Technik","og_description":"RP Technik est sp\u00e9cialis\u00e9 dans les syst\u00e8mes verre et acier hors du commun et hautement fonctionnels pour fen\u00eatres, portes, cloisons, fa\u00e7ades et verri\u00e8res de toit. Des r\u00e9f\u00e9rences internationales refl\u00e8tent les nombreuses possibilit\u00e9s de conception.","og_url":"https:\/\/www.rp-technik.com\/fr\/startseite\/","og_site_name":"RP Technik","article_modified_time":"2025-12-16T10:09:13+00:00","og_image":[{"width":1695,"height":807,"url":"https:\/\/www.rp-technik.com\/wp-content\/uploads\/2020\/10\/Startseite-RP-Technik.png","type":"image\/png"}],"twitter_card":"summary_large_image","twitter_title":"Syst\u00e8mes verre et acier de RP Technik","twitter_description":"RP Technik est sp\u00e9cialis\u00e9 dans les syst\u00e8mes verre et acier hors du commun et hautement fonctionnels pour fen\u00eatres, portes, cloisons, fa\u00e7ades et verri\u00e8res de toit. Des r\u00e9f\u00e9rences internationales refl\u00e8tent les nombreuses possibilit\u00e9s de conception.","twitter_image":"https:\/\/www.rp-technik.com\/wp-content\/uploads\/2020\/10\/Startseite-RP-Technik.png","schema":{"@context":"https:\/\/schema.org","@graph":[{"@type":"WebPage","@id":"https:\/\/www.rp-technik.com\/fr\/startseite\/","url":"https:\/\/www.rp-technik.com\/fr\/startseite\/","name":"Syst\u00e8mes verre et acier de RP Technik","isPartOf":{"@id":"\/#website"},"datePublished":"2020-07-15T08:50:37+00:00","dateModified":"2025-12-16T10:09:13+00:00","description":"RP Technik est sp\u00e9cialis\u00e9 dans les syst\u00e8mes verre et acier hors du commun et hautement fonctionnels pour fen\u00eatres, portes, cloisons, fa\u00e7ades et verri\u00e8res de toit.","inLanguage":"fr-FR","potentialAction":[{"@type":"ReadAction","target":["https:\/\/www.rp-technik.com\/fr\/startseite\/"]}]},{"@type":"WebSite","@id":"\/#website","url":"\/","name":"RP Technik","description":"Hersteller von Stahlsystemen f\u00fcr Fenster, T\u00fcren und Fassaden, Profilsysteme, Stahl-Glas-Elemente, Brandschutzt\u00fcren aus Stahl","potentialAction":[{"@type":"SearchAction","target":{"@type":"EntryPoint","urlTemplate":"\/?s={search_term_string}"},"query-input":{"@type":"PropertyValueSpecification","valueRequired":true,"valueName":"search_term_string"}}],"inLanguage":"fr-FR"}]}},"_links":{"self":[{"href":"https:\/\/www.rp-technik.com\/fr\/wp-json\/wp\/v2\/pages\/9883","targetHints":{"allow":["GET"]}}],"collection":[{"href":"https:\/\/www.rp-technik.com\/fr\/wp-json\/wp\/v2\/pages"}],"about":[{"href":"https:\/\/www.rp-technik.com\/fr\/wp-json\/wp\/v2\/types\/page"}],"author":[{"embeddable":true,"href":"https:\/\/www.rp-technik.com\/fr\/wp-json\/wp\/v2\/users\/40"}],"replies":[{"embeddable":true,"href":"https:\/\/www.rp-technik.com\/fr\/wp-json\/wp\/v2\/comments?post=9883"}],"version-history":[{"count":91,"href":"https:\/\/www.rp-technik.com\/fr\/wp-json\/wp\/v2\/pages\/9883\/revisions"}],"predecessor-version":[{"id":24295,"href":"https:\/\/www.rp-technik.com\/fr\/wp-json\/wp\/v2\/pages\/9883\/revisions\/24295"}],"wp:attachment":[{"href":"https:\/\/www.rp-technik.com\/fr\/wp-json\/wp\/v2\/media?parent=9883"}],"curies":[{"name":"wp","href":"https:\/\/api.w.org\/{rel}","templated":true}]}}