{"id":10009,"date":"2020-08-06T11:19:36","date_gmt":"2020-08-06T11:19:36","guid":{"rendered":"https:\/\/rptechnik.neuim.net\/reference\/eiffel-gebaeude-maastricht-nl\/"},"modified":"2022-05-12T11:57:14","modified_gmt":"2022-05-12T10:57:14","slug":"eiffel-gebaeude-maastricht-nl","status":"publish","type":"reference","link":"https:\/\/www.rp-technik.com\/fr\/reference\/eiffel-gebaeude-maastricht-nl\/","title":{"rendered":"B\u00e2timent Eiffel, Maastricht\/Pays-Bas"},"content":{"rendered":"","protected":false},"author":40,"featured_media":10011,"template":"","anwendungen":[186],"stahlsysteme":[192],"bereich":[222],"objektart":[224,227,226],"class_list":["post-10009","reference","type-reference","status-publish","has-post-thumbnail","hentry","anwendungen-fenetres","stahlsysteme-rp-fineline-fr","bereich-renovation","objektart-batiment-administratif-commercial","objektart-culture-et-loisirs","objektart-habitation"],"acf":[],"yoast_head":"<!-- This site is optimized with the Yoast SEO plugin v26.8 - https:\/\/yoast.com\/product\/yoast-seo-wordpress\/ -->\n<title>Syst\u00e8me de fen\u00eatres acier pour le b\u00e2timent Eiffel, Maastricht<\/title>\n<meta name=\"description\" content=\"Les solutions RP Technik de fen\u00eatres \u00e0 profil\u00e9s design \u00e9troits allient pass\u00e9 et avenir et remplissent les exigences de protection des b\u00e2timents historiques.\" \/>\n<link rel=\"canonical\" href=\"https:\/\/www.rp-technik.com\/fr\/reference\/eiffel-gebaeude-maastricht-nl\/\" \/>\n<meta property=\"og:locale\" content=\"fr_FR\" \/>\n<meta property=\"og:type\" content=\"article\" \/>\n<meta property=\"og:title\" content=\"Syst\u00e8me de fen\u00eatres acier pour b\u00e2timent class\u00e9 de Maastricht\" \/>\n<meta property=\"og:description\" content=\"L\u2019ancien complexe industriel est aujourd\u2019hui un lieu de rencontre. Le syst\u00e8me de fen\u00eatres acier \u00e0 profil\u00e9s design \u00e9troits de RP Technik allie le pass\u00e9 et l\u2019avenir et remplit les exigences de protection des b\u00e2timents historiques.\" \/>\n<meta property=\"og:url\" content=\"https:\/\/www.rp-technik.com\/fr\/reference\/eiffel-gebaeude-maastricht-nl\/\" \/>\n<meta property=\"og:site_name\" content=\"RP Technik\" \/>\n<meta property=\"article:modified_time\" content=\"2022-05-12T10:57:14+00:00\" \/>\n<meta property=\"og:image\" content=\"https:\/\/www.rp-technik.com\/wp-content\/uploads\/2020\/08\/eiffel-masstricht-design-stahl-fenstersystem-rp-fineline-70W-fassade_vorschau.jpg\" \/>\n\t<meta property=\"og:image:width\" content=\"800\" \/>\n\t<meta property=\"og:image:height\" content=\"1066\" \/>\n\t<meta property=\"og:image:type\" content=\"image\/jpeg\" \/>\n<meta name=\"twitter:card\" content=\"summary_large_image\" \/>\n<meta name=\"twitter:title\" content=\"Syst\u00e8me de fen\u00eatres acier pour b\u00e2timent class\u00e9 de Maastricht\" \/>\n<meta name=\"twitter:description\" content=\"L\u2019ancien complexe industriel est aujourd\u2019hui un lieu de rencontre. Le syst\u00e8me de fen\u00eatres acier \u00e0 profil\u00e9s design \u00e9troits de RP Technik allie le pass\u00e9 et l\u2019avenir et remplit les exigences de protection des b\u00e2timents historiques.\" \/>\n<script type=\"application\/ld+json\" class=\"yoast-schema-graph\">{\"@context\":\"https:\/\/schema.org\",\"@graph\":[{\"@type\":\"WebPage\",\"@id\":\"https:\/\/www.rp-technik.com\/fr\/reference\/eiffel-gebaeude-maastricht-nl\/\",\"url\":\"https:\/\/www.rp-technik.com\/fr\/reference\/eiffel-gebaeude-maastricht-nl\/\",\"name\":\"Syst\u00e8me de fen\u00eatres acier pour le b\u00e2timent Eiffel, Maastricht\",\"isPartOf\":{\"@id\":\"\/#website\"},\"primaryImageOfPage\":{\"@id\":\"https:\/\/www.rp-technik.com\/fr\/reference\/eiffel-gebaeude-maastricht-nl\/#primaryimage\"},\"image\":{\"@id\":\"https:\/\/www.rp-technik.com\/fr\/reference\/eiffel-gebaeude-maastricht-nl\/#primaryimage\"},\"thumbnailUrl\":\"https:\/\/www.rp-technik.com\/wp-content\/uploads\/2020\/08\/eiffel-masstricht-design-stahl-fenstersystem-rp-fineline-70W-fassade_vorschau.jpg\",\"datePublished\":\"2020-08-06T11:19:36+00:00\",\"dateModified\":\"2022-05-12T10:57:14+00:00\",\"description\":\"Les solutions RP Technik de fen\u00eatres \u00e0 profil\u00e9s design \u00e9troits allient pass\u00e9 et avenir et remplissent les exigences de protection des b\u00e2timents historiques.\",\"inLanguage\":\"fr-FR\",\"potentialAction\":[{\"@type\":\"ReadAction\",\"target\":[\"https:\/\/www.rp-technik.com\/fr\/reference\/eiffel-gebaeude-maastricht-nl\/\"]}]},{\"@type\":\"ImageObject\",\"inLanguage\":\"fr-FR\",\"@id\":\"https:\/\/www.rp-technik.com\/fr\/reference\/eiffel-gebaeude-maastricht-nl\/#primaryimage\",\"url\":\"https:\/\/www.rp-technik.com\/wp-content\/uploads\/2020\/08\/eiffel-masstricht-design-stahl-fenstersystem-rp-fineline-70W-fassade_vorschau.jpg\",\"contentUrl\":\"https:\/\/www.rp-technik.com\/wp-content\/uploads\/2020\/08\/eiffel-masstricht-design-stahl-fenstersystem-rp-fineline-70W-fassade_vorschau.jpg\",\"width\":800,\"height\":1066},{\"@type\":\"WebSite\",\"@id\":\"\/#website\",\"url\":\"\/\",\"name\":\"RP Technik\",\"description\":\"Hersteller von Stahlsystemen f\u00fcr Fenster, T\u00fcren und Fassaden, Profilsysteme, Stahl-Glas-Elemente, Brandschutzt\u00fcren aus Stahl\",\"potentialAction\":[{\"@type\":\"SearchAction\",\"target\":{\"@type\":\"EntryPoint\",\"urlTemplate\":\"\/?s={search_term_string}\"},\"query-input\":{\"@type\":\"PropertyValueSpecification\",\"valueRequired\":true,\"valueName\":\"search_term_string\"}}],\"inLanguage\":\"fr-FR\"}]}<\/script>\n<!-- \/ Yoast SEO plugin. -->","yoast_head_json":{"title":"Syst\u00e8me de fen\u00eatres acier pour le b\u00e2timent Eiffel, Maastricht","description":"Les solutions RP Technik de fen\u00eatres \u00e0 profil\u00e9s design \u00e9troits allient pass\u00e9 et avenir et remplissent les exigences de protection des b\u00e2timents historiques.","canonical":"https:\/\/www.rp-technik.com\/fr\/reference\/eiffel-gebaeude-maastricht-nl\/","og_locale":"fr_FR","og_type":"article","og_title":"Syst\u00e8me de fen\u00eatres acier pour b\u00e2timent class\u00e9 de Maastricht","og_description":"L\u2019ancien complexe industriel est aujourd\u2019hui un lieu de rencontre. Le syst\u00e8me de fen\u00eatres acier \u00e0 profil\u00e9s design \u00e9troits de RP Technik allie le pass\u00e9 et l\u2019avenir et remplit les exigences de protection des b\u00e2timents historiques.","og_url":"https:\/\/www.rp-technik.com\/fr\/reference\/eiffel-gebaeude-maastricht-nl\/","og_site_name":"RP Technik","article_modified_time":"2022-05-12T10:57:14+00:00","og_image":[{"width":800,"height":1066,"url":"https:\/\/www.rp-technik.com\/wp-content\/uploads\/2020\/08\/eiffel-masstricht-design-stahl-fenstersystem-rp-fineline-70W-fassade_vorschau.jpg","type":"image\/jpeg"}],"twitter_card":"summary_large_image","twitter_title":"Syst\u00e8me de fen\u00eatres acier pour b\u00e2timent class\u00e9 de Maastricht","twitter_description":"L\u2019ancien complexe industriel est aujourd\u2019hui un lieu de rencontre. Le syst\u00e8me de fen\u00eatres acier \u00e0 profil\u00e9s design \u00e9troits de RP Technik allie le pass\u00e9 et l\u2019avenir et remplit les exigences de protection des b\u00e2timents historiques.","schema":{"@context":"https:\/\/schema.org","@graph":[{"@type":"WebPage","@id":"https:\/\/www.rp-technik.com\/fr\/reference\/eiffel-gebaeude-maastricht-nl\/","url":"https:\/\/www.rp-technik.com\/fr\/reference\/eiffel-gebaeude-maastricht-nl\/","name":"Syst\u00e8me de fen\u00eatres acier pour le b\u00e2timent Eiffel, Maastricht","isPartOf":{"@id":"\/#website"},"primaryImageOfPage":{"@id":"https:\/\/www.rp-technik.com\/fr\/reference\/eiffel-gebaeude-maastricht-nl\/#primaryimage"},"image":{"@id":"https:\/\/www.rp-technik.com\/fr\/reference\/eiffel-gebaeude-maastricht-nl\/#primaryimage"},"thumbnailUrl":"https:\/\/www.rp-technik.com\/wp-content\/uploads\/2020\/08\/eiffel-masstricht-design-stahl-fenstersystem-rp-fineline-70W-fassade_vorschau.jpg","datePublished":"2020-08-06T11:19:36+00:00","dateModified":"2022-05-12T10:57:14+00:00","description":"Les solutions RP Technik de fen\u00eatres \u00e0 profil\u00e9s design \u00e9troits allient pass\u00e9 et avenir et remplissent les exigences de protection des b\u00e2timents historiques.","inLanguage":"fr-FR","potentialAction":[{"@type":"ReadAction","target":["https:\/\/www.rp-technik.com\/fr\/reference\/eiffel-gebaeude-maastricht-nl\/"]}]},{"@type":"ImageObject","inLanguage":"fr-FR","@id":"https:\/\/www.rp-technik.com\/fr\/reference\/eiffel-gebaeude-maastricht-nl\/#primaryimage","url":"https:\/\/www.rp-technik.com\/wp-content\/uploads\/2020\/08\/eiffel-masstricht-design-stahl-fenstersystem-rp-fineline-70W-fassade_vorschau.jpg","contentUrl":"https:\/\/www.rp-technik.com\/wp-content\/uploads\/2020\/08\/eiffel-masstricht-design-stahl-fenstersystem-rp-fineline-70W-fassade_vorschau.jpg","width":800,"height":1066},{"@type":"WebSite","@id":"\/#website","url":"\/","name":"RP Technik","description":"Hersteller von Stahlsystemen f\u00fcr Fenster, T\u00fcren und Fassaden, Profilsysteme, Stahl-Glas-Elemente, Brandschutzt\u00fcren aus Stahl","potentialAction":[{"@type":"SearchAction","target":{"@type":"EntryPoint","urlTemplate":"\/?s={search_term_string}"},"query-input":{"@type":"PropertyValueSpecification","valueRequired":true,"valueName":"search_term_string"}}],"inLanguage":"fr-FR"}]}},"_links":{"self":[{"href":"https:\/\/www.rp-technik.com\/fr\/wp-json\/wp\/v2\/reference\/10009","targetHints":{"allow":["GET"]}}],"collection":[{"href":"https:\/\/www.rp-technik.com\/fr\/wp-json\/wp\/v2\/reference"}],"about":[{"href":"https:\/\/www.rp-technik.com\/fr\/wp-json\/wp\/v2\/types\/reference"}],"author":[{"embeddable":true,"href":"https:\/\/www.rp-technik.com\/fr\/wp-json\/wp\/v2\/users\/40"}],"wp:featuredmedia":[{"embeddable":true,"href":"https:\/\/www.rp-technik.com\/fr\/wp-json\/wp\/v2\/media\/10011"}],"wp:attachment":[{"href":"https:\/\/www.rp-technik.com\/fr\/wp-json\/wp\/v2\/media?parent=10009"}],"wp:term":[{"taxonomy":"anwendungen","embeddable":true,"href":"https:\/\/www.rp-technik.com\/fr\/wp-json\/wp\/v2\/anwendungen?post=10009"},{"taxonomy":"stahlsysteme","embeddable":true,"href":"https:\/\/www.rp-technik.com\/fr\/wp-json\/wp\/v2\/stahlsysteme?post=10009"},{"taxonomy":"bereich","embeddable":true,"href":"https:\/\/www.rp-technik.com\/fr\/wp-json\/wp\/v2\/bereich?post=10009"},{"taxonomy":"objektart","embeddable":true,"href":"https:\/\/www.rp-technik.com\/fr\/wp-json\/wp\/v2\/objektart?post=10009"}],"curies":[{"name":"wp","href":"https:\/\/api.w.org\/{rel}","templated":true}]}}